{"id":2280,"date":"2018-12-27T05:04:37","date_gmt":"2018-12-27T05:04:37","guid":{"rendered":"http:\/\/localhost\/projects\/wp\/exhibz\/?page_id=10"},"modified":"2025-10-29T11:58:39","modified_gmt":"2025-10-29T11:58:39","slug":"home-1","status":"publish","type":"page","link":"https:\/\/u-auben.com\/colloques\/","title":{"rendered":"Accueil"},"content":{"rendered":"\t\t<div data-elementor-type=\"wp-post\" data-elementor-id=\"2280\" class=\"elementor elementor-2280\" data-elementor-post-type=\"page\">\n\t\t\t\t\t\t<section data-ekitparallax=\"{&quot;ekit_section_parallax_multi&quot;:&quot;yes&quot;,&quot;ekit_section_parallax_multi_items&quot;:[{&quot;parallax_style&quot;:&quot;mousemove&quot;,&quot;image&quot;:{&quot;url&quot;:&quot;http:\\\/\\\/demo-themewinter.com\\\/exhibz\\\/wp-content\\\/uploads\\\/2018\\\/12\\\/banner_slices.png&quot;,&quot;id&quot;:66,&quot;size&quot;:&quot;&quot;},&quot;animation_iteration_count&quot;:&quot;unset&quot;,&quot;parallax_speed&quot;:&quot;100&quot;,&quot;zindex&quot;:0,&quot;_id&quot;:&quot;cbe8986&quot;,&quot;shape&quot;:&quot;angle&quot;,&quot;width_type&quot;:&quot;&quot;,&quot;parallax_transform&quot;:&quot;translateY&quot;,&quot;parallax_transform_value&quot;:&quot;250&quot;,&quot;smoothness&quot;:&quot;700&quot;,&quot;offsettop&quot;:&quot;0&quot;,&quot;offsetbottom&quot;:&quot;0&quot;,&quot;maxtilt&quot;:&quot;20&quot;,&quot;scale&quot;:&quot;1&quot;,&quot;disableaxis&quot;:&quot;&quot;}]}\" data-particle_enable=\"false\" data-particle-mobile-disabled=\"false\" class=\"elementor-section elementor-top-section elementor-element elementor-element-74b4374 elementor-section-boxed elementor-section-height-default elementor-section-height-default\" data-id=\"74b4374\" data-element_type=\"section\" data-settings=\"{&quot;background_background&quot;:&quot;classic&quot;,&quot;ekit_section_parallax_multi&quot;:&quot;yes&quot;,&quot;ekit_has_onepagescroll_dot&quot;:&quot;yes&quot;}\">\n\t\t\t\t\t\t\t<div class=\"elementor-background-overlay\"><\/div>\n\t\t\t\t\t\t\t<div class=\"elementor-container elementor-column-gap-default\">\n\t\t\t\t\t<div class=\"elementor-column elementor-col-66 elementor-top-column elementor-element elementor-element-d8ef783\" data-id=\"d8ef783\" data-element_type=\"column\">\n\t\t\t<div class=\"elementor-widget-wrap elementor-element-populated\">\n\t\t\t\t\t\t<div class=\"elementor-element elementor-element-b605151 elementor-widget__width-initial elementor-widget elementor-widget-elementskit-fancy-animated-text\" data-id=\"b605151\" data-element_type=\"widget\" data-settings=\"{&quot;ekit_we_effect_on&quot;:&quot;none&quot;}\" data-widget_type=\"elementskit-fancy-animated-text.default\">\n\t\t\t\t<div class=\"elementor-widget-container\">\n\t\t\t\t\t<div class=\"ekit-wid-con\" >            <h1 class=\"ekit-fancy-text color-effect\" data-id=\"b605151\" data-animation-settings=\"{&quot;animationStyle&quot;:&quot;animated&quot;,&quot;animationDelay&quot;:2519,&quot;loadingBar&quot;:3800,&quot;lettersDelay&quot;:50,&quot;typeLettersDelay&quot;:150,&quot;duration&quot;:500,&quot;revealDuration&quot;:600,&quot;revealAnimationDelay&quot;:1500}\">\n                <a href=\"https:\/\/forms.gle\/PpxKj9ngW2tqfhRm8\" target=\"_blank\">                <span class=\"ekit-fancy-text-lists\">\n                                        <b class=\"ekit-fancy-text elementor-repeater-item-a2306ab is-visible\">Formulaire d&#039;inscription<\/b>\n                                    <\/span>\n            <\/a>            <\/h1>\n        <\/div>\t\t\t\t<\/div>\n\t\t\t\t<\/div>\n\t\t\t\t<div class=\"elementor-element elementor-element-fd29017 elementor-widget elementor-widget-image\" data-id=\"fd29017\" data-element_type=\"widget\" data-settings=\"{&quot;ekit_we_effect_on&quot;:&quot;none&quot;}\" data-widget_type=\"image.default\">\n\t\t\t\t<div class=\"elementor-widget-container\">\n\t\t\t\t\t\t\t\t\t\t\t\t\t\t\t<img fetchpriority=\"high\" decoding=\"async\" width=\"1344\" height=\"768\" src=\"https:\/\/u-auben.com\/colloques\/wp-content\/uploads\/2025\/10\/Projet-Convertir-en-JPG.jpeg\" class=\"attachment-full size-full wp-image-2849\" alt=\"\" srcset=\"https:\/\/u-auben.com\/colloques\/wp-content\/uploads\/2025\/10\/Projet-Convertir-en-JPG.jpeg 1344w, https:\/\/u-auben.com\/colloques\/wp-content\/uploads\/2025\/10\/Projet-Convertir-en-JPG-300x171.jpeg 300w, https:\/\/u-auben.com\/colloques\/wp-content\/uploads\/2025\/10\/Projet-Convertir-en-JPG-1024x585.jpeg 1024w, https:\/\/u-auben.com\/colloques\/wp-content\/uploads\/2025\/10\/Projet-Convertir-en-JPG-768x439.jpeg 768w\" sizes=\"(max-width: 1344px) 100vw, 1344px\" \/>\t\t\t\t\t\t\t\t\t\t\t\t\t\t\t<\/div>\n\t\t\t\t<\/div>\n\t\t\t\t<div class=\"elementor-element elementor-element-b344439 elementor-widget__width-initial elementor-invisible elementor-widget elementor-widget-exhibz-countdown\" data-id=\"b344439\" data-element_type=\"widget\" data-settings=\"{&quot;_animation&quot;:&quot;fadeInUp&quot;,&quot;_animation_delay&quot;:400,&quot;ekit_we_effect_on&quot;:&quot;none&quot;}\" data-widget_type=\"exhibz-countdown.default\">\n\t\t\t\t<div class=\"elementor-widget-container\">\n\t\t\t\t\t    \n     <div data-start-date=\"29 Oct 2025 08:00:00\" class=\"countdown etn-countdown-wrap fadeInUp\" data-wow-duration=\"1.5s\" data-wow-delay=\"800ms\">\n        <div class=\"counter-item\">\n            <i aria-hidden=\"true\" class=\"icon icon-ring1Asset1\"><\/i>\n            <span class=\"day-count days countdown-number\">00<\/span>\n            <div class=\"smalltext\">Days<\/div>\n        <\/div>\n        <div class=\"counter-item\">\n            <i aria-hidden=\"true\" class=\"icon icon-ring2Asset1\"><\/i>\n            <span class=\"hr-count hours countdown-number\">00<\/span>\n            <div class=\"smalltext\">Hours<\/div>\n        <\/div>\n        <div class=\"counter-item\">\n            <i aria-hidden=\"true\" class=\"icon icon-ring3Asset2\"><\/i>\n            <span class=\"min-count minutes countdown-number\">00<\/span>\n            <div class=\"smalltext\">Minutes<\/div>\n        <\/div>\n        <div class=\"counter-item\">\n            <i aria-hidden=\"true\" class=\"icon icon-ring4Asset3\"><\/i>\n            <span class=\"sec-count seconds countdown-number\">00<\/span>\n            <div class=\"smalltext\">Seconds<\/div>\n        <\/div>\n    <\/div>\n      \n\n    \t\t\t\t<\/div>\n\t\t\t\t<\/div>\n\t\t\t\t<div class=\"elementor-element elementor-element-840e79c elementor-align-left elementor-widget elementor-widget-button\" data-id=\"840e79c\" data-element_type=\"widget\" data-settings=\"{&quot;ekit_we_effect_on&quot;:&quot;none&quot;}\" data-widget_type=\"button.default\">\n\t\t\t\t<div class=\"elementor-widget-container\">\n\t\t\t\t\t\t\t\t\t<div class=\"elementor-button-wrapper\">\n\t\t\t\t\t<a class=\"elementor-button elementor-button-link elementor-size-md\" href=\"https:\/\/u-auben.com\/colloques\/submit-form\/\">\n\t\t\t\t\t\t<span class=\"elementor-button-content-wrapper\">\n\t\t\t\t\t\t\t\t\t<span class=\"elementor-button-text\">Soumettez votre communication<\/span>\n\t\t\t\t\t<\/span>\n\t\t\t\t\t<\/a>\n\t\t\t\t<\/div>\n\t\t\t\t\t\t\t\t<\/div>\n\t\t\t\t<\/div>\n\t\t\t\t\t<\/div>\n\t\t<\/div>\n\t\t\t\t<div class=\"elementor-column elementor-col-33 elementor-top-column elementor-element elementor-element-e574d29\" data-id=\"e574d29\" data-element_type=\"column\">\n\t\t\t<div class=\"elementor-widget-wrap elementor-element-populated\">\n\t\t\t\t\t\t<div class=\"elementor-element elementor-element-2479418 elementor-hidden-tablet elementor-hidden-phone elementor-widget__width-initial elementor-widget elementor-widget-image\" data-id=\"2479418\" data-element_type=\"widget\" data-settings=\"{&quot;ekit_we_effect_on&quot;:&quot;none&quot;}\" data-widget_type=\"image.default\">\n\t\t\t\t<div class=\"elementor-widget-container\">\n\t\t\t\t\t\t\t\t\t\t\t\t\t\t\t<img decoding=\"async\" width=\"512\" height=\"512\" src=\"https:\/\/u-auben.com\/colloques\/wp-content\/uploads\/2025\/04\/cropped-africAI.webp\" class=\"attachment-large size-large wp-image-2324\" alt=\"\" srcset=\"https:\/\/u-auben.com\/colloques\/wp-content\/uploads\/2025\/04\/cropped-africAI.webp 512w, https:\/\/u-auben.com\/colloques\/wp-content\/uploads\/2025\/04\/cropped-africAI-300x300.webp 300w, https:\/\/u-auben.com\/colloques\/wp-content\/uploads\/2025\/04\/cropped-africAI-150x150.webp 150w, https:\/\/u-auben.com\/colloques\/wp-content\/uploads\/2025\/04\/cropped-africAI-270x270.webp 270w, https:\/\/u-auben.com\/colloques\/wp-content\/uploads\/2025\/04\/cropped-africAI-192x192.webp 192w, https:\/\/u-auben.com\/colloques\/wp-content\/uploads\/2025\/04\/cropped-africAI-180x180.webp 180w, https:\/\/u-auben.com\/colloques\/wp-content\/uploads\/2025\/04\/cropped-africAI-32x32.webp 32w\" sizes=\"(max-width: 512px) 100vw, 512px\" \/>\t\t\t\t\t\t\t\t\t\t\t\t\t\t\t<\/div>\n\t\t\t\t<\/div>\n\t\t\t\t\t<\/div>\n\t\t<\/div>\n\t\t\t\t\t<\/div>\n\t\t<\/section>\n\t\t\t\t<section data-particle_enable=\"false\" data-particle-mobile-disabled=\"false\" class=\"elementor-section elementor-top-section elementor-element elementor-element-cd2b7bf elementor-section-boxed elementor-section-height-default elementor-section-height-default\" data-id=\"cd2b7bf\" data-element_type=\"section\" data-settings=\"{&quot;background_background&quot;:&quot;classic&quot;,&quot;ekit_has_onepagescroll_dot&quot;:&quot;yes&quot;}\">\n\t\t\t\t\t\t<div class=\"elementor-container elementor-column-gap-default\">\n\t\t\t\t\t<div class=\"elementor-column elementor-col-100 elementor-top-column elementor-element elementor-element-a120daa\" data-id=\"a120daa\" data-element_type=\"column\">\n\t\t\t<div class=\"elementor-widget-wrap elementor-element-populated\">\n\t\t\t\t\t\t<div class=\"elementor-element elementor-element-a0c8512 elementor-widget elementor-widget-exhibz-schedule\" data-id=\"a0c8512\" data-element_type=\"widget\" data-settings=\"{&quot;ekit_we_effect_on&quot;:&quot;none&quot;}\" data-widget_type=\"exhibz-schedule.default\">\n\t\t\t\t<div class=\"elementor-widget-container\">\n\t\t\t\t\t<section class=\"ts-schedule\">\n    <div class=\"container\">\n        <div class=\"row\">\n            <div class=\"col-lg-6 align-self-center wow fadeInUp\" data-wow-duration=\"1.5s\" data-wow-delay=\"400ms\">\n                <div class=\"ts-schedule-content\">\n                    <h2 class=\"column-title\">\n                        <span>Programme du colloque<\/span>\n\t\t\t\t\t\tInformation sur les horaires des \u00e9v\u00e8nements                     <\/h2>\n                    <p>\n\t\t\t\t\t\t                    <\/p>\n                <\/div>\n            <\/div>\n            <!-- col end-->\n            <div class=\"col-lg-6 wow fadeInUp\" data-wow-duration=\"1.5s\" data-wow-delay=\"500ms\">\n                <div class=\"ts-schedule-info mb-70\">\n                    <ul class=\"nav nav-tabs\" role=\"tablist\">\n\t\t\t\t\t\t\t\t\t\t\t\t\t                                <li class=\"nav-item\" role=\"presentation\">\n                                    <a class=\"active\" title=\"29 Oct\"\n                                       href=\"#datea0c85121\" role=\"tab\"\n                                       data-toggle=\"tab\">\n                                        <h3>29 Oct<\/h3>\n\t\t\t\t\t\t\t\t\t\t                                            <span>Mercredi<\/span>\n\t\t\t\t\t\t\t\t\t\t                                    <\/a>\n                                <\/li>\n\t\t\t\t\t\t\t\t\t\t\t\t\t\t\t\t\t\t\t\t\t                                <li class=\"nav-item\" role=\"presentation\">\n                                    <a title=\"30 Oct\"\n                                       href=\"#datea0c85122\" role=\"tab\"\n                                       data-toggle=\"tab\">\n                                        <h3>30 Oct<\/h3>\n\t\t\t\t\t\t\t\t\t\t                                            <span>Jeudi<\/span>\n\t\t\t\t\t\t\t\t\t\t                                    <\/a>\n                                <\/li>\n\t\t\t\t\t\t\t\t\t\t\t\t\t\t\t\t\t\t\t\t\t                                <li class=\"nav-item\" role=\"presentation\">\n                                    <a title=\"31 Oct\"\n                                       href=\"#datea0c85123\" role=\"tab\"\n                                       data-toggle=\"tab\">\n                                        <h3>31 Oct<\/h3>\n\t\t\t\t\t\t\t\t\t\t                                            <span>Vendredi<\/span>\n\t\t\t\t\t\t\t\t\t\t                                    <\/a>\n                                <\/li>\n\t\t\t\t\t\t\t\t\t\t\t\t\t\t                    <\/ul>\n                    <!-- Tab panes -->\n                <\/div>\n            <\/div>\n            <!-- col end-->\n        <\/div>\n        <!-- row end-->\n        <div class=\"row\">\n            <div class=\"col-lg-12\">\n                <div class=\"tab-content schedule-tabs\">\n\t\t\t\t\t\t\t\t\t\t\t                            <div role=\"tabpanel\" class=\"tab-pane active\"\n                                 id=\"datea0c85121\">\n\t\t\t\t\t\t\t\t\t\t\t\t\t\t\t\t\t                                    <div class=\"schedule-listing\">\n                                        <div class=\"schedule-slot-time\">\n                                            <span> Jour 1: 8h-9h  :  <\/span>\n\n                                        <\/div>\n                                        <div class=\"schedule-slot-info\">\n\t\t\t\t\t\t\t\t\t\t\t                                            <div class=\"schedule-slot-info-content\">\n                                                <p class=\"schedule-speaker speaker-1\">\n\t\t\t\t\t\t\t\t\t\t\t\t\t\t\t\t\t\t\t\t\t\t\t\t\t\t\t\t\t\t\t\t\t\t\t\t\t\t\t\t                                                <\/p>\n\n                                                <h3 class=\"schedule-slot-title\">\n\t\t\t\t\t\t\t\t\t\t\t\t\tAccueil installation des Participants                                                    <!-- <strong>@ Fredric Martinsson<\/strong> -->\n                                                <\/h3>\n                                                <p>\n\t\t\t\t\t\t\t\t\t\t\t\t\t<ul>\r\n \t<li><strong>Accueil installation des Participants - <\/strong>Amphi R0<\/li>\r\n<\/ul>                                                <\/p>\n                                            <\/div>\n                                            <!--Info content end -->\n                                        <\/div>\n                                        <!-- Slot info end -->\n                                    <\/div>\n\t\t\t\t\t\t\t\t\t\t\t\t\t\t\t\t\t                                    <div class=\"schedule-listing\">\n                                        <div class=\"schedule-slot-time\">\n                                            <span> Jour 1: 9h-9h30  :  <\/span>\n\n                                        <\/div>\n                                        <div class=\"schedule-slot-info\">\n\t\t\t\t\t\t\t\t\t\t\t                                            <div class=\"schedule-slot-info-content\">\n                                                <p class=\"schedule-speaker speaker-1\">\n\t\t\t\t\t\t\t\t\t\t\t\t\t\t\t\t\t\t\t\t\t\t\t\t\t\t\t\t\t\t\t\t\t\t\t\t\t\t\t\t                                                <\/p>\n\n                                                <h3 class=\"schedule-slot-title\">\n\t\t\t\t\t\t\t\t\t\t\t\t\tC\u00e9r\u00e9monie d\u2019ouverture du colloque                                                    <!-- <strong>@ Fredric Martinsson<\/strong> -->\n                                                <\/h3>\n                                                <p>\n\t\t\t\t\t\t\t\t\t\t\t\t\t<ul>\r\n \t<li><strong>C\u00e9r\u00e9monie d\u2019ouverture du colloque - <\/strong><em>Amphi R0<\/em><\/li>\r\n<\/ul>                                                <\/p>\n                                            <\/div>\n                                            <!--Info content end -->\n                                        <\/div>\n                                        <!-- Slot info end -->\n                                    <\/div>\n\t\t\t\t\t\t\t\t\t\t\t\t\t\t\t\t\t                                    <div class=\"schedule-listing\">\n                                        <div class=\"schedule-slot-time\">\n                                            <span> Jour 1: 9h30-10h30  :  <\/span>\n\n                                        <\/div>\n                                        <div class=\"schedule-slot-info\">\n\t\t\t\t\t\t\t\t\t\t\t                                            <div class=\"schedule-slot-info-content\">\n                                                <p class=\"schedule-speaker speaker-1\">\n\t\t\t\t\t\t\t\t\t\t\t\t\t\t\t\t\t\t\t\t\t\t\t\t\t\t\t\t\t\t\t\t\t\t\t\t\t\t\t\t                                                <\/p>\n\n                                                <h3 class=\"schedule-slot-title\">\n\t\t\t\t\t\t\t\t\t\t\t\t\tPause s\u00e9ance photo et interviews                                                    <!-- <strong>@ Fredric Martinsson<\/strong> -->\n                                                <\/h3>\n                                                <p>\n\t\t\t\t\t\t\t\t\t\t\t\t\t<ul>\r\n \t<li><strong>Pause s\u00e9ance photo et interviews<\/strong><\/li>\r\n<\/ul>                                                <\/p>\n                                            <\/div>\n                                            <!--Info content end -->\n                                        <\/div>\n                                        <!-- Slot info end -->\n                                    <\/div>\n\t\t\t\t\t\t\t\t\t\t\t\t\t\t\t\t\t                                    <div class=\"schedule-listing\">\n                                        <div class=\"schedule-slot-time\">\n                                            <span> Jour 1: 10h30-11h  :  <\/span>\n\n                                        <\/div>\n                                        <div class=\"schedule-slot-info\">\n\t\t\t\t\t\t\t\t\t\t\t                                            <div class=\"schedule-slot-info-content\">\n                                                <p class=\"schedule-speaker speaker-1\">\n\t\t\t\t\t\t\t\t\t\t\t\t\t\t\t\t\t\t\t\t\t\t\t\t\t\t\t\t\t\t\t\t\t\t\t\t\t\t\t\t                                                <\/p>\n\n                                                <h3 class=\"schedule-slot-title\">\n\t\t\t\t\t\t\t\t\t\t\t\t\tPause-caf\u00e9                                                    <!-- <strong>@ Fredric Martinsson<\/strong> -->\n                                                <\/h3>\n                                                <p>\n\t\t\t\t\t\t\t\t\t\t\t\t\t<ul>\r\n \t<li><strong>Pause-caf\u00e9<\/strong><\/li>\r\n<\/ul>                                                <\/p>\n                                            <\/div>\n                                            <!--Info content end -->\n                                        <\/div>\n                                        <!-- Slot info end -->\n                                    <\/div>\n\t\t\t\t\t\t\t\t\t\t\t\t\t\t\t\t\t                                    <div class=\"schedule-listing\">\n                                        <div class=\"schedule-slot-time\">\n                                            <span> Jour 1: 11h-11h30  :  <\/span>\n\n                                        <\/div>\n                                        <div class=\"schedule-slot-info\">\n\t\t\t\t\t\t\t\t\t\t\t                                                <a target=\"_blank\"\n                                                   href=\"https:\/\/u-auben.com\/colloques\/speaker\/pr-adama-diaw\/\">\n\t\t\t\t\t\t\t\t\t\t\t\t\t<img decoding=\"async\" width=\"80\" height=\"80\" src=\"https:\/\/u-auben.com\/colloques\/wp-content\/uploads\/2025\/10\/Pr-Adama-DIAW-150x150.jpg\" class=\"schedule-slot-speakers\" alt=\"\" srcset=\"https:\/\/u-auben.com\/colloques\/wp-content\/uploads\/2025\/10\/Pr-Adama-DIAW-150x150.jpg 150w, https:\/\/u-auben.com\/colloques\/wp-content\/uploads\/2025\/10\/Pr-Adama-DIAW-298x300.jpg 298w, https:\/\/u-auben.com\/colloques\/wp-content\/uploads\/2025\/10\/Pr-Adama-DIAW.jpg 575w\" sizes=\"(max-width: 80px) 100vw, 80px\" \/>                                                <\/a>\n\t\t\t\t\t\t\t\t\t\t\t                                            <div class=\"schedule-slot-info-content\">\n                                                <p class=\"schedule-speaker speaker-1\">\n\t\t\t\t\t\t\t\t\t\t\t\t\t\t\t\t\t\t\t\t\t\t\t\t\t\t\tPr Adama DIAW\t\t\t\t\t\t\t\t\t\t\t\t\t                                                <\/p>\n\n                                                <h3 class=\"schedule-slot-title\">\n\t\t\t\t\t\t\t\t\t\t\t\t\tConf\u00e9rence inaugurale                                                    <!-- <strong>@ Fredric Martinsson<\/strong> -->\n                                                <\/h3>\n                                                <p>\n\t\t\t\t\t\t\t\t\t\t\t\t\t<strong>Conf\u00e9rence inaugurale :\u00a0<\/strong><em>\u00ab Intelligence Artificielle (IA) et D\u00e9veloppement en Afrique : enjeux, opportunit\u00e9s et menaces\u00bb - Amphi R0<\/em>\r\n<ul>\r\n \t<li><strong>Conf\u00e9rencier : Pr Adama DIAW, Universit\u00e9 Gaston Berger, S\u00e9n\u00e9gal<\/strong><\/li>\r\n \t<li><strong>Mod\u00e9rateur : Pr M. Idrissa OUEDRAOGO , Universit\u00e9 Aube Nouvelle, Burkina Faso<\/strong><\/li>\r\n \t<li><strong>Rapporteur : Finl\u00e9 BITIE, Universit\u00e9 Aube Nouvelle, Burkina Faso<\/strong><\/li>\r\n<\/ul>                                                <\/p>\n                                            <\/div>\n                                            <!--Info content end -->\n                                        <\/div>\n                                        <!-- Slot info end -->\n                                    <\/div>\n\t\t\t\t\t\t\t\t\t\t\t\t\t\t\t\t\t                                    <div class=\"schedule-listing\">\n                                        <div class=\"schedule-slot-time\">\n                                            <span> Jour 1: 11h30-13h45  :  <\/span>\n\n                                        <\/div>\n                                        <div class=\"schedule-slot-info\">\n\t\t\t\t\t\t\t\t\t\t\t                                            <div class=\"schedule-slot-info-content\">\n                                                <p class=\"schedule-speaker speaker-1\">\n\t\t\t\t\t\t\t\t\t\t\t\t\t\t\t\t\t\t\t\t\t\t\t\t\t\t\t\t\t\t\t\t\t\t\t\t\t\t\t\t                                                <\/p>\n\n                                                <h3 class=\"schedule-slot-title\">\n\t\t\t\t\t\t\t\t\t\t\t\t\tPause d\u00e9jeuner                                                    <!-- <strong>@ Fredric Martinsson<\/strong> -->\n                                                <\/h3>\n                                                <p>\n\t\t\t\t\t\t\t\t\t\t\t\t\t<ul>\r\n \t<li><strong>Pause d\u00e9jeuner<\/strong><\/li>\r\n<\/ul>                                                <\/p>\n                                            <\/div>\n                                            <!--Info content end -->\n                                        <\/div>\n                                        <!-- Slot info end -->\n                                    <\/div>\n\t\t\t\t\t\t\t\t\t\t\t\t\t\t\t\t\t                                    <div class=\"schedule-listing\">\n                                        <div class=\"schedule-slot-time\">\n                                            <span> Jour 1: 13h45-14h45  :  <\/span>\n\n                                        <\/div>\n                                        <div class=\"schedule-slot-info\">\n\t\t\t\t\t\t\t\t\t\t\t                                                <a target=\"_blank\"\n                                                   href=\"https:\/\/u-auben.com\/colloques\/speaker\/pr-moulay-akhloufi\/\">\n\t\t\t\t\t\t\t\t\t\t\t\t\t<img loading=\"lazy\" decoding=\"async\" width=\"80\" height=\"80\" src=\"https:\/\/u-auben.com\/colloques\/wp-content\/uploads\/2025\/10\/Pr-Moulay-AKHLOUFI-150x150.jpg\" class=\"schedule-slot-speakers\" alt=\"\" srcset=\"https:\/\/u-auben.com\/colloques\/wp-content\/uploads\/2025\/10\/Pr-Moulay-AKHLOUFI-150x150.jpg 150w, https:\/\/u-auben.com\/colloques\/wp-content\/uploads\/2025\/10\/Pr-Moulay-AKHLOUFI.jpg 224w\" sizes=\"(max-width: 80px) 100vw, 80px\" \/>                                                <\/a>\n\t\t\t\t\t\t\t\t\t\t\t                                            <div class=\"schedule-slot-info-content\">\n                                                <p class=\"schedule-speaker speaker-1\">\n\t\t\t\t\t\t\t\t\t\t\t\t\t\t\t\t\t\t\t\t\t\t\t\t\t\t\tPr Moulay AKHLOUFI\t\t\t\t\t\t\t\t\t\t\t\t\t                                                <\/p>\n\n                                                <h3 class=\"schedule-slot-title\">\n\t\t\t\t\t\t\t\t\t\t\t\t\tSession pl\u00e9ni\u00e8re 1 : Conf\u00e9rence                                                    <!-- <strong>@ Fredric Martinsson<\/strong> -->\n                                                <\/h3>\n                                                <p>\n\t\t\t\t\t\t\t\t\t\t\t\t\t<strong>Session pl\u00e9ni\u00e8re 1 : Conf\u00e9rence - <\/strong><em>Amphi R0<\/em>\r\n<ul>\r\n \t<li><strong>Th\u00e8me :\u00ab <\/strong><em>IA et l\u2019avenir de l\u2019enseignement sup\u00e9rieur et de la recherche \u00bb<\/em><strong>, <\/strong><\/li>\r\n \t<li><strong>Conf\u00e9rencier : Pr Moulay AKHLOUFI , Universit\u00e9 de Moncton, Canada<\/strong><\/li>\r\n \t<li><strong>Mod\u00e9rateur : Minist\u00e8re de l\u2019Enseignement Sup\u00e9rieur, de la Recherche et de l\u2019Innovation (MESRI),\u00a0Burkina Faso<\/strong><\/li>\r\n \t<li><strong>Rapporteur : Aboubakar OUEDRAOGO, Universit\u00e9 Aube Nouvelle, Burkina Faso<\/strong><\/li>\r\n<\/ul>                                                <\/p>\n                                            <\/div>\n                                            <!--Info content end -->\n                                        <\/div>\n                                        <!-- Slot info end -->\n                                    <\/div>\n\t\t\t\t\t\t\t\t\t\t\t\t\t\t\t\t\t                                    <div class=\"schedule-listing\">\n                                        <div class=\"schedule-slot-time\">\n                                            <span> Jour 1: 14h45-15h  :  <\/span>\n\n                                        <\/div>\n                                        <div class=\"schedule-slot-info\">\n\t\t\t\t\t\t\t\t\t\t\t                                            <div class=\"schedule-slot-info-content\">\n                                                <p class=\"schedule-speaker speaker-1\">\n\t\t\t\t\t\t\t\t\t\t\t\t\t\t\t\t\t\t\t\t\t\t\t\t\t\t\t\t\t\t\t\t\t\t\t\t\t\t\t\t                                                <\/p>\n\n                                                <h3 class=\"schedule-slot-title\">\n\t\t\t\t\t\t\t\t\t\t\t\t\tPause-caf\u00e9                                                    <!-- <strong>@ Fredric Martinsson<\/strong> -->\n                                                <\/h3>\n                                                <p>\n\t\t\t\t\t\t\t\t\t\t\t\t\t<ul>\r\n \t<li><strong>Pause-caf\u00e9<\/strong><\/li>\r\n<\/ul>                                                <\/p>\n                                            <\/div>\n                                            <!--Info content end -->\n                                        <\/div>\n                                        <!-- Slot info end -->\n                                    <\/div>\n\t\t\t\t\t\t\t\t\t\t\t\t\t\t\t\t\t                                    <div class=\"schedule-listing\">\n                                        <div class=\"schedule-slot-time\">\n                                            <span> Jour 1: 15h-16h30  :  <\/span>\n\n                                        <\/div>\n                                        <div class=\"schedule-slot-info\">\n\t\t\t\t\t\t\t\t\t\t\t                                            <div class=\"schedule-slot-info-content\">\n                                                <p class=\"schedule-speaker speaker-1\">\n\t\t\t\t\t\t\t\t\t\t\t\t\t\t\t\t\t\t\t\t\t\t\t\t\t\t\t\t\t\t\t\t\t\t\t\t\t\t\t\t                                                <\/p>\n\n                                                <h3 class=\"schedule-slot-title\">\n\t\t\t\t\t\t\t\t\t\t\t\t\tSessions parall\u00e8les 1                                                    <!-- <strong>@ Fredric Martinsson<\/strong> -->\n                                                <\/h3>\n                                                <p>\n\t\t\t\t\t\t\t\t\t\t\t\t\t<strong>Session parall\u00e8le 1 : Th\u00e8me Axe1, Axe3\u00a0 - <\/strong><em>Amphi R0<\/em>\r\n<ul>\r\n \t<li><strong>Communicateurs<\/strong> <strong>:<\/strong><\/li>\r\n<\/ul>\r\n<ol>\r\n \t<li><strong>Kouame Dido Edwige<\/strong>, <strong>Universit\u00e9 Aube nouvelle, Burkina Faso :<\/strong> <em>\u00ab<\/em><em>La th\u00e9orie du changement comme outil d\u2019enrichissement du cadre logique : analyse des pratiques en afrique \u00bb<\/em><\/li>\r\n \t<li><strong>Combelem Olivier et Biyambou Steven, Universit\u00e9 Aube nouvelle, Burkina Faso <\/strong>: <em>\u00ab <\/em><em>Impact de l\u2019intelligence artificielle sur l\u2019emploi et le march\u00e9 du travail en Afrique subsaharienne \u00bb<\/em><\/li>\r\n \t<li><strong>Assogbavi Kossi Ess\u00e8mou-Abal\u00e8 and Bindah Eric, Gunputh Rajendra Parsad, Edoh Koami Am\u00e9nyo<em>, <\/em>University of Mauritius, Mauritius :<\/strong> <em>\u00ab A conceptual framework of technological innovations, employees\u2019 employability development challenges, and career anchors \u00bb<\/em><\/li>\r\n<\/ol>\r\n<ul>\r\n \t<li><strong>Mod\u00e9rateur : <\/strong>\r\n<ul>\r\n \t<li><strong>Pr Yvon Pesqueux, CNAM, France<\/strong><\/li>\r\n \t<li><strong>Pr Fatou Diop, Universit\u00e9 Cheikh Anta Diop, S\u00e9n\u00e9gal<\/strong><\/li>\r\n<\/ul>\r\n<\/li>\r\n \t<li><strong>Rapporteur: M. Somda Fabien, Universit\u00e9 Aube Nouvelle, Burkina Faso<\/strong><\/li>\r\n<\/ul>                                                <\/p>\n                                            <\/div>\n                                            <!--Info content end -->\n                                        <\/div>\n                                        <!-- Slot info end -->\n                                    <\/div>\n\t\t\t\t\t\t\t\t\t\t\t\t\t\t\t\t\t                                    <div class=\"schedule-listing\">\n                                        <div class=\"schedule-slot-time\">\n                                            <span> Jour 1: 15h-16h30  :  <\/span>\n\n                                        <\/div>\n                                        <div class=\"schedule-slot-info\">\n\t\t\t\t\t\t\t\t\t\t\t                                            <div class=\"schedule-slot-info-content\">\n                                                <p class=\"schedule-speaker speaker-1\">\n\t\t\t\t\t\t\t\t\t\t\t\t\t\t\t\t\t\t\t\t\t\t\t\t\t\t\t\t\t\t\t\t\t\t\t\t\t\t\t\t                                                <\/p>\n\n                                                <h3 class=\"schedule-slot-title\">\n\t\t\t\t\t\t\t\t\t\t\t\t\tSessions parall\u00e8les 1                                                    <!-- <strong>@ Fredric Martinsson<\/strong> -->\n                                                <\/h3>\n                                                <p>\n\t\t\t\t\t\t\t\t\t\t\t\t\t<strong>Session parall\u00e8le 2 : Th\u00e8me Axe9, Axe11 - <\/strong><em>Amphi R1<\/em>\r\n<ul>\r\n \t<li><b><span lang=\"FR\">Communicateurs\u00a0:<\/span><\/b><\/li>\r\n<\/ul>\r\n<ol>\r\n \t<li style=\"list-style-type: none\">\r\n<ol start=\"4\">\r\n \t<li style=\"font-weight: 400\"><strong>Si\u00e9za Yabr\u00e9 Anselme, Universit\u00e9 Aube Nouvelle, Burkina Faso :\u00a0<\/strong><em>\u00ab\u00a0L\u2019IA, quel encadrement juridique pour l\u2019Afrique francophone ?\u00a0\u00bb\u00a0\u00a0en presentiel<\/em><\/li>\r\n \t<li style=\"font-weight: 400\"><strong>Assogba Lucien, Universit\u00e9 Aube Nouvelle, Burkina Faso :\u00a0<\/strong><em>\u00ab\u00a0La num\u00e9risation des clauses obscures des contrats commerciaux en\u00a0droit\u00a0\u00a0OHADA\u00a0\u00bb<\/em><\/li>\r\n \t<li style=\"font-weight: 400\"><strong>Gnoumou<\/strong><strong>\u00a0Sayave,\u00a0\u00a0Nazounki, France\u00a0:\u00a0\u00a0<em>\u00ab<\/em><\/strong><em>\u00a0<\/em><em>D\u00e9fis \u00e9thiques et pratiques de l\u2019intelligence m\u00e9dicale en Afrique\u00a0\u00bb<\/em><\/li>\r\n \t<li style=\"font-weight: 400\"><strong>Raymond Bimazubute, DHBW Stuttgart, Germany :\u00a0<\/strong>\u00a0<em>\u00ab\u00a0Bridging the Diagnostic Gap: Mobile AI for Malaria Detection in Resource-Limited Settings\u00bb<\/em><\/li>\r\n<\/ol>\r\n<\/li>\r\n<\/ol>\r\n<ul>\r\n \t<li><strong>Mod\u00e9rateurs :<\/strong>\r\n<ul>\r\n \t<li><strong>Pr Sabine-Patricia MOUNGOU MBENDA, Universit\u00e9 <\/strong><strong>de Yaound\u00e9 2, Cameroun<\/strong><\/li>\r\n \t<li><strong>Pr Ch\u00e9rif Sidy KANE, Universit\u00e9 Cheick Anta Diop, S\u00e9n\u00e9gal<\/strong><\/li>\r\n<\/ul>\r\n<\/li>\r\n<\/ul>\r\n<ul>\r\n \t<li><strong>Rapporteurs : <\/strong>\r\n<ul>\r\n \t<li><strong>Dr Philippe KAHOUN, Universit\u00e9 Aube Nouvelle, Burkina Faso<\/strong><\/li>\r\n \t<li><strong>M. Traor\u00e9 Charles, \u00a0Universit\u00e9 Aube Nouvelle, Burkina Faso<\/strong><\/li>\r\n<\/ul>\r\n<\/li>\r\n<\/ul>                                                <\/p>\n                                            <\/div>\n                                            <!--Info content end -->\n                                        <\/div>\n                                        <!-- Slot info end -->\n                                    <\/div>\n\t\t\t\t\t\t\t\t\t\t\t\t\t\t\t\t\t                                    <div class=\"schedule-listing\">\n                                        <div class=\"schedule-slot-time\">\n                                            <span> Jour 1: 15h-16h30  :  <\/span>\n\n                                        <\/div>\n                                        <div class=\"schedule-slot-info\">\n\t\t\t\t\t\t\t\t\t\t\t                                            <div class=\"schedule-slot-info-content\">\n                                                <p class=\"schedule-speaker speaker-1\">\n\t\t\t\t\t\t\t\t\t\t\t\t\t\t\t\t\t\t\t\t\t\t\t\t\t\t\t\t\t\t\t\t\t\t\t\t\t\t\t\t                                                <\/p>\n\n                                                <h3 class=\"schedule-slot-title\">\n\t\t\t\t\t\t\t\t\t\t\t\t\tSessions parall\u00e8les 1                                                    <!-- <strong>@ Fredric Martinsson<\/strong> -->\n                                                <\/h3>\n                                                <p>\n\t\t\t\t\t\t\t\t\t\t\t\t\t<p class=\"Default\"><b><span lang=\"FR\">Session parall\u00e8le 3\u00a0:\u00a0<\/span><\/b><b><span lang=\"FR\">\u00a0<\/span><\/b><b><span lang=\"FR\">Th\u00e8me\u00a0\u00a0Axe 8 -\u00a0<\/span><\/b><i><span lang=\"FR\">Salle\u00a0<\/span><\/i><i><span lang=\"FR\">\u00a005<\/span><\/i><\/p>\r\n\r\n<ul>\r\n \t<li style=\"font-weight: 400\"><strong>Communicateurs\u00a0:<\/strong><\/li>\r\n<\/ul>\r\n<ol start=\"8\">\r\n \t<li style=\"font-weight: 400\"><strong>Traor\u00e9 Yaya et Yao Soungalo, Ecole Doctorale Droit-Economie-Sciences Sociales-Lettres et Arts du Mali, Mali :\u00a0<\/strong><em>\u00ab\u00a0R\u00e9volution psychop\u00e9dagogique \u00e0 l'INFSS de Bamako : l'int\u00e9gration de l'intelligence artificielle pour une \u00e9valuation innovante et personnalis\u00e9e des connaissances des \u00e9tudiants du cycle de licence\u00a0\u00bb<\/em><\/li>\r\n \t<li style=\"font-weight: 400\"><strong>Sissoko Etienne Fakaba et Traor\u00e9 Soua\u00efbou Samba Lamine<\/strong><strong>, Universit\u00e9 des Sciences Sociales et de Gestion de Bamako, Mali :\u00a0<\/strong>\u00a0<em>\u00ab\u00a0<\/em><em>Impact de l\u2019intelligence artificielle sur la productivite acad\u00e9mique des \u00e9tudiants : Une analyse empirique au sein de la FSEG\/USSGB\u00a0\u00bb\u00a0\u00a0en ligne<\/em><\/li>\r\n \t<li style=\"font-weight: 400\"><strong>Mahoussi Gb\u00e9tohou G. Wenceslas<\/strong><strong>, Affiliation et pays :\u00a0<\/strong>\u00a0<em>\u00ab\u00a0<\/em><em>Intelligence Artificielle et formation des journalistes en Afrique subsaharienne francophone : enjeux et refondation\u00a0\u00bb\u00a0\u00a0en ligne<\/em><\/li>\r\n \t<li style=\"font-weight: 400\"><strong>Wang Xi, You Kejin and Liu Zikai, School of International Education, Tiangong University, China:\u00a0<\/strong><em>\u00ab<\/em><em>The Logic and Practical Mechanism of International Interactive Communication Driven by Intelligent Technology\u00a0\u00bb<\/em><\/li>\r\n \t<li style=\"font-weight: 400\"><strong>Maimouna O. Akowoura, Yves Fr\u00e9d\u00e9ric Livian,\u00a0<\/strong><strong>\u00a0<\/strong><strong>W\u00eapakia\u00a0Cabinet\u00a0International,<\/strong>\u00a0<strong>Burkina Faso\u00a0<\/strong><em>\u00ab\u00a0L\u2019usage de l\u2019IA dans les universit\u00e9s burkinab\u00e9, une probl\u00e9matique \u00e0 multiples visages\u00a0\u00bb<\/em><\/li>\r\n<\/ol>\r\n<ul>\r\n \t<li style=\"font-weight: 400\"><strong>Mod\u00e9rateurs : <\/strong>\r\n<ul>\r\n \t<li style=\"font-weight: 400\"><strong>Ms. Josiane Taley SOSSOU, Association of African Universities, Ghana<\/strong><\/li>\r\n \t<li style=\"font-weight: 400\"><strong>Dr Evariste DAKOURE, Universit\u00e9 Aube Nouvelle, Burkina Faso<\/strong><\/li>\r\n<\/ul>\r\n<\/li>\r\n \t<li style=\"font-weight: 400\"><strong>Rapporteurs:\u00a0<\/strong>\r\n<ul>\r\n \t<li style=\"font-weight: 400\"><strong>Dr\u00a0<\/strong>\u00a0<strong>Leila Kabre<\/strong><strong>,<\/strong><strong>\u00a0\u00a0Universit\u00e9 Aube Nouvelle, Burkina Faso<\/strong><\/li>\r\n \t<li style=\"font-weight: 400\"><strong>M. Idrissa NEYA,<\/strong><strong>\u00a0\u00a0Universit\u00e9 Aube Nouvelle, Burkina Faso<\/strong><\/li>\r\n<\/ul>\r\n<\/li>\r\n<\/ul>                                                <\/p>\n                                            <\/div>\n                                            <!--Info content end -->\n                                        <\/div>\n                                        <!-- Slot info end -->\n                                    <\/div>\n\t\t\t\t\t\t\t\t                                <!--schedule-listing end -->\n                            <\/div>\n\t\t\t\t\t\t\t\t\t\t\t\t\t\t\t\t\t\t                            <div role=\"tabpanel\" class=\"tab-pane\"\n                                 id=\"datea0c85122\">\n\t\t\t\t\t\t\t\t\t\t\t\t\t\t\t\t\t                                    <div class=\"schedule-listing\">\n                                        <div class=\"schedule-slot-time\">\n                                            <span> Jour 2: 8h30-10h <\/span>\n\n                                        <\/div>\n                                        <div class=\"schedule-slot-info\">\n\t\t\t\t\t\t\t\t\t\t\t                                            <div class=\"schedule-slot-info-content\">\n\n                                                <p class=\"schedule-speaker speaker-1\">\n\t\t\t\t\t\t\t\t\t\t\t\t\t\t\t\t\t\t\t\t\t\t\t\t\t\t\t\t\t\t\t\t\t\t\t\t\t\t\t\t                                                <\/p>\n\n                                                <h3 class=\"schedule-slot-title\">\n\t\t\t\t\t\t\t\t\t\t\t\t\tSession pl\u00e9ni\u00e8re 2 : Panel                                                    <!-- <strong>@ Fredric Martinsson <\/strong> -->\n                                                <\/h3>\n                                                <p>\n\t\t\t\t\t\t\t\t\t\t\t\t\t<strong>Th\u00e8me : <\/strong><strong>IA et l\u2019avenir de la finance et des m\u00e9tiers de la banque - Amphi R0<\/strong>\r\n<ul>\r\n \t<li><strong>Panelistes<\/strong> <strong>:<\/strong><\/li>\r\n<\/ul>\r\n<ol>\r\n \t<li style=\"font-weight: 400\"><strong>Pr Djerry Charli, TANDJA MBIANDA Universit\u00e9 du Quebec en Outaouais, Canada<\/strong><\/li>\r\n \t<li style=\"font-weight: 400\"><strong>Pr Birahim GUEYE<\/strong><strong>, Universit\u00e9 Gaston Berger, S\u00e9n\u00e9gal<\/strong><\/li>\r\n \t<li style=\"font-weight: 400\"><strong>\u00a0M. Lionel OUEDRAOGO, Soci\u00e9t\u00e9 Burkinab\u00e8 d\u2019Interm\u00e9diation Financi\u00e8re, Burkina Faso<\/strong><\/li>\r\n \t<li style=\"font-weight: 400\"><strong>Pr Malam Maman NAFIOU,\u00a0<\/strong>\u00a0<strong>Universit\u00e9 Abdou Moumouni, Niger<\/strong><\/li>\r\n \t<li style=\"font-weight: 400\"><strong>Dr Constantin DABIRE, SITEXCO, Canada<\/strong><\/li>\r\n \t<li style=\"font-weight: 400\"><strong>M. Talkaye ROMBA, CORIS HOLDING, Burkina Faso<\/strong><\/li>\r\n<\/ol>\r\n<ul>\r\n \t<li><strong>Mod\u00e9rateur : Albert OUEDRAOGO, Ancien premier Ministre, Burkina Faso<\/strong><\/li>\r\n \t<li><strong>Rapporteurs : <\/strong>\r\n<ul>\r\n \t<li><strong>Dr Yameogo Urbain, Universit\u00e9 Aube Nouvelle <\/strong><\/li>\r\n \t<li><strong>Dr Deme Yoro, Universit\u00e9 Aube Nouvelle, Burkina Faso<\/strong><\/li>\r\n<\/ul>\r\n<\/li>\r\n<\/ul>                                                <\/p>\n                                            <\/div>\n                                            <!--Info content end -->\n                                        <\/div>\n                                        <!-- Slot info end -->\n                                    <\/div>\n\t\t\t\t\t\t\t\t\t\t\t\t\t\t\t\t\t                                    <div class=\"schedule-listing\">\n                                        <div class=\"schedule-slot-time\">\n                                            <span> Jour 2: 10h-10h30 <\/span>\n\n                                        <\/div>\n                                        <div class=\"schedule-slot-info\">\n\t\t\t\t\t\t\t\t\t\t\t                                            <div class=\"schedule-slot-info-content\">\n\n                                                <p class=\"schedule-speaker speaker-1\">\n\t\t\t\t\t\t\t\t\t\t\t\t\t\t\t\t\t\t\t\t\t\t\t\t\t\t\t\t\t\t\t\t\t\t\t\t\t\t\t\t                                                <\/p>\n\n                                                <h3 class=\"schedule-slot-title\">\n\t\t\t\t\t\t\t\t\t\t\t\t\tPause-caf\u00e9                                                    <!-- <strong>@ Fredric Martinsson <\/strong> -->\n                                                <\/h3>\n                                                <p>\n\t\t\t\t\t\t\t\t\t\t\t\t\t<ul>\r\n \t<li><strong>Pause-caf\u00e9 -\u00a0 <\/strong>Salle 04<\/li>\r\n<\/ul>                                                <\/p>\n                                            <\/div>\n                                            <!--Info content end -->\n                                        <\/div>\n                                        <!-- Slot info end -->\n                                    <\/div>\n\t\t\t\t\t\t\t\t\t\t\t\t\t\t\t\t\t                                    <div class=\"schedule-listing\">\n                                        <div class=\"schedule-slot-time\">\n                                            <span> Jour 2: 10h30-12h <\/span>\n\n                                        <\/div>\n                                        <div class=\"schedule-slot-info\">\n\t\t\t\t\t\t\t\t\t\t\t                                            <div class=\"schedule-slot-info-content\">\n\n                                                <p class=\"schedule-speaker speaker-1\">\n\t\t\t\t\t\t\t\t\t\t\t\t\t\t\t\t\t\t\t\t\t\t\t\t\t\t\t\t\t\t\t\t\t\t\t\t\t\t\t\t                                                <\/p>\n\n                                                <h3 class=\"schedule-slot-title\">\n\t\t\t\t\t\t\t\t\t\t\t\t\tSessions parall\u00e8les 2                                                    <!-- <strong>@ Fredric Martinsson <\/strong> -->\n                                                <\/h3>\n                                                <p>\n\t\t\t\t\t\t\t\t\t\t\t\t\t<strong>Session parall\u00e8le 4: Th\u00e8me : Axe 4, Axe 10 -\u00a0<\/strong><em>Amphi R0<\/em>\r\n<ul>\r\n \t<li><strong>Communicateurs<\/strong> <strong>:<\/strong><\/li>\r\n<\/ul>\r\n<ol start=\"13\">\r\n \t<li style=\"font-weight: 400\"><strong>Kabor\u00e9 Moubaric, Sere Abdoulaye et Ouedraogo Mo\u00efse, Universit\u00e9 Nazi Boni, Burkina Faso :\u00a0<\/strong><em>\u00ab<\/em><em>Search Algorithms in Large Spatial Data using Analytical Digital Circle Definition and OpenMP Library\u00bb<\/em><\/li>\r\n \t<li style=\"font-weight: 400\"><strong>Zongo Ivan et Combelem Olivier, Universit\u00e9 Aube Nouvelle, Burkina Faso :\u00a0<\/strong><em>\u00ab\u00a0Assistants d'IA : Le traitement du langage naturel comme moyen de prise de d\u00e9cision\u00a0\u00bb<\/em><\/li>\r\n \t<li style=\"font-weight: 400\"><strong>Radji Bassira, Haidrar Saida et Al\u00e9wobui Anani Koumah, HESTIM Casablanca, Maroc :\u00a0<\/strong><em>\u00ab\u00a0Mod\u00e9lisation de la solvabilit\u00e9 des emprunteurs : Anticipation et Estimation du risque de d\u00e9faut de remboursement\u00a0\u00bb\u00a0\u00a0en ligne<\/em><\/li>\r\n<\/ol>\r\n<ul>\r\n \t<li><strong>Mod\u00e9rateur :\u00a0 Pr Codjia Claude, Universit\u00e9 de Quebec \u00e0 Montreal, Canada<\/strong><\/li>\r\n \t<li><strong>Rapporteur : Dr Moustafa Mohamadou, Universit\u00e9 Saint Thomas d\u2019Acquin, Burkina Faso<\/strong><\/li>\r\n<\/ul>                                                <\/p>\n                                            <\/div>\n                                            <!--Info content end -->\n                                        <\/div>\n                                        <!-- Slot info end -->\n                                    <\/div>\n\t\t\t\t\t\t\t\t\t\t\t\t\t\t\t\t\t                                    <div class=\"schedule-listing\">\n                                        <div class=\"schedule-slot-time\">\n                                            <span> Jour 2: 10h30-12h <\/span>\n\n                                        <\/div>\n                                        <div class=\"schedule-slot-info\">\n\t\t\t\t\t\t\t\t\t\t\t                                            <div class=\"schedule-slot-info-content\">\n\n                                                <p class=\"schedule-speaker speaker-1\">\n\t\t\t\t\t\t\t\t\t\t\t\t\t\t\t\t\t\t\t\t\t\t\t\t\t\t\t\t\t\t\t\t\t\t\t\t\t\t\t\t                                                <\/p>\n\n                                                <h3 class=\"schedule-slot-title\">\n\t\t\t\t\t\t\t\t\t\t\t\t\tSessions parall\u00e8les 2                                                    <!-- <strong>@ Fredric Martinsson <\/strong> -->\n                                                <\/h3>\n                                                <p>\n\t\t\t\t\t\t\t\t\t\t\t\t\t<strong>Session parall\u00e8le 5 : Th\u00e8me Axe 4 -\u00a0<\/strong><em>Amphi R1<\/em>\r\n\r\n<strong>Communicateurs<\/strong> <strong>:<\/strong>\r\n<ol start=\"16\">\r\n \t<li style=\"font-weight: 400\"><strong>Houekpo Dannon Gilchris et Acacha Hortensia, HESTIM Engineering and Business School Casanblanca, Maroc :\u00a0<\/strong><em>\u00ab\u00a0 CyberIA : Conception d\u2019une plateforme d\u2019entra\u00eenement en cybers\u00e9curit\u00e9 fond\u00e9e sur l\u2019intelligence artificielle et le Big Data dans un contexte Africain\u00a0\u00bb<\/em><\/li>\r\n \t<li style=\"font-weight: 400\"><strong>Houekpo Dannon Gilchris et Acacha Hortensia, HESTIM Engineering and Business School Casanblanca, Maroc :\u00a0<\/strong>\u00a0<em>\u00ab\u00a0<\/em><em>L\u2019utilisation de l\u2019intelligence artificielle et le Big Data contre la cybers\u00e9curit\u00e9 dans un contexte Africain\u00a0\u00bb\u00a0\u00a0<span style=\"color: #800000\"><strong>en ligne<\/strong><\/span><\/em><\/li>\r\n \t<li style=\"font-weight: 400\"><strong>Hamidou Harouna Omar, Tapsoba David, Kouraogo Justin P, Guel D\u00e9sir\u00e9 et Si\u00e9 Oumarou, Universit\u00e9 Aube Nouvelle et Universit\u00e9 Joseph Ki Zerbo, Burkina Faso :\u00a0<\/strong><em>\u00ab\u00a0Approche intelligente d\u2019allocation dynamique de la bande passante bas\u00e9e sur la QoE et le Deep Learning pour les r\u00e9seaux 5G compatibles SDN : perspectives pour les infrastructures africaines \u00e9mergentes\u00a0\u00bb<\/em><\/li>\r\n<\/ol>\r\n<ul>\r\n \t<li><strong>Mod\u00e9rateur : Pr Brayima Dakyo, Universit\u00e9 du Havre, Burkina Faso <\/strong><\/li>\r\n \t<li><strong>Rapporteur : M. Sangar\u00e9 Mamadou, Universit\u00e9 Aube Nouvelle, Burkina Faso<\/strong><\/li>\r\n<\/ul>                                                <\/p>\n                                            <\/div>\n                                            <!--Info content end -->\n                                        <\/div>\n                                        <!-- Slot info end -->\n                                    <\/div>\n\t\t\t\t\t\t\t\t\t\t\t\t\t\t\t\t\t                                    <div class=\"schedule-listing\">\n                                        <div class=\"schedule-slot-time\">\n                                            <span> Jour 2: 10h30-12h <\/span>\n\n                                        <\/div>\n                                        <div class=\"schedule-slot-info\">\n\t\t\t\t\t\t\t\t\t\t\t                                            <div class=\"schedule-slot-info-content\">\n\n                                                <p class=\"schedule-speaker speaker-1\">\n\t\t\t\t\t\t\t\t\t\t\t\t\t\t\t\t\t\t\t\t\t\t\t\t\t\t\t\t\t\t\t\t\t\t\t\t\t\t\t\t                                                <\/p>\n\n                                                <h3 class=\"schedule-slot-title\">\n\t\t\t\t\t\t\t\t\t\t\t\t\tSessions parall\u00e8les 2                                                    <!-- <strong>@ Fredric Martinsson <\/strong> -->\n                                                <\/h3>\n                                                <p>\n\t\t\t\t\t\t\t\t\t\t\t\t\t<strong>Session parall\u00e8le 6:\u00a0<\/strong><strong>Th\u00e8me Axe 6 -\u00a0<\/strong><em>Salle 05<\/em>\r\n<ul>\r\n \t<li><strong>Communicateurs<\/strong> <strong>:<\/strong><\/li>\r\n<\/ul>\r\n<ol start=\"19\">\r\n \t<li style=\"font-weight: 400\"><strong>Combelem Olivier et Ou\u00e9draogo Abdoul Rahmane, Universit\u00e9 Aube nouvelle et Universit\u00e9 Thomas Sankara, Burkina Faso :\u00a0<\/strong><strong>\u00a0<\/strong><em>\u00ab\u00a0<\/em><em>Intelligence artificielle et gestion des ressources naturelles (eau, terres et for\u00eats) en Afrique subsaharienne : Une analyse bibliom\u00e9trique des tendances, enjeux et perspectives\u00a0\u00bb<\/em><\/li>\r\n \t<li style=\"font-weight: 400\"><strong>Meda Manb\u00e8sso\u00e2, Ou\u00e9draogo Timbkiata Mahamoudou, Sehoubo Yawo Joseph, Sanon Dafra Aim\u00e9 Simplice, Kabor\u00e9 Sibiry Albert, Yaovi Ren\u00e9 Comlan et Hien Mipro, Universit\u00e9 Nazi Boni, Centre National de Semences Foresti\u00e8res et Universit\u00e9 Thomas Sankara, Burkina Faso\u00a0<\/strong><strong>:\u00a0<\/strong><em>\u00ab\u00a0Utilisation de Images satellitaire et de l\u2019algorithme Random Forest pour \u00e9valuer l\u2019impact de la production cotonni\u00e8re sur la couverture v\u00e9g\u00e9tale \u00e0 l\u2019Ouest du Burkina Faso.\u00a0\u00bb\u00a0\u00a0<span style=\"color: #800000\"><strong>en ligne<\/strong><\/span><\/em><\/li>\r\n<\/ol>\r\n<ul>\r\n \t<li><strong>Mod\u00e9rateur : Dr St\u00e9phane Aim\u00e9 METCHEBON TAKOUGANG, Universit\u00e9 Aube Nouvelle, Burkina Faso<\/strong><\/li>\r\n \t<li><strong>Rapporteur : Dr Serge Kouhounde, Universit\u00e9 Aube Nouvelle, Burkina Faso<\/strong><\/li>\r\n<\/ul>                                                <\/p>\n                                            <\/div>\n                                            <!--Info content end -->\n                                        <\/div>\n                                        <!-- Slot info end -->\n                                    <\/div>\n\t\t\t\t\t\t\t\t\t\t\t\t\t\t\t\t\t                                    <div class=\"schedule-listing\">\n                                        <div class=\"schedule-slot-time\">\n                                            <span> Jour 2: 12h-13h30 <\/span>\n\n                                        <\/div>\n                                        <div class=\"schedule-slot-info\">\n\t\t\t\t\t\t\t\t\t\t\t                                            <div class=\"schedule-slot-info-content\">\n\n                                                <p class=\"schedule-speaker speaker-1\">\n\t\t\t\t\t\t\t\t\t\t\t\t\t\t\t\t\t\t\t\t\t\t\t\t\t\t\t\t\t\t\t\t\t\t\t\t\t\t\t\t                                                <\/p>\n\n                                                <h3 class=\"schedule-slot-title\">\n\t\t\t\t\t\t\t\t\t\t\t\t\tPause-d\u00e9jeuner                                                    <!-- <strong>@ Fredric Martinsson <\/strong> -->\n                                                <\/h3>\n                                                <p>\n\t\t\t\t\t\t\t\t\t\t\t\t\t<ul>\r\n \t<li><strong>Pause-d\u00e9jeuner<\/strong><\/li>\r\n<\/ul>                                                <\/p>\n                                            <\/div>\n                                            <!--Info content end -->\n                                        <\/div>\n                                        <!-- Slot info end -->\n                                    <\/div>\n\t\t\t\t\t\t\t\t\t\t\t\t\t\t\t\t\t                                    <div class=\"schedule-listing\">\n                                        <div class=\"schedule-slot-time\">\n                                            <span> Jour 2: 13h30-15h <\/span>\n\n                                        <\/div>\n                                        <div class=\"schedule-slot-info\">\n\t\t\t\t\t\t\t\t\t\t\t                                            <div class=\"schedule-slot-info-content\">\n\n                                                <p class=\"schedule-speaker speaker-1\">\n\t\t\t\t\t\t\t\t\t\t\t\t\t\t\t\t\t\t\t\t\t\t\t\t\t\t\t\t\t\t\t\t\t\t\t\t\t\t\t\t                                                <\/p>\n\n                                                <h3 class=\"schedule-slot-title\">\n\t\t\t\t\t\t\t\t\t\t\t\t\tSessions parall\u00e8les 2                                                    <!-- <strong>@ Fredric Martinsson <\/strong> -->\n                                                <\/h3>\n                                                <p>\n\t\t\t\t\t\t\t\t\t\t\t\t\t<strong>Session parall\u00e8le 7: <\/strong><strong>Th\u00e8me Axe 6 -\u00a0<\/strong><em>Amphi R0<\/em>\r\n<ul>\r\n \t<li><strong>Communicateurs<\/strong> <strong>:<\/strong><\/li>\r\n<\/ul>\r\n<ol start=\"21\">\r\n \t<li style=\"font-weight: 400\"><strong>Tapsoba Stanislas David W, Harouna Hamidon Omar et Kouraogo Justin, Universit\u00e9 Aube Nouvelle et Universit\u00e9 Joseph Ki Zerbo, Burkina Faso :\u00a0<\/strong><em>\u00ab\u00a0Une approche proactive de r\u00e9silience des r\u00e9seaux SDN par l\u2019intelligence artificielle, adapt\u00e9e aux environnements africains.\u00a0\u00bb<\/em><\/li>\r\n \t<li style=\"font-weight: 400\"><strong>Dibloni Oho Esther, Somda Flavien et Zerbo Boureima, Universit\u00e9 Thomas Sankara et Universit\u00e9 Joseph Ki Zerbo, Burkina Faso :\u00a0<\/strong><em>\u00ab\u00a0Optimisation des strat\u00e9gies de migration vers le cloud par l\u2019IA et le Big Data : une approche d\u00e9cisionnelle adapt\u00e9e au contexte burkinab\u00e8\u00a0\u00bb\u00a0<\/em><em>\u00e0 pr\u00e9ciser<\/em><\/li>\r\n \t<li style=\"font-weight: 400\"><strong>Codjia Claude et Tarhini Ali, Universit\u00e9 du Qu\u00e9bec, Montr\u00e9al :\u00a0<\/strong>\u00a0<em>\u00ab\u00a0<\/em><em>D\u00e9tection des \u00eelots de chaleur urbains \u00e0 partir d\u2019images optiques via un mod\u00e8le d\u2019apprentissage profond\u00a0\u00bb<\/em><\/li>\r\n<\/ol>\r\n<ul>\r\n \t<li><strong>Mod\u00e9rateur : Dr Kiswendsida Jean Hermann YANOGO, Ecole Polytechnique de Ouagadougou (EPO), Burkina Faso<\/strong><\/li>\r\n \t<li><strong>Rapporteur : Dr. Dintoumda Th\u00e9ophile, Universit\u00e9 de Technologie et de Management, Burkina Faso<\/strong><\/li>\r\n<\/ul>                                                <\/p>\n                                            <\/div>\n                                            <!--Info content end -->\n                                        <\/div>\n                                        <!-- Slot info end -->\n                                    <\/div>\n\t\t\t\t\t\t\t\t\t\t\t\t\t\t\t\t\t                                    <div class=\"schedule-listing\">\n                                        <div class=\"schedule-slot-time\">\n                                            <span> Jour 2: 13h30-15h <\/span>\n\n                                        <\/div>\n                                        <div class=\"schedule-slot-info\">\n\t\t\t\t\t\t\t\t\t\t\t                                            <div class=\"schedule-slot-info-content\">\n\n                                                <p class=\"schedule-speaker speaker-1\">\n\t\t\t\t\t\t\t\t\t\t\t\t\t\t\t\t\t\t\t\t\t\t\t\t\t\t\t\t\t\t\t\t\t\t\t\t\t\t\t\t                                                <\/p>\n\n                                                <h3 class=\"schedule-slot-title\">\n\t\t\t\t\t\t\t\t\t\t\t\t\tSessions parall\u00e8les 3                                                    <!-- <strong>@ Fredric Martinsson <\/strong> -->\n                                                <\/h3>\n                                                <p>\n\t\t\t\t\t\t\t\t\t\t\t\t\t<strong>Session parall\u00e8le 8 : Th\u00e8me Axe 6 - <\/strong><em>Amphi R1<\/em>\r\n<ul>\r\n \t<li><strong>Communicateurs<\/strong> <strong>:<\/strong><\/li>\r\n<\/ul>\r\n<ol start=\"24\">\r\n \t<li style=\"font-weight: 400\"><strong>Yiogo Hadarou et Savadogo Zo\u00efnabo, Universit\u00e9 Joseph Ki Zerbo, Burkina Faso :\u00a0<\/strong>\u00a0<em>\u00ab\u00a0<\/em><em>Syst\u00e8me de d\u00e9cision collective bas\u00e9e sur la m\u00e9thode EVAMIX et application au triage des aliments nutritionnels pour les enfants malnutris au Burkina Faso\u00a0\u00bb.\u00a0\u00a0<\/em><span style=\"color: #800000\"><strong><em>en ligne<\/em><\/strong><\/span><\/li>\r\n \t<li style=\"font-weight: 400\"><strong>Zohou Pierre J\u00e9r\u00f4me, Obada Ez\u00e9chiel, Aoga John, Alamou Ad\u00e9china Eric et Ezin Eug\u00e8ne C,\u00a0Universit\u00e9 d\u2019Abomey-Calavi, B\u00e9nin\u00a0:\u00a0<\/strong><em>\u00ab\u00a0Apport de la m\u00e9thode de simulation par apprentissage profond en hydrologie : Cas du bassin de l\u2019Ou\u00e9m\u00e9 \u00e0 Bonou\u00a0\u00bb\u00a0\u00a0<\/em><span style=\"color: #800000\"><strong><em>en ligne<\/em><\/strong><\/span><\/li>\r\n \t<li style=\"font-weight: 400\"><strong>Abomo Akono Rams\u00e8s,\u00a0<\/strong><strong>Universit\u00e9 de Bertoua, Cameroun<\/strong><strong>\u00a0<\/strong>:\u00a0<em>\u00ab\u00a0<\/em><em>L\u2019intelligence artificielle en Afrique\u00a0: R\u00e9flexion sur l\u2019incidence de l\u2019IA sur le droit du d\u00e9veloppement en Afrique\u00a0\u00bb\u00a0\u00a0<\/em><span style=\"color: #800000\"><strong><em>en ligne<\/em><\/strong><\/span><\/li>\r\n<\/ol>\r\n<ul>\r\n \t<li><strong>Mod\u00e9rateur : Pr Ousseni SO, Ecole Normale Sup\u00e9rieure, Burkina Faso <\/strong><\/li>\r\n \t<li><strong>Rapporteur : <b><span lang=\"FR\">M. Loya Youssouf<\/span><\/b><b><span lang=\"FR\">,\u00a0<\/span><\/b><b><span lang=\"FR\">\u00a0Universit\u00e9 Aube Nouvelle, Burkina Faso<\/span><\/b><\/strong><\/li>\r\n<\/ul>                                                <\/p>\n                                            <\/div>\n                                            <!--Info content end -->\n                                        <\/div>\n                                        <!-- Slot info end -->\n                                    <\/div>\n\t\t\t\t\t\t\t\t\t\t\t\t\t\t\t\t\t                                    <div class=\"schedule-listing\">\n                                        <div class=\"schedule-slot-time\">\n                                            <span> Jour 2: 13h30-15h <\/span>\n\n                                        <\/div>\n                                        <div class=\"schedule-slot-info\">\n\t\t\t\t\t\t\t\t\t\t\t                                            <div class=\"schedule-slot-info-content\">\n\n                                                <p class=\"schedule-speaker speaker-1\">\n\t\t\t\t\t\t\t\t\t\t\t\t\t\t\t\t\t\t\t\t\t\t\t\t\t\t\t\t\t\t\t\t\t\t\t\t\t\t\t\t                                                <\/p>\n\n                                                <h3 class=\"schedule-slot-title\">\n\t\t\t\t\t\t\t\t\t\t\t\t\tSessions parall\u00e8les 3                                                    <!-- <strong>@ Fredric Martinsson <\/strong> -->\n                                                <\/h3>\n                                                <p>\n\t\t\t\t\t\t\t\t\t\t\t\t\t<strong>Session parall\u00e8le 9 : Th\u00e8me Axe 6 - <\/strong><em>Salle 05<\/em>\r\n<ul>\r\n \t<li><strong>Communicateurs<\/strong> <strong>:<\/strong><\/li>\r\n<\/ul>\r\n<ol start=\"27\">\r\n \t<li style=\"font-weight: 400\"><strong>Drissa Mohamed\u00a0\u00a0MALO, Universit\u00e9 Nazi Boni, Burkina Faso\u00a0<\/strong><em>:\u00a0<\/em><em>\u00ab<\/em><em>AI-Powered Predictive Maintenance in Burkina Faso's Mines: A Perception Study for Sustainable Operations\u00bb\u00a0\u00e0 pr\u00e9ciser<\/em><\/li>\r\n \t<li style=\"font-weight: 400\"><strong>Ibrahima\u00a0\u00a0TRAORE, Universit\u00e9 G\u00e9n\u00e9rale Lansana Cont\u00e9 de Sonfonia- Conakry, Guin\u00e9e-Conakry :\u00a0<\/strong><em>\u00ab\u00a0L\u2019intelligence artificielle et la RSE dans les entreprises mini\u00e8res : vers un mod\u00e8le d\u00e9cisionnel de la concertation dans les communaut\u00e9s locales\u00a0\u00bb<\/em><\/li>\r\n<\/ol>\r\n<ul>\r\n \t<li><strong>Mod\u00e9rateur : Pr Samuel YONKEU, Universit\u00e9 Aube Nouvelle, Burkina Faso <\/strong><\/li>\r\n \t<li><strong>Rapporteur : Dr Assogba Lucien, Universit\u00e9 Aube Nouvelle, Burkina Faso<\/strong><\/li>\r\n<\/ul>                                                <\/p>\n                                            <\/div>\n                                            <!--Info content end -->\n                                        <\/div>\n                                        <!-- Slot info end -->\n                                    <\/div>\n\t\t\t\t\t\t\t\t\t\t\t\t\t\t\t\t\t                                    <div class=\"schedule-listing\">\n                                        <div class=\"schedule-slot-time\">\n                                            <span> Jour 2: 15h-17h30 <\/span>\n\n                                        <\/div>\n                                        <div class=\"schedule-slot-info\">\n\t\t\t\t\t\t\t\t\t\t\t                                            <div class=\"schedule-slot-info-content\">\n\n                                                <p class=\"schedule-speaker speaker-1\">\n\t\t\t\t\t\t\t\t\t\t\t\t\t\t\t\t\t\t\t\t\t\t\t\t\t\t\t\t\t\t\t\t\t\t\t\t\t\t\t\t                                                <\/p>\n\n                                                <h3 class=\"schedule-slot-title\">\n\t\t\t\t\t\t\t\t\t\t\t\t\tActivit\u00e9 sociale                                                    <!-- <strong>@ Fredric Martinsson <\/strong> -->\n                                                <\/h3>\n                                                <p>\n\t\t\t\t\t\t\t\t\t\t\t\t\t<ul>\r\n \t<li><strong>Visite Ferme Agro-pastorale du PDF \u00e0 Koubri<\/strong><\/li>\r\n<\/ul>                                                <\/p>\n                                            <\/div>\n                                            <!--Info content end -->\n                                        <\/div>\n                                        <!-- Slot info end -->\n                                    <\/div>\n\t\t\t\t\t\t\t\t                                <!--schedule-listing end -->\n                            <\/div>\n\t\t\t\t\t\t\t\t\t\t\t\t\t\t\t\t\t\t                            <div role=\"tabpanel\" class=\"tab-pane\"\n                                 id=\"datea0c85123\">\n\t\t\t\t\t\t\t\t\t\t\t\t\t\t\t\t\t                                    <div class=\"schedule-listing\">\n                                        <div class=\"schedule-slot-time\">\n                                            <span> Jour 3 : 8h30-10h <\/span>\n\n                                        <\/div>\n                                        <div class=\"schedule-slot-info\">\n\t\t\t\t\t\t\t\t\t\t\t                                            <div class=\"schedule-slot-info-content\">\n\n                                                <p class=\"schedule-speaker speaker-1\">\n\t\t\t\t\t\t\t\t\t\t\t\t\t\t\t\t\t\t\t\t\t\t\t\t\t\t\t\t\t\t\t\t\t\t\t\t\t\t\t\t                                                <\/p>\n\n                                                <h3 class=\"schedule-slot-title\">\n\t\t\t\t\t\t\t\t\t\t\t\t\tSessions parall\u00e8les 4                                                    <!-- <strong>@ Fredric Martinsson <\/strong> -->\n                                                <\/h3>\n                                                <p>\n\t\t\t\t\t\t\t\t\t\t\t\t\t<strong>Session parall\u00e8le 10 : Th\u00e8me Axe 2 -\u00a0<\/strong><em>Amphi R0<\/em>\r\n<ul>\r\n \t<li><strong>Communicateurs<\/strong> <strong>:<\/strong><\/li>\r\n<\/ul>\r\n<ol start=\"29\">\r\n \t<li style=\"font-weight: 400\"><strong>Korgo Barnab\u00e9, Universit\u00e9 Catholique de l\u2019Afrique de l\u2019Ouest Unit\u00e9 Universitaire \u00e0 Abidjan, C\u00f4te d\u2019Ivoire\u00a0<\/strong>:\u00a0<em>\u00ab\u00a0<\/em><em>Intelligence artificielle et management des organisations en Afrique : enjeux, opportunit\u00e9s et menaces\u00a0\u00bb\u00a0\u00a0<\/em><span style=\"color: #800000\"><strong><em>en ligne<\/em><\/strong><\/span><\/li>\r\n \t<li style=\"font-weight: 400\"><strong>Batcho Lucien, Universit\u00e9 Joseph Ki Zerbo, Burkina Faso :\u00a0<\/strong><em>\u00ab Enjeux de la r\u00e9ception des produits publicitaires \u00e0 l\u2019\u00e8re de l\u2019intelligence artificielle (IA) chez les Ouagalais \u00bb<\/em><\/li>\r\n \t<li style=\"font-weight: 400\"><strong>Kacou Sylvestre Stone Assemien et Ouattara Abdoulaye,\u00a0Universit\u00e9 Felix Houphou\u00ebt Boigny, C\u00f4te d\u2019Ivoire\u00a0:\u00a0<\/strong><em>\u00ab\u00a0Les facteurs technologiques dans la mise en \u0153uvre de la Gestion Int\u00e9gr\u00e9e des Risques d\u2019Entreprise (GIR) :\u00a0\u00a0une analyse empirique des PME ivoiriennes\u00bb\u00a0\u00a0<\/em><span style=\"color: #800000\"><strong><em>en ligne<\/em><\/strong><\/span><\/li>\r\n \t<li style=\"font-weight: 400\"><strong>Goubgou Yaba Mariette et\u00a0<\/strong>\u00a0<strong>\u00a0Akouwerabou Lirass\u00ea, Universit\u00e9 Thomas Sankara\u00a0:\u00a0<\/strong>\u00a0\u00ab\u00a0<em>les\u00a0<\/em><em>ressources de l\u2019\u00e9cosyst\u00e8me entrepreneurial :un levier pour la cr\u00e9ation r\u00e9ussie de petites entreprises au Burkina Faso\u00a0\u00bb<\/em><\/li>\r\n<\/ol>\r\n<ul>\r\n \t<li><strong>Mod\u00e9rateur : Pr Ouedraogo Alidou, Universit\u00e9 de Moncton, Canada<\/strong><\/li>\r\n \t<li><strong>Rapporteurs : <\/strong>\r\n<ul>\r\n \t<li><strong><b><span lang=\"FR\">Dr Atikpo Ami, Universit\u00e9 Aube Nouvelle, Burkina Faso<\/span><\/b><\/strong><\/li>\r\n \t<li><strong><b><span lang=\"FR\">Dr\u00a0\u00a0Ouedraogo Abdoulaye,<\/span><\/b><b><span lang=\"FR\">\u00a0<\/span><\/b><b><span lang=\"FR\">\u00a0Universit\u00e9 Joseph Ki Zerbo, Burkina Faso<\/span><\/b><\/strong><\/li>\r\n<\/ul>\r\n<\/li>\r\n<\/ul>                                                <\/p>\n                                            <\/div>\n                                            <!--Info content end -->\n                                        <\/div>\n                                        <!-- Slot info end -->\n                                    <\/div>\n\t\t\t\t\t\t\t\t\t\t\t\t\t\t\t\t\t                                    <div class=\"schedule-listing\">\n                                        <div class=\"schedule-slot-time\">\n                                            <span> Jour 3 : 8h30-10h <\/span>\n\n                                        <\/div>\n                                        <div class=\"schedule-slot-info\">\n\t\t\t\t\t\t\t\t\t\t\t                                            <div class=\"schedule-slot-info-content\">\n\n                                                <p class=\"schedule-speaker speaker-1\">\n\t\t\t\t\t\t\t\t\t\t\t\t\t\t\t\t\t\t\t\t\t\t\t\t\t\t\t\t\t\t\t\t\t\t\t\t\t\t\t\t                                                <\/p>\n\n                                                <h3 class=\"schedule-slot-title\">\n\t\t\t\t\t\t\t\t\t\t\t\t\tSessions parall\u00e8les 4                                                    <!-- <strong>@ Fredric Martinsson <\/strong> -->\n                                                <\/h3>\n                                                <p>\n\t\t\t\t\t\t\t\t\t\t\t\t\t<strong>Session parall\u00e8le 11 : Th\u00e8me Axe 9 -\u00a0<\/strong><em>Amphi R1<\/em>\r\n<ul>\r\n \t<li><strong>Communicateurs<\/strong> <strong>:<\/strong><\/li>\r\n<\/ul>\r\n<ol start=\"33\">\r\n \t<li><strong>Goudjo Traour\u00e9 Durve Mathieu Red, Universit\u00e9 Aube Nouvelle, Burkina Faso : Le droit \u00e0 l\u2019\u00e8re de l\u2019intelligence artificielle : <\/strong><em>\u00abentre m\u00e9tamorphose et simple r\u00e9gulation \u00bb<\/em><\/li>\r\n \t<li><strong>Djanima Fadimatou Kangne, Universit\u00e9 de Garoua, Cameroun : <\/strong><em>\u00ab Les n\u00e9gociations de paix en Afrique a l\u2019\u00e8re des algorithmes d\u2019aide \u00e0 la prise de d\u00e9cision \u00bb <span style=\"color: #800000\"><strong><i><span lang=\"FR\">en ligne<\/span><\/i><\/strong><\/span><\/em><\/li>\r\n \t<li><strong>Hedonoukou Marcel, Universit\u00e9 de Parakou, B\u00e9nin : <\/strong><em>\u00ab La r\u00e9paration des dommages caus\u00e9s par l\u2019intelligence artificielle en droit positif b\u00e9ninois \u00bb <span style=\"color: #800000\"><strong><i><span lang=\"FR\">en ligne<\/span><\/i><\/strong><\/span><\/em><\/li>\r\n<\/ol>\r\n<ul>\r\n \t<li><strong>Mod\u00e9rateur : Pr Zakari Yaou KAKA, Universit\u00e9 des Sciences Sociales et de Gestion de Bamako (USSGB), Mali<\/strong><\/li>\r\n \t<li><strong>Rapporteur : Dr. Djindere Julie, Universit\u00e9 Aube Nouvelle, Burkina Faso<\/strong><\/li>\r\n<\/ul>                                                <\/p>\n                                            <\/div>\n                                            <!--Info content end -->\n                                        <\/div>\n                                        <!-- Slot info end -->\n                                    <\/div>\n\t\t\t\t\t\t\t\t\t\t\t\t\t\t\t\t\t                                    <div class=\"schedule-listing\">\n                                        <div class=\"schedule-slot-time\">\n                                            <span> Jour 3 : 8h30-10h <\/span>\n\n                                        <\/div>\n                                        <div class=\"schedule-slot-info\">\n\t\t\t\t\t\t\t\t\t\t\t                                            <div class=\"schedule-slot-info-content\">\n\n                                                <p class=\"schedule-speaker speaker-1\">\n\t\t\t\t\t\t\t\t\t\t\t\t\t\t\t\t\t\t\t\t\t\t\t\t\t\t\t\t\t\t\t\t\t\t\t\t\t\t\t\t                                                <\/p>\n\n                                                <h3 class=\"schedule-slot-title\">\n\t\t\t\t\t\t\t\t\t\t\t\t\tSessions parall\u00e8les 4                                                    <!-- <strong>@ Fredric Martinsson <\/strong> -->\n                                                <\/h3>\n                                                <p>\n\t\t\t\t\t\t\t\t\t\t\t\t\t<strong>Session parall\u00e8le 12 : Axe 9, <\/strong><strong>Axe 11 -\u00a0<\/strong><em>Salle 05<\/em>\r\n<ul>\r\n \t<li><strong>Communicateurs<\/strong> <strong>:<\/strong><\/li>\r\n<\/ul>\r\n<ol start=\"36\">\r\n \t<li><strong>Garga Aliou, Universit\u00e9 de Garoua, Cameroun : <\/strong><em>\u00abLa r\u00e9volution strat\u00e9gique techno- globale et ses implications pour le Cameroun : entre adaptation et r\u00e9silience de l\u2019arm\u00e9e nationale \u00bb<\/em><\/li>\r\n \t<li><strong>Djemelehou Ettiboa Denis, Universit\u00e9 virtuelle de C\u00f4te d\u2019Ivoire, C\u00f4te d\u2019Ivoire : <\/strong><em>\u00ab <\/em><em>La peur de l\u2019IA dans un contexte de d\u00e9veloppement et de gouvernance min\u00e9s par la corruption en Afrique \u00bb<\/em><\/li>\r\n<\/ol>\r\n<ul>\r\n \t<li><strong>Mod\u00e9rateur : Pr Igue Charlemagne B., Universit\u00e9 Abomey Calavi, Benin<\/strong><\/li>\r\n \t<li><strong>Rapporteur : M. Ernest SOME, Universit\u00e9 Aube Nouvelle, Burkina Faso<\/strong><\/li>\r\n<\/ul>                                                <\/p>\n                                            <\/div>\n                                            <!--Info content end -->\n                                        <\/div>\n                                        <!-- Slot info end -->\n                                    <\/div>\n\t\t\t\t\t\t\t\t\t\t\t\t\t\t\t\t\t                                    <div class=\"schedule-listing\">\n                                        <div class=\"schedule-slot-time\">\n                                            <span> Jour 3 : 10h-10h30 <\/span>\n\n                                        <\/div>\n                                        <div class=\"schedule-slot-info\">\n\t\t\t\t\t\t\t\t\t\t\t                                            <div class=\"schedule-slot-info-content\">\n\n                                                <p class=\"schedule-speaker speaker-1\">\n\t\t\t\t\t\t\t\t\t\t\t\t\t\t\t\t\t\t\t\t\t\t\t\t\t\t\t\t\t\t\t\t\t\t\t\t\t\t\t\t                                                <\/p>\n\n                                                <h3 class=\"schedule-slot-title\">\n\t\t\t\t\t\t\t\t\t\t\t\t\tPause                                                    <!-- <strong>@ Fredric Martinsson <\/strong> -->\n                                                <\/h3>\n                                                <p>\n\t\t\t\t\t\t\t\t\t\t\t\t\t<ul>\r\n \t<li><strong>Pause<\/strong><\/li>\r\n<\/ul>                                                <\/p>\n                                            <\/div>\n                                            <!--Info content end -->\n                                        <\/div>\n                                        <!-- Slot info end -->\n                                    <\/div>\n\t\t\t\t\t\t\t\t\t\t\t\t\t\t\t\t\t                                    <div class=\"schedule-listing\">\n                                        <div class=\"schedule-slot-time\">\n                                            <span> Jour 3 : 10h30-12h <\/span>\n\n                                        <\/div>\n                                        <div class=\"schedule-slot-info\">\n\t\t\t\t\t\t\t\t\t\t\t                                            <div class=\"schedule-slot-info-content\">\n\n                                                <p class=\"schedule-speaker speaker-1\">\n\t\t\t\t\t\t\t\t\t\t\t\t\t\t\t\t\t\t\t\t\t\t\t\t\t\t\t\t\t\t\t\t\t\t\t\t\t\t\t\t                                                <\/p>\n\n                                                <h3 class=\"schedule-slot-title\">\n\t\t\t\t\t\t\t\t\t\t\t\t\tSession pl\u00e9ni\u00e8re 4 :                                                    <!-- <strong>@ Fredric Martinsson <\/strong> -->\n                                                <\/h3>\n                                                <p>\n\t\t\t\t\t\t\t\t\t\t\t\t\t<strong>Session pl\u00e9ni\u00e8re 4<\/strong>\u00a0- <em>Amphi R0<\/em>\r\n<ul>\r\n \t<li><strong>Th\u00e8me IA et recherche en sciences de la sant\u00e9<\/strong><\/li>\r\n \t<li><strong>Pan\u00e9listes<\/strong> <strong>:<\/strong><\/li>\r\n<\/ul>\r\n<ol>\r\n \t<li style=\"list-style-type: none\">\r\n<ol>\r\n \t<li style=\"font-weight: 400\"><strong>Gnoumou Sayave,\u00a0<\/strong>\u00a0<strong>Nazounki, France<\/strong><\/li>\r\n \t<li style=\"font-weight: 400\"><strong>Minist\u00e8re de la sant\u00e9, Burkina Faso<\/strong><\/li>\r\n \t<li style=\"font-weight: 400\"><strong>Minist\u00e8re de l\u2019enseignement Sup\u00e9rieur, de la Recherche et de l\u2019Innovation<\/strong><\/li>\r\n<\/ol>\r\n<\/li>\r\n<\/ol>\r\n<ol>\r\n \t<li style=\"list-style-type: none\"><\/li>\r\n<\/ol>\r\n<ul>\r\n \t<li><strong>Mod\u00e9rateur : Minist\u00e8re de la Transition Digitale, des Postes et des Communications Electroniques<\/strong><strong>, Burkina Faso<\/strong><\/li>\r\n \t<li><strong>Rapporteur : Dr Goudjo Mathieu, Universit\u00e9 Aube Nouvelle, Burkina Faso<\/strong><\/li>\r\n<\/ul>                                                <\/p>\n                                            <\/div>\n                                            <!--Info content end -->\n                                        <\/div>\n                                        <!-- Slot info end -->\n                                    <\/div>\n\t\t\t\t\t\t\t\t\t\t\t\t\t\t\t\t\t                                    <div class=\"schedule-listing\">\n                                        <div class=\"schedule-slot-time\">\n                                            <span> Jour 3 : 12h-12h30 <\/span>\n\n                                        <\/div>\n                                        <div class=\"schedule-slot-info\">\n\t\t\t\t\t\t\t\t\t\t\t                                            <div class=\"schedule-slot-info-content\">\n\n                                                <p class=\"schedule-speaker speaker-1\">\n\t\t\t\t\t\t\t\t\t\t\t\t\t\t\t\t\t\t\t\t\t\t\t\t\t\t\t\t\t\t\t\t\t\t\t\t\t\t\t\t                                                <\/p>\n\n                                                <h3 class=\"schedule-slot-title\">\n\t\t\t\t\t\t\t\t\t\t\t\t\tC\u00e9r\u00e9monie de cl\u00f4ture                                                    <!-- <strong>@ Fredric Martinsson <\/strong> -->\n                                                <\/h3>\n                                                <p>\n\t\t\t\t\t\t\t\t\t\t\t\t\t<ul>\r\n \t<li><strong>C\u00e9r\u00e9monie de cl\u00f4ture<\/strong><\/li>\r\n<\/ul>                                                <\/p>\n                                            <\/div>\n                                            <!--Info content end -->\n                                        <\/div>\n                                        <!-- Slot info end -->\n                                    <\/div>\n\t\t\t\t\t\t\t\t\t\t\t\t\t\t\t\t\t                                    <div class=\"schedule-listing\">\n                                        <div class=\"schedule-slot-time\">\n                                            <span> Jour 3 : 12h30-14h <\/span>\n\n                                        <\/div>\n                                        <div class=\"schedule-slot-info\">\n\t\t\t\t\t\t\t\t\t\t\t                                            <div class=\"schedule-slot-info-content\">\n\n                                                <p class=\"schedule-speaker speaker-1\">\n\t\t\t\t\t\t\t\t\t\t\t\t\t\t\t\t\t\t\t\t\t\t\t\t\t\t\t\t\t\t\t\t\t\t\t\t\t\t\t\t                                                <\/p>\n\n                                                <h3 class=\"schedule-slot-title\">\n\t\t\t\t\t\t\t\t\t\t\t\t\tPause-d\u00e9jeuner                                                    <!-- <strong>@ Fredric Martinsson <\/strong> -->\n                                                <\/h3>\n                                                <p>\n\t\t\t\t\t\t\t\t\t\t\t\t\t<ul>\r\n \t<li><strong>Pause-d\u00e9jeuner -\u00a0<\/strong>Salle 04<\/li>\r\n<\/ul>                                                <\/p>\n                                            <\/div>\n                                            <!--Info content end -->\n                                        <\/div>\n                                        <!-- Slot info end -->\n                                    <\/div>\n\t\t\t\t\t\t\t\t                                <!--schedule-listing end -->\n                            <\/div>\n\t\t\t\t\t\t\t\t\t\t\t\t                <\/div>\n            <\/div>\n        <\/div>\n    <\/div>\n    <!-- container end-->\n<\/section>\t\t\t\t<\/div>\n\t\t\t\t<\/div>\n\t\t\t\t\t<\/div>\n\t\t<\/div>\n\t\t\t\t\t<\/div>\n\t\t<\/section>\n\t\t\t\t<section data-particle_enable=\"false\" data-particle-mobile-disabled=\"false\" class=\"elementor-section elementor-top-section elementor-element elementor-element-98c2f34 elementor-section-boxed elementor-section-height-default elementor-section-height-default\" data-id=\"98c2f34\" data-element_type=\"section\" data-settings=\"{&quot;background_background&quot;:&quot;classic&quot;,&quot;ekit_has_onepagescroll_dot&quot;:&quot;yes&quot;}\">\n\t\t\t\t\t\t\t<div class=\"elementor-background-overlay\"><\/div>\n\t\t\t\t\t\t\t<div class=\"elementor-container elementor-column-gap-default\">\n\t\t\t\t\t<div class=\"elementor-column elementor-col-100 elementor-top-column elementor-element elementor-element-339f754\" data-id=\"339f754\" data-element_type=\"column\">\n\t\t\t<div class=\"elementor-widget-wrap elementor-element-populated\">\n\t\t\t\t\t\t<div class=\"elementor-element elementor-element-e7c3329 elementor-invisible elementor-widget elementor-widget-exhibz-title\" data-id=\"e7c3329\" data-element_type=\"widget\" data-settings=\"{&quot;_animation&quot;:&quot;slideInUp&quot;,&quot;_animation_delay&quot;:350,&quot;ekit_we_effect_on&quot;:&quot;none&quot;}\" data-widget_type=\"exhibz-title.default\">\n\t\t\t\t<div class=\"elementor-widget-container\">\n\t\t\t\t\t\n    <div class=\"title-section-area\">\n        <h2 class=\"section-title\">\n            <span class=\"sub-title\">Conf\u00e9renciers - Mod\u00e9rateurs - Panelistes<\/span>\n\t\t\tLes intervenants        <\/h2>\n\t\t                    <span class=\"title-shape\">\n                  <svg xmlns='http:\/\/www.w3.org\/2000\/svg' xmlns:xlink='http:\/\/www.w3.org\/1999\/xlink' width='71px' height='11px'> <path fill-rule='evenodd' d='M59.669,10.710 L49.164,3.306 L39.428,10.681 L29.714,3.322 L20.006,10.682 L10.295,3.322 L1.185,10.228 L-0.010,8.578 L10.295,0.765 L20.006,8.125 L29.714,0.765 L39.428,8.125 L49.122,0.781 L59.680,8.223 L69.858,1.192 L70.982,2.895 L59.669,10.710 Z'\/><\/svg>\n            <\/span>\n                    <\/div><!-- Section title -->\n    \n    \n\n    \t\t\t\t<\/div>\n\t\t\t\t<\/div>\n\t\t\t\t<section data-particle_enable=\"false\" data-particle-mobile-disabled=\"false\" class=\"elementor-section elementor-inner-section elementor-element elementor-element-8117a13 elementor-section-boxed elementor-section-height-default elementor-section-height-default elementor-invisible\" data-id=\"8117a13\" data-element_type=\"section\" data-settings=\"{&quot;animation&quot;:&quot;slideInUp&quot;,&quot;animation_delay&quot;:450,&quot;ekit_has_onepagescroll_dot&quot;:&quot;yes&quot;}\">\n\t\t\t\t\t\t<div class=\"elementor-container elementor-column-gap-default\">\n\t\t\t\t\t<div class=\"elementor-column elementor-col-25 elementor-inner-column elementor-element elementor-element-cc981eb\" data-id=\"cc981eb\" data-element_type=\"column\">\n\t\t\t<div class=\"elementor-widget-wrap elementor-element-populated\">\n\t\t\t\t\t\t<div class=\"elementor-element elementor-element-ce6a048 elementor-widget elementor-widget-exhibz-speaker\" data-id=\"ce6a048\" data-element_type=\"widget\" data-settings=\"{&quot;ekit_we_effect_on&quot;:&quot;none&quot;}\" data-widget_type=\"exhibz-speaker.default\">\n\t\t\t\t<div class=\"elementor-widget-container\">\n\t\t\t\t\t\t\t\t            <div class=\"ts-speaker\" style=\"--speaker-color: #25cd44\">\n                <div class=\"speaker-img\">\n\t\t\t\t\t                        <img decoding=\"async\" src=\"https:\/\/u-auben.com\/colloques\/wp-content\/uploads\/2025\/10\/Pr-SIE-Oumarou.png\"\n                             alt=\"\">\n\t\t\t\t\t                    <a href=\"#popup_ce6a048244\"\n                       class=\"view-speaker ts-image-popup\" data-effect=\"mfp-zoom-in\">\n                        <i class=\"icon icon-plus\"><\/i>\n                    <\/a>\n                <\/div>\n                <div class=\"ts-speaker-info\">\n                    <h3 class=\"ts-title\">\n                        <a href=\"https:\/\/u-auben.com\/colloques\/speaker\/pr-oumarou-sie\/\"> Pr Oumarou SIE <\/a>\n                    <\/h3>\n                    <p>\n\t\t\t\t\t\tUniversit\u00e9 Aube nouvelle, Burkina Faso                     <\/p>\n                <\/div>\n                <!--- speaker info end -->\n                <!-- popup start-->\n                <div id=\"popup_ce6a048244\"\n                     class=\"container ts-speaker-popup mfp-hide\">\n                    <div class=\"row\">\n                        <div class=\"col-lg-6\">\n                            <div class=\"ts-speaker-popup-img\">\n\t\t\t\t\t\t\t\t                                    <img decoding=\"async\" src=\"https:\/\/u-auben.com\/colloques\/wp-content\/uploads\/2025\/10\/Pr-SIE-Oumarou.png\"\n                                         alt=\"\">\n\t\t\t\t\t\t\t\t                            <\/div>\n                        <\/div>\n                        <!-- col end-->\n                        <div class=\"col-lg-6\">\n                            <div class=\"ts-speaker-popup-content\">\n                                <h3 class=\"ts-title\"><a\n                                            href=\"https:\/\/u-auben.com\/colloques\/speaker\/pr-oumarou-sie\/\"> Pr Oumarou SIE <\/a>\n                                <\/h3>\n                                <span class=\"speakder-designation\"> Universit\u00e9 Aube nouvelle, Burkina Faso <\/span>\n\t\t\t\t\t\t\t\t                                    <img decoding=\"async\" src=\"\"\n                                         alt=\"\">\n\t\t\t\t\t\t\t\t                                <p>\n\t\t\t\t\t\t\t\t\t<a href=\"https:\/\/www.google.com\/search?q=Pr+oumarou+sie+portrait&amp;sca_esv=466299774e926d41&amp;biw=1920&amp;bih=919&amp;sxsrf=AE3TifNI8sJPoa68T53HI1srSAo0v2MKMg%3A1761226189491&amp;ei=zS36aKPeHd6LhbIP1eH0mQc&amp;ved=0ahUKEwjj-JLrtrqQAxXeRUEAHdUwPXMQ4dUDCBE&amp;uact=5&amp;oq=Pr+oumarou+sie+portrait&amp;gs_lp=Egxnd3Mtd2l6LXNlcnAiF1ByIG91bWFyb3Ugc2llIHBvcnRyYWl0MgUQIRigAUjSIVCPCFj2HHABeAGQAQCYAZQCoAHcEKoBAzItObgBA8gBAPgBAZgCCaACog_CAgcQIxiwAxgnwgIKEAAYRxjWBBiwA8ICBBAjGCfCAgYQABgWGB7CAggQABiABBiiBMICBRAAGO8FwgIIEAAYiQUYogTCAgcQIRgKGKABmAMAiAYBkAYJkgcFMS4wLjigB98QsgcDMi04uAeYD8IHBzAuNy4xLjHIBxc&amp;sclient=gws-wiz-serp\" target=\"_blank\" rel=\"noopener\"><i>Parcours du Pr Oumarou SIE<\/i><\/a>                                <\/p>\n                                <div class=\"ts-speakers-social\">\n\t\t\t\t\t\t\t\t\t\t\t\t\t\t\t\t\t\t\t                                            <a href=\"#\"\n                                               target=\"_blank\" rel=\"noreferrer\">\n                                                <i class=\"icon icon-facebook\"><\/i>\n                                            <\/a>\n\t\t\t\t\t\t\t\t\t\t                                            <a href=\"#\"\n                                               target=\"_blank\" rel=\"noreferrer\">\n                                                <i class=\"icon icon-twitter\"><\/i>\n                                            <\/a>\n\t\t\t\t\t\t\t\t\t\t                                            <a href=\"#\"\n                                               target=\"_blank\" rel=\"noreferrer\">\n                                                <i class=\"icon icon-instagram\"><\/i>\n                                            <\/a>\n\t\t\t\t\t\t\t\t\t\t                                            <a href=\"#\"\n                                               target=\"_blank\" rel=\"noreferrer\">\n                                                <i class=\"icon icon-linkedin\"><\/i>\n                                            <\/a>\n\t\t\t\t\t\t\t\t\t\t\t\t\t\t\t\t\t\t\t                                <\/div>\n                            <\/div>\n                            <!-- ts-speaker-popup-content end-->\n                        <\/div>\n                        <!-- col end-->\n                    <\/div>\n                    <!-- row end-->\n                <\/div>\n                <!-- popup end-->\n            <\/div>\n            <!-- ts-speaker end  -->\n\t\t\n\n\t\t\t\n\t\t\t\n\t\t\t\n\n\t\t\t\t\t\t<\/div>\n\t\t\t\t<\/div>\n\t\t\t\t\t<\/div>\n\t\t<\/div>\n\t\t\t\t<div class=\"elementor-column elementor-col-25 elementor-inner-column elementor-element elementor-element-233f015\" data-id=\"233f015\" data-element_type=\"column\">\n\t\t\t<div class=\"elementor-widget-wrap elementor-element-populated\">\n\t\t\t\t\t\t<div class=\"elementor-element elementor-element-8a41766 elementor-widget elementor-widget-exhibz-speaker\" data-id=\"8a41766\" data-element_type=\"widget\" data-settings=\"{&quot;ekit_we_effect_on&quot;:&quot;none&quot;}\" data-widget_type=\"exhibz-speaker.default\">\n\t\t\t\t<div class=\"elementor-widget-container\">\n\t\t\t\t\t\t\t\t            <div class=\"ts-speaker\" style=\"--speaker-color: #25cd44\">\n                <div class=\"speaker-img\">\n\t\t\t\t\t                        <img decoding=\"async\" src=\"https:\/\/u-auben.com\/colloques\/wp-content\/uploads\/2025\/10\/Pr-Idrissa-OUEDRAOGO.jpg\"\n                             alt=\"\">\n\t\t\t\t\t                    <a href=\"#popup_8a41766246\"\n                       class=\"view-speaker ts-image-popup\" data-effect=\"mfp-zoom-in\">\n                        <i class=\"icon icon-plus\"><\/i>\n                    <\/a>\n                <\/div>\n                <div class=\"ts-speaker-info\">\n                    <h3 class=\"ts-title\">\n                        <a href=\"https:\/\/u-auben.com\/colloques\/speaker\/pr-idrissa-oueraogo\/\"> Pr Idrissa OUERAOGO <\/a>\n                    <\/h3>\n                    <p>\n\t\t\t\t\t\tUniversit\u00e9 Aube nouvelle, Burkina Faso                     <\/p>\n                <\/div>\n                <!--- speaker info end -->\n                <!-- popup start-->\n                <div id=\"popup_8a41766246\"\n                     class=\"container ts-speaker-popup mfp-hide\">\n                    <div class=\"row\">\n                        <div class=\"col-lg-6\">\n                            <div class=\"ts-speaker-popup-img\">\n\t\t\t\t\t\t\t\t                                    <img decoding=\"async\" src=\"https:\/\/u-auben.com\/colloques\/wp-content\/uploads\/2025\/10\/Pr-Idrissa-OUEDRAOGO.jpg\"\n                                         alt=\"\">\n\t\t\t\t\t\t\t\t                            <\/div>\n                        <\/div>\n                        <!-- col end-->\n                        <div class=\"col-lg-6\">\n                            <div class=\"ts-speaker-popup-content\">\n                                <h3 class=\"ts-title\"><a\n                                            href=\"https:\/\/u-auben.com\/colloques\/speaker\/pr-idrissa-oueraogo\/\"> Pr Idrissa OUERAOGO <\/a>\n                                <\/h3>\n                                <span class=\"speakder-designation\"> Universit\u00e9 Aube nouvelle, Burkina Faso <\/span>\n\t\t\t\t\t\t\t\t                                    <img decoding=\"async\" src=\"\"\n                                         alt=\"\">\n\t\t\t\t\t\t\t\t                                <p>\n\t\t\t\t\t\t\t\t\t<a href=\"https:\/\/shs.cairn.info\/publications-de-idrissa-m-ouedraogo--705849?lang=fr\" target=\"_blank\" rel=\"noopener\">A propos du Pr Idrissa M. OUEDRAOGO<\/a>                                <\/p>\n                                <div class=\"ts-speakers-social\">\n\t\t\t\t\t\t\t\t\t\t\t\t\t\t\t\t\t\t\t                                            <a href=\"#\"\n                                               target=\"_blank\" rel=\"noreferrer\">\n                                                <i class=\"icon icon-facebook\"><\/i>\n                                            <\/a>\n\t\t\t\t\t\t\t\t\t\t                                            <a href=\"#\"\n                                               target=\"_blank\" rel=\"noreferrer\">\n                                                <i class=\"icon icon-twitter\"><\/i>\n                                            <\/a>\n\t\t\t\t\t\t\t\t\t\t                                            <a href=\"#\"\n                                               target=\"_blank\" rel=\"noreferrer\">\n                                                <i class=\"icon icon-instagram\"><\/i>\n                                            <\/a>\n\t\t\t\t\t\t\t\t\t\t                                            <a href=\"#\"\n                                               target=\"_blank\" rel=\"noreferrer\">\n                                                <i class=\"icon icon-linkedin\"><\/i>\n                                            <\/a>\n\t\t\t\t\t\t\t\t\t\t\t\t\t\t\t\t\t\t\t                                <\/div>\n                            <\/div>\n                            <!-- ts-speaker-popup-content end-->\n                        <\/div>\n                        <!-- col end-->\n                    <\/div>\n                    <!-- row end-->\n                <\/div>\n                <!-- popup end-->\n            <\/div>\n            <!-- ts-speaker end  -->\n\t\t\n\n\t\t\t\n\t\t\t\n\t\t\t\n\n\t\t\t\t\t\t<\/div>\n\t\t\t\t<\/div>\n\t\t\t\t\t<\/div>\n\t\t<\/div>\n\t\t\t\t<div class=\"elementor-column elementor-col-25 elementor-inner-column elementor-element elementor-element-85d32b0 elementor-hidden-tablet elementor-hidden-mobile\" data-id=\"85d32b0\" data-element_type=\"column\">\n\t\t\t<div class=\"elementor-widget-wrap elementor-element-populated\">\n\t\t\t\t\t\t<div class=\"elementor-element elementor-element-5356655 elementor-widget elementor-widget-exhibz-speaker\" data-id=\"5356655\" data-element_type=\"widget\" data-settings=\"{&quot;ekit_we_effect_on&quot;:&quot;none&quot;}\" data-widget_type=\"exhibz-speaker.default\">\n\t\t\t\t<div class=\"elementor-widget-container\">\n\t\t\t\t\t\t\t\t            <div class=\"ts-speaker\" style=\"--speaker-color: #25CD44\">\n                <div class=\"speaker-img\">\n\t\t\t\t\t                        <img decoding=\"async\" src=\"https:\/\/u-auben.com\/colloques\/wp-content\/uploads\/2025\/10\/Pr-Adama-DIAW.jpg\"\n                             alt=\"\">\n\t\t\t\t\t                    <a href=\"#popup_53566552639\"\n                       class=\"view-speaker ts-image-popup\" data-effect=\"mfp-zoom-in\">\n                        <i class=\"icon icon-plus\"><\/i>\n                    <\/a>\n                <\/div>\n                <div class=\"ts-speaker-info\">\n                    <h3 class=\"ts-title\">\n                        <a href=\"https:\/\/u-auben.com\/colloques\/speaker\/pr-adama-diaw\/\"> Pr Adama DIAW <\/a>\n                    <\/h3>\n                    <p>\n\t\t\t\t\t\tUniversit\u00e9 Gaston Berger, S\u00e9n\u00e9gal                    <\/p>\n                <\/div>\n                <!--- speaker info end -->\n                <!-- popup start-->\n                <div id=\"popup_53566552639\"\n                     class=\"container ts-speaker-popup mfp-hide\">\n                    <div class=\"row\">\n                        <div class=\"col-lg-6\">\n                            <div class=\"ts-speaker-popup-img\">\n\t\t\t\t\t\t\t\t                                    <img decoding=\"async\" src=\"https:\/\/u-auben.com\/colloques\/wp-content\/uploads\/2025\/10\/Pr-Adama-DIAW.jpg\"\n                                         alt=\"\">\n\t\t\t\t\t\t\t\t                            <\/div>\n                        <\/div>\n                        <!-- col end-->\n                        <div class=\"col-lg-6\">\n                            <div class=\"ts-speaker-popup-content\">\n                                <h3 class=\"ts-title\"><a\n                                            href=\"https:\/\/u-auben.com\/colloques\/speaker\/pr-adama-diaw\/\"> Pr Adama DIAW <\/a>\n                                <\/h3>\n                                <span class=\"speakder-designation\"> Universit\u00e9 Gaston Berger, S\u00e9n\u00e9gal<\/span>\n\t\t\t\t\t\t\t\t                                    <img decoding=\"async\" src=\"\"\n                                         alt=\"\">\n\t\t\t\t\t\t\t\t                                <p>\n\t\t\t\t\t\t\t\t\t<a href=\"https:\/\/www9.ugb.sn\/actualites\/1957-portrait-du-professeur-adama-diaw.html\" target=\"_blank\" rel=\"noopener\">Portrait du Pr Adama DIAWARA<\/a>                                <\/p>\n                                <div class=\"ts-speakers-social\">\n\t\t\t\t\t\t\t\t\t\t\t\t\t\t\t\t\t\t\t\t\t\t\t\t\t\t\t\t                                <\/div>\n                            <\/div>\n                            <!-- ts-speaker-popup-content end-->\n                        <\/div>\n                        <!-- col end-->\n                    <\/div>\n                    <!-- row end-->\n                <\/div>\n                <!-- popup end-->\n            <\/div>\n            <!-- ts-speaker end  -->\n\t\t\n\n\t\t\t\n\t\t\t\n\t\t\t\n\n\t\t\t\t\t\t<\/div>\n\t\t\t\t<\/div>\n\t\t\t\t\t<\/div>\n\t\t<\/div>\n\t\t\t\t<div class=\"elementor-column elementor-col-25 elementor-inner-column elementor-element elementor-element-6fa2624 elementor-hidden-tablet elementor-hidden-mobile\" data-id=\"6fa2624\" data-element_type=\"column\">\n\t\t\t<div class=\"elementor-widget-wrap elementor-element-populated\">\n\t\t\t\t\t\t<div class=\"elementor-element elementor-element-f3c11e9 elementor-widget elementor-widget-exhibz-speaker\" data-id=\"f3c11e9\" data-element_type=\"widget\" data-settings=\"{&quot;ekit_we_effect_on&quot;:&quot;none&quot;}\" data-widget_type=\"exhibz-speaker.default\">\n\t\t\t\t<div class=\"elementor-widget-container\">\n\t\t\t\t\t\t\t\t            <div class=\"ts-speaker\" style=\"--speaker-color: #25CD44\">\n                <div class=\"speaker-img\">\n\t\t\t\t\t                        <img decoding=\"async\" src=\"https:\/\/u-auben.com\/colloques\/wp-content\/uploads\/2025\/10\/Pr-Moulay-AKHLOUFI.jpg\"\n                             alt=\"\">\n\t\t\t\t\t                    <a href=\"#popup_f3c11e92657\"\n                       class=\"view-speaker ts-image-popup\" data-effect=\"mfp-zoom-in\">\n                        <i class=\"icon icon-plus\"><\/i>\n                    <\/a>\n                <\/div>\n                <div class=\"ts-speaker-info\">\n                    <h3 class=\"ts-title\">\n                        <a href=\"https:\/\/u-auben.com\/colloques\/speaker\/pr-moulay-akhloufi\/\"> Pr Moulay AKHLOUFI <\/a>\n                    <\/h3>\n                    <p>\n\t\t\t\t\t\tUniversit\u00e9 de Moncton, Canada                    <\/p>\n                <\/div>\n                <!--- speaker info end -->\n                <!-- popup start-->\n                <div id=\"popup_f3c11e92657\"\n                     class=\"container ts-speaker-popup mfp-hide\">\n                    <div class=\"row\">\n                        <div class=\"col-lg-6\">\n                            <div class=\"ts-speaker-popup-img\">\n\t\t\t\t\t\t\t\t                                    <img decoding=\"async\" src=\"https:\/\/u-auben.com\/colloques\/wp-content\/uploads\/2025\/10\/Pr-Moulay-AKHLOUFI.jpg\"\n                                         alt=\"\">\n\t\t\t\t\t\t\t\t                            <\/div>\n                        <\/div>\n                        <!-- col end-->\n                        <div class=\"col-lg-6\">\n                            <div class=\"ts-speaker-popup-content\">\n                                <h3 class=\"ts-title\"><a\n                                            href=\"https:\/\/u-auben.com\/colloques\/speaker\/pr-moulay-akhloufi\/\"> Pr Moulay AKHLOUFI <\/a>\n                                <\/h3>\n                                <span class=\"speakder-designation\"> Universit\u00e9 de Moncton, Canada<\/span>\n\t\t\t\t\t\t\t\t                                    <img decoding=\"async\" src=\"\"\n                                         alt=\"\">\n\t\t\t\t\t\t\t\t                                <p>\n\t\t\t\t\t\t\t\t\t<a href=\"https:\/\/researchnb.ca\/fr\/le-professeur-moulay-akhloufi-detiendra-la-chaire-de-recherche-en-intelligence-artificielle-en-sante-a-luniversite-de-moncton\/\" target=\"_blank\" rel=\"noopener\">A propos de Pr Moulay AKHLOUFI<\/a>                                <\/p>\n                                <div class=\"ts-speakers-social\">\n\t\t\t\t\t\t\t\t\t\t\t\t\t\t\t\t\t\t\t\t\t\t\t\t\t\t\t\t                                <\/div>\n                            <\/div>\n                            <!-- ts-speaker-popup-content end-->\n                        <\/div>\n                        <!-- col end-->\n                    <\/div>\n                    <!-- row end-->\n                <\/div>\n                <!-- popup end-->\n            <\/div>\n            <!-- ts-speaker end  -->\n\t\t\n\n\t\t\t\n\t\t\t\n\t\t\t\n\n\t\t\t\t\t\t<\/div>\n\t\t\t\t<\/div>\n\t\t\t\t\t<\/div>\n\t\t<\/div>\n\t\t\t\t\t<\/div>\n\t\t<\/section>\n\t\t\t\t<section data-particle_enable=\"false\" data-particle-mobile-disabled=\"false\" class=\"elementor-section elementor-inner-section elementor-element elementor-element-54aa64c elementor-hidden-tablet elementor-hidden-mobile elementor-section-boxed elementor-section-height-default elementor-section-height-default elementor-invisible\" data-id=\"54aa64c\" data-element_type=\"section\" data-settings=\"{&quot;animation&quot;:&quot;slideInUp&quot;,&quot;animation_delay&quot;:450,&quot;ekit_has_onepagescroll_dot&quot;:&quot;yes&quot;}\">\n\t\t\t\t\t\t<div class=\"elementor-container elementor-column-gap-default\">\n\t\t\t\t\t<div class=\"elementor-column elementor-col-25 elementor-inner-column elementor-element elementor-element-0814811\" data-id=\"0814811\" data-element_type=\"column\">\n\t\t\t<div class=\"elementor-widget-wrap elementor-element-populated\">\n\t\t\t\t\t\t<div class=\"elementor-element elementor-element-3436ab7 elementor-widget elementor-widget-exhibz-speaker\" data-id=\"3436ab7\" data-element_type=\"widget\" data-settings=\"{&quot;ekit_we_effect_on&quot;:&quot;none&quot;}\" data-widget_type=\"exhibz-speaker.default\">\n\t\t\t\t<div class=\"elementor-widget-container\">\n\t\t\t\t\t\t\t\t            <div class=\"ts-speaker\" style=\"--speaker-color: #25CD44\">\n                <div class=\"speaker-img\">\n\t\t\t\t\t                        <img decoding=\"async\" src=\"https:\/\/u-auben.com\/colloques\/wp-content\/uploads\/2025\/10\/Pesqueux-Yvon.jpg\"\n                             alt=\"\">\n\t\t\t\t\t                    <a href=\"#popup_3436ab72665\"\n                       class=\"view-speaker ts-image-popup\" data-effect=\"mfp-zoom-in\">\n                        <i class=\"icon icon-plus\"><\/i>\n                    <\/a>\n                <\/div>\n                <div class=\"ts-speaker-info\">\n                    <h3 class=\"ts-title\">\n                        <a href=\"https:\/\/u-auben.com\/colloques\/speaker\/pr-yvon-pesqueux\/\"> Pr Yvon Pesqueux <\/a>\n                    <\/h3>\n                    <p>\n\t\t\t\t\t\tCNAM, France                    <\/p>\n                <\/div>\n                <!--- speaker info end -->\n                <!-- popup start-->\n                <div id=\"popup_3436ab72665\"\n                     class=\"container ts-speaker-popup mfp-hide\">\n                    <div class=\"row\">\n                        <div class=\"col-lg-6\">\n                            <div class=\"ts-speaker-popup-img\">\n\t\t\t\t\t\t\t\t                                    <img decoding=\"async\" src=\"https:\/\/u-auben.com\/colloques\/wp-content\/uploads\/2025\/10\/Pesqueux-Yvon.jpg\"\n                                         alt=\"\">\n\t\t\t\t\t\t\t\t                            <\/div>\n                        <\/div>\n                        <!-- col end-->\n                        <div class=\"col-lg-6\">\n                            <div class=\"ts-speaker-popup-content\">\n                                <h3 class=\"ts-title\"><a\n                                            href=\"https:\/\/u-auben.com\/colloques\/speaker\/pr-yvon-pesqueux\/\"> Pr Yvon Pesqueux <\/a>\n                                <\/h3>\n                                <span class=\"speakder-designation\"> CNAM, France<\/span>\n\t\t\t\t\t\t\t\t                                    <img decoding=\"async\" src=\"\"\n                                         alt=\"\">\n\t\t\t\t\t\t\t\t                                <p>\n\t\t\t\t\t\t\t\t\t<a href=\"https:\/\/fr.wikipedia.org\/wiki\/Yvon_Pesqueux#:~:text=Yvon%20Pesqueux\" target=\"_blank\" rel=\"noopener\">A propos de Pr Yvon Pesqueux<\/a>                                <\/p>\n                                <div class=\"ts-speakers-social\">\n\t\t\t\t\t\t\t\t\t\t\t\t\t\t\t\t\t\t\t\t\t\t\t\t\t\t\t\t                                <\/div>\n                            <\/div>\n                            <!-- ts-speaker-popup-content end-->\n                        <\/div>\n                        <!-- col end-->\n                    <\/div>\n                    <!-- row end-->\n                <\/div>\n                <!-- popup end-->\n            <\/div>\n            <!-- ts-speaker end  -->\n\t\t\n\n\t\t\t\n\t\t\t\n\t\t\t\n\n\t\t\t\t\t\t<\/div>\n\t\t\t\t<\/div>\n\t\t\t\t<div class=\"elementor-element elementor-element-56eeb40 elementor-widget elementor-widget-exhibz-speaker\" data-id=\"56eeb40\" data-element_type=\"widget\" data-settings=\"{&quot;ekit_we_effect_on&quot;:&quot;none&quot;}\" data-widget_type=\"exhibz-speaker.default\">\n\t\t\t\t<div class=\"elementor-widget-container\">\n\t\t\t\t\t\t\t\t            <div class=\"ts-speaker\" style=\"--speaker-color: #25CD44\">\n                <div class=\"speaker-img\">\n\t\t\t\t\t                        <img decoding=\"async\" src=\"https:\/\/u-auben.com\/colloques\/wp-content\/uploads\/2025\/10\/Pr-Charlemagne-B-IGUE.jpg\"\n                             alt=\"\">\n\t\t\t\t\t                    <a href=\"#popup_56eeb402696\"\n                       class=\"view-speaker ts-image-popup\" data-effect=\"mfp-zoom-in\">\n                        <i class=\"icon icon-plus\"><\/i>\n                    <\/a>\n                <\/div>\n                <div class=\"ts-speaker-info\">\n                    <h3 class=\"ts-title\">\n                        <a href=\"https:\/\/u-auben.com\/colloques\/speaker\/pr-charlemagne-babatounde-igue\/\"> Pr Charlemagne Babatound\u00e9 IGUE <\/a>\n                    <\/h3>\n                    <p>\n\t\t\t\t\t\tUniversit\u00e9 Abomey Calavi, Benin                    <\/p>\n                <\/div>\n                <!--- speaker info end -->\n                <!-- popup start-->\n                <div id=\"popup_56eeb402696\"\n                     class=\"container ts-speaker-popup mfp-hide\">\n                    <div class=\"row\">\n                        <div class=\"col-lg-6\">\n                            <div class=\"ts-speaker-popup-img\">\n\t\t\t\t\t\t\t\t                                    <img decoding=\"async\" src=\"https:\/\/u-auben.com\/colloques\/wp-content\/uploads\/2025\/10\/Pr-Charlemagne-B-IGUE.jpg\"\n                                         alt=\"\">\n\t\t\t\t\t\t\t\t                            <\/div>\n                        <\/div>\n                        <!-- col end-->\n                        <div class=\"col-lg-6\">\n                            <div class=\"ts-speaker-popup-content\">\n                                <h3 class=\"ts-title\"><a\n                                            href=\"https:\/\/u-auben.com\/colloques\/speaker\/pr-charlemagne-babatounde-igue\/\"> Pr Charlemagne Babatound\u00e9 IGUE <\/a>\n                                <\/h3>\n                                <span class=\"speakder-designation\"> Universit\u00e9 Abomey Calavi, Benin<\/span>\n\t\t\t\t\t\t\t\t                                    <img decoding=\"async\" src=\"\"\n                                         alt=\"\">\n\t\t\t\t\t\t\t\t                                <p>\n\t\t\t\t\t\t\t\t\t<a href=\"https:\/\/scholar.google.com\/citations?user=39nz7pkAAAAJ&amp;hl=fr\" target=\"_blank\" rel=\"noopener\">A propos de Pr Charlemagne Babatound\u00e9 IGUE<\/a>                                <\/p>\n                                <div class=\"ts-speakers-social\">\n\t\t\t\t\t\t\t\t\t\t\t\t\t\t\t\t\t\t\t\t\t\t\t\t\t\t\t\t                                <\/div>\n                            <\/div>\n                            <!-- ts-speaker-popup-content end-->\n                        <\/div>\n                        <!-- col end-->\n                    <\/div>\n                    <!-- row end-->\n                <\/div>\n                <!-- popup end-->\n            <\/div>\n            <!-- ts-speaker end  -->\n\t\t\n\n\t\t\t\n\t\t\t\n\t\t\t\n\n\t\t\t\t\t\t<\/div>\n\t\t\t\t<\/div>\n\t\t\t\t<div class=\"elementor-element elementor-element-86c74a3 elementor-widget elementor-widget-exhibz-speaker\" data-id=\"86c74a3\" data-element_type=\"widget\" data-settings=\"{&quot;ekit_we_effect_on&quot;:&quot;none&quot;}\" data-widget_type=\"exhibz-speaker.default\">\n\t\t\t\t<div class=\"elementor-widget-container\">\n\t\t\t\t\t\t\t\t            <div class=\"ts-speaker\" style=\"--speaker-color: #25CD44\">\n                <div class=\"speaker-img\">\n\t\t\t\t\t                        <img decoding=\"async\" src=\"https:\/\/u-auben.com\/colloques\/wp-content\/uploads\/2025\/10\/So-Ousseni.jpg\"\n                             alt=\"\">\n\t\t\t\t\t                    <a href=\"#popup_86c74a32719\"\n                       class=\"view-speaker ts-image-popup\" data-effect=\"mfp-zoom-in\">\n                        <i class=\"icon icon-plus\"><\/i>\n                    <\/a>\n                <\/div>\n                <div class=\"ts-speaker-info\">\n                    <h3 class=\"ts-title\">\n                        <a href=\"https:\/\/u-auben.com\/colloques\/speaker\/pr-ousseni-so\/\"> Pr Ousseni SO <\/a>\n                    <\/h3>\n                    <p>\n\t\t\t\t\t\tEcole Normale Sup\u00e9rieure, Burkina Faso                    <\/p>\n                <\/div>\n                <!--- speaker info end -->\n                <!-- popup start-->\n                <div id=\"popup_86c74a32719\"\n                     class=\"container ts-speaker-popup mfp-hide\">\n                    <div class=\"row\">\n                        <div class=\"col-lg-6\">\n                            <div class=\"ts-speaker-popup-img\">\n\t\t\t\t\t\t\t\t                                    <img decoding=\"async\" src=\"https:\/\/u-auben.com\/colloques\/wp-content\/uploads\/2025\/10\/So-Ousseni.jpg\"\n                                         alt=\"\">\n\t\t\t\t\t\t\t\t                            <\/div>\n                        <\/div>\n                        <!-- col end-->\n                        <div class=\"col-lg-6\">\n                            <div class=\"ts-speaker-popup-content\">\n                                <h3 class=\"ts-title\"><a\n                                            href=\"https:\/\/u-auben.com\/colloques\/speaker\/pr-ousseni-so\/\"> Pr Ousseni SO <\/a>\n                                <\/h3>\n                                <span class=\"speakder-designation\"> Ecole Normale Sup\u00e9rieure, Burkina Faso<\/span>\n\t\t\t\t\t\t\t\t                                    <img decoding=\"async\" src=\"\"\n                                         alt=\"\">\n\t\t\t\t\t\t\t\t                                <p>\n\t\t\t\t\t\t\t\t\t<a href=\"https:\/\/www.researchgate.net\/profile\/So-Ousseni\" target=\"_blank\" rel=\"noopener\">A propos de Pr Ousseni SO<\/a>                                <\/p>\n                                <div class=\"ts-speakers-social\">\n\t\t\t\t\t\t\t\t\t\t\t\t\t\t\t\t\t\t\t\t\t\t\t\t\t\t\t\t                                <\/div>\n                            <\/div>\n                            <!-- ts-speaker-popup-content end-->\n                        <\/div>\n                        <!-- col end-->\n                    <\/div>\n                    <!-- row end-->\n                <\/div>\n                <!-- popup end-->\n            <\/div>\n            <!-- ts-speaker end  -->\n\t\t\n\n\t\t\t\n\t\t\t\n\t\t\t\n\n\t\t\t\t\t\t<\/div>\n\t\t\t\t<\/div>\n\t\t\t\t<div class=\"elementor-element elementor-element-10e8cdb elementor-widget elementor-widget-exhibz-speaker\" data-id=\"10e8cdb\" data-element_type=\"widget\" data-settings=\"{&quot;ekit_we_effect_on&quot;:&quot;none&quot;}\" data-widget_type=\"exhibz-speaker.default\">\n\t\t\t\t<div class=\"elementor-widget-container\">\n\t\t\t\t\t\t\t\t            <div class=\"ts-speaker\" style=\"--speaker-color: #25CD44\">\n                <div class=\"speaker-img\">\n\t\t\t\t\t                        <img decoding=\"async\" src=\"https:\/\/u-auben.com\/colloques\/wp-content\/uploads\/2025\/10\/mbenda_moungou_sabine.jpg\"\n                             alt=\"\">\n\t\t\t\t\t                    <a href=\"#popup_10e8cdb2743\"\n                       class=\"view-speaker ts-image-popup\" data-effect=\"mfp-zoom-in\">\n                        <i class=\"icon icon-plus\"><\/i>\n                    <\/a>\n                <\/div>\n                <div class=\"ts-speaker-info\">\n                    <h3 class=\"ts-title\">\n                        <a href=\"https:\/\/u-auben.com\/colloques\/speaker\/pr-sabine-patricia-moungou-mbenda\/\"> Pr Sabine-Patricia MOUNGOU MBENDA <\/a>\n                    <\/h3>\n                    <p>\n\t\t\t\t\t\tUniversit\u00e9 de Yaound\u00e9 2, Cameroun                    <\/p>\n                <\/div>\n                <!--- speaker info end -->\n                <!-- popup start-->\n                <div id=\"popup_10e8cdb2743\"\n                     class=\"container ts-speaker-popup mfp-hide\">\n                    <div class=\"row\">\n                        <div class=\"col-lg-6\">\n                            <div class=\"ts-speaker-popup-img\">\n\t\t\t\t\t\t\t\t                                    <img decoding=\"async\" src=\"https:\/\/u-auben.com\/colloques\/wp-content\/uploads\/2025\/10\/mbenda_moungou_sabine.jpg\"\n                                         alt=\"\">\n\t\t\t\t\t\t\t\t                            <\/div>\n                        <\/div>\n                        <!-- col end-->\n                        <div class=\"col-lg-6\">\n                            <div class=\"ts-speaker-popup-content\">\n                                <h3 class=\"ts-title\"><a\n                                            href=\"https:\/\/u-auben.com\/colloques\/speaker\/pr-sabine-patricia-moungou-mbenda\/\"> Pr Sabine-Patricia MOUNGOU MBENDA <\/a>\n                                <\/h3>\n                                <span class=\"speakder-designation\"> Universit\u00e9 de Yaound\u00e9 2, Cameroun<\/span>\n\t\t\t\t\t\t\t\t                                    <img decoding=\"async\" src=\"\"\n                                         alt=\"\">\n\t\t\t\t\t\t\t\t                                <p>\n\t\t\t\t\t\t\t\t\t<a href=\"https:\/\/www.researchgate.net\/profile\/Moungou-Sabine-Patricia\" target=\"_blank\" rel=\"noopener\">A propos de Pr Sabine-Patricia MOUNGOU MBENDA<\/a>                                <\/p>\n                                <div class=\"ts-speakers-social\">\n\t\t\t\t\t\t\t\t\t\t\t\t\t\t\t\t\t\t\t\t\t\t\t\t\t\t\t\t                                <\/div>\n                            <\/div>\n                            <!-- ts-speaker-popup-content end-->\n                        <\/div>\n                        <!-- col end-->\n                    <\/div>\n                    <!-- row end-->\n                <\/div>\n                <!-- popup end-->\n            <\/div>\n            <!-- ts-speaker end  -->\n\t\t\n\n\t\t\t\n\t\t\t\n\t\t\t\n\n\t\t\t\t\t\t<\/div>\n\t\t\t\t<\/div>\n\t\t\t\t\t<\/div>\n\t\t<\/div>\n\t\t\t\t<div class=\"elementor-column elementor-col-25 elementor-inner-column elementor-element elementor-element-9789913\" data-id=\"9789913\" data-element_type=\"column\">\n\t\t\t<div class=\"elementor-widget-wrap elementor-element-populated\">\n\t\t\t\t\t\t<div class=\"elementor-element elementor-element-3dbb5b8 elementor-widget elementor-widget-exhibz-speaker\" data-id=\"3dbb5b8\" data-element_type=\"widget\" data-settings=\"{&quot;ekit_we_effect_on&quot;:&quot;none&quot;}\" data-widget_type=\"exhibz-speaker.default\">\n\t\t\t\t<div class=\"elementor-widget-container\">\n\t\t\t\t\t\t\t\t            <div class=\"ts-speaker\" style=\"--speaker-color: #25CD44\">\n                <div class=\"speaker-img\">\n\t\t\t\t\t                        <img decoding=\"async\" src=\"https:\/\/u-auben.com\/colloques\/wp-content\/uploads\/2025\/10\/Fatou-diop.png\"\n                             alt=\"\">\n\t\t\t\t\t                    <a href=\"#popup_3dbb5b82671\"\n                       class=\"view-speaker ts-image-popup\" data-effect=\"mfp-zoom-in\">\n                        <i class=\"icon icon-plus\"><\/i>\n                    <\/a>\n                <\/div>\n                <div class=\"ts-speaker-info\">\n                    <h3 class=\"ts-title\">\n                        <a href=\"https:\/\/u-auben.com\/colloques\/speaker\/pr-fatou-diop\/\"> Pr Fatou Diop <\/a>\n                    <\/h3>\n                    <p>\n\t\t\t\t\t\tUniversit\u00e9 Cheikh Anta Diop, S\u00e9n\u00e9gal                    <\/p>\n                <\/div>\n                <!--- speaker info end -->\n                <!-- popup start-->\n                <div id=\"popup_3dbb5b82671\"\n                     class=\"container ts-speaker-popup mfp-hide\">\n                    <div class=\"row\">\n                        <div class=\"col-lg-6\">\n                            <div class=\"ts-speaker-popup-img\">\n\t\t\t\t\t\t\t\t                                    <img decoding=\"async\" src=\"https:\/\/u-auben.com\/colloques\/wp-content\/uploads\/2025\/10\/Fatou-diop.png\"\n                                         alt=\"\">\n\t\t\t\t\t\t\t\t                            <\/div>\n                        <\/div>\n                        <!-- col end-->\n                        <div class=\"col-lg-6\">\n                            <div class=\"ts-speaker-popup-content\">\n                                <h3 class=\"ts-title\"><a\n                                            href=\"https:\/\/u-auben.com\/colloques\/speaker\/pr-fatou-diop\/\"> Pr Fatou Diop <\/a>\n                                <\/h3>\n                                <span class=\"speakder-designation\"> Universit\u00e9 Cheikh Anta Diop, S\u00e9n\u00e9gal<\/span>\n\t\t\t\t\t\t\t\t                                    <img decoding=\"async\" src=\"\"\n                                         alt=\"\">\n\t\t\t\t\t\t\t\t                                <p>\n\t\t\t\t\t\t\t\t\t<a href=\"https:\/\/annuairechercheurs.ucad.sn\/fatou2.diop\" target=\"_blank\" rel=\"noopener\">A propos de Pr Fatou Diop<\/a>                                <\/p>\n                                <div class=\"ts-speakers-social\">\n\t\t\t\t\t\t\t\t\t\t\t\t\t\t\t\t\t\t\t\t\t\t\t\t\t\t\t\t                                <\/div>\n                            <\/div>\n                            <!-- ts-speaker-popup-content end-->\n                        <\/div>\n                        <!-- col end-->\n                    <\/div>\n                    <!-- row end-->\n                <\/div>\n                <!-- popup end-->\n            <\/div>\n            <!-- ts-speaker end  -->\n\t\t\n\n\t\t\t\n\t\t\t\n\t\t\t\n\n\t\t\t\t\t\t<\/div>\n\t\t\t\t<\/div>\n\t\t\t\t<div class=\"elementor-element elementor-element-b96c0f8 elementor-widget elementor-widget-exhibz-speaker\" data-id=\"b96c0f8\" data-element_type=\"widget\" data-settings=\"{&quot;ekit_we_effect_on&quot;:&quot;none&quot;}\" data-widget_type=\"exhibz-speaker.default\">\n\t\t\t\t<div class=\"elementor-widget-container\">\n\t\t\t\t\t\t\t\t            <div class=\"ts-speaker\" style=\"--speaker-color: #25CD44\">\n                <div class=\"speaker-img\">\n\t\t\t\t\t                        <img decoding=\"async\" src=\"https:\/\/u-auben.com\/colloques\/wp-content\/uploads\/2025\/10\/Pr-MALAM.jpg\"\n                             alt=\"\">\n\t\t\t\t\t                    <a href=\"#popup_b96c0f82701\"\n                       class=\"view-speaker ts-image-popup\" data-effect=\"mfp-zoom-in\">\n                        <i class=\"icon icon-plus\"><\/i>\n                    <\/a>\n                <\/div>\n                <div class=\"ts-speaker-info\">\n                    <h3 class=\"ts-title\">\n                        <a href=\"https:\/\/u-auben.com\/colloques\/speaker\/pr-malam-maman-nafiou\/\"> Pr Malam Maman NAFIOU <\/a>\n                    <\/h3>\n                    <p>\n\t\t\t\t\t\tUniversit\u00e9 Abdou Moumouni, Niger                    <\/p>\n                <\/div>\n                <!--- speaker info end -->\n                <!-- popup start-->\n                <div id=\"popup_b96c0f82701\"\n                     class=\"container ts-speaker-popup mfp-hide\">\n                    <div class=\"row\">\n                        <div class=\"col-lg-6\">\n                            <div class=\"ts-speaker-popup-img\">\n\t\t\t\t\t\t\t\t                                    <img decoding=\"async\" src=\"https:\/\/u-auben.com\/colloques\/wp-content\/uploads\/2025\/10\/Pr-MALAM.jpg\"\n                                         alt=\"\">\n\t\t\t\t\t\t\t\t                            <\/div>\n                        <\/div>\n                        <!-- col end-->\n                        <div class=\"col-lg-6\">\n                            <div class=\"ts-speaker-popup-content\">\n                                <h3 class=\"ts-title\"><a\n                                            href=\"https:\/\/u-auben.com\/colloques\/speaker\/pr-malam-maman-nafiou\/\"> Pr Malam Maman NAFIOU <\/a>\n                                <\/h3>\n                                <span class=\"speakder-designation\"> Universit\u00e9 Abdou Moumouni, Niger<\/span>\n\t\t\t\t\t\t\t\t                                    <img decoding=\"async\" src=\"\"\n                                         alt=\"\">\n\t\t\t\t\t\t\t\t                                <p>\n\t\t\t\t\t\t\t\t\t<a href=\"https:\/\/www.lecames.org\/biographie-du-pr-maman-nafiou-malam-maman-president-du-cts-sciences-economiques-et-gestion-seg\/\" target=\"_blank\" rel=\"noopener\">A propos de Pr Malam Maman NAFIOU<\/a>                                <\/p>\n                                <div class=\"ts-speakers-social\">\n\t\t\t\t\t\t\t\t\t\t\t\t\t\t\t\t\t\t\t\t\t\t\t\t\t\t\t\t                                <\/div>\n                            <\/div>\n                            <!-- ts-speaker-popup-content end-->\n                        <\/div>\n                        <!-- col end-->\n                    <\/div>\n                    <!-- row end-->\n                <\/div>\n                <!-- popup end-->\n            <\/div>\n            <!-- ts-speaker end  -->\n\t\t\n\n\t\t\t\n\t\t\t\n\t\t\t\n\n\t\t\t\t\t\t<\/div>\n\t\t\t\t<\/div>\n\t\t\t\t<div class=\"elementor-element elementor-element-c05e8ec elementor-widget elementor-widget-exhibz-speaker\" data-id=\"c05e8ec\" data-element_type=\"widget\" data-settings=\"{&quot;ekit_we_effect_on&quot;:&quot;none&quot;}\" data-widget_type=\"exhibz-speaker.default\">\n\t\t\t\t<div class=\"elementor-widget-container\">\n\t\t\t\t\t\t\t\t            <div class=\"ts-speaker\" style=\"--speaker-color: #25CD44\">\n                <div class=\"speaker-img\">\n\t\t\t\t\t                        <img decoding=\"async\" src=\"https:\/\/u-auben.com\/colloques\/wp-content\/uploads\/2025\/10\/Samuel-Yonkeu.jpg\"\n                             alt=\"\">\n\t\t\t\t\t                    <a href=\"#popup_c05e8ec2724\"\n                       class=\"view-speaker ts-image-popup\" data-effect=\"mfp-zoom-in\">\n                        <i class=\"icon icon-plus\"><\/i>\n                    <\/a>\n                <\/div>\n                <div class=\"ts-speaker-info\">\n                    <h3 class=\"ts-title\">\n                        <a href=\"https:\/\/u-auben.com\/colloques\/speaker\/pr-samuel-yonkeu\/\"> Pr Samuel YONKEU <\/a>\n                    <\/h3>\n                    <p>\n\t\t\t\t\t\tUniversit\u00e9 Aube Nouvelle, Burkina Faso                    <\/p>\n                <\/div>\n                <!--- speaker info end -->\n                <!-- popup start-->\n                <div id=\"popup_c05e8ec2724\"\n                     class=\"container ts-speaker-popup mfp-hide\">\n                    <div class=\"row\">\n                        <div class=\"col-lg-6\">\n                            <div class=\"ts-speaker-popup-img\">\n\t\t\t\t\t\t\t\t                                    <img decoding=\"async\" src=\"https:\/\/u-auben.com\/colloques\/wp-content\/uploads\/2025\/10\/Samuel-Yonkeu.jpg\"\n                                         alt=\"\">\n\t\t\t\t\t\t\t\t                            <\/div>\n                        <\/div>\n                        <!-- col end-->\n                        <div class=\"col-lg-6\">\n                            <div class=\"ts-speaker-popup-content\">\n                                <h3 class=\"ts-title\"><a\n                                            href=\"https:\/\/u-auben.com\/colloques\/speaker\/pr-samuel-yonkeu\/\"> Pr Samuel YONKEU <\/a>\n                                <\/h3>\n                                <span class=\"speakder-designation\"> Universit\u00e9 Aube Nouvelle, Burkina Faso<\/span>\n\t\t\t\t\t\t\t\t                                    <img decoding=\"async\" src=\"\"\n                                         alt=\"\">\n\t\t\t\t\t\t\t\t                                <p>\n\t\t\t\t\t\t\t\t\t<a href=\"https:\/\/www.researchgate.net\/profile\/Samuel-Yonkeu\" target=\"_blank\" rel=\"noopener\">A propos de Pr Samuel YONKEU<\/a>                                <\/p>\n                                <div class=\"ts-speakers-social\">\n\t\t\t\t\t\t\t\t\t\t\t\t\t\t\t\t\t\t\t\t\t\t\t\t\t\t\t\t                                <\/div>\n                            <\/div>\n                            <!-- ts-speaker-popup-content end-->\n                        <\/div>\n                        <!-- col end-->\n                    <\/div>\n                    <!-- row end-->\n                <\/div>\n                <!-- popup end-->\n            <\/div>\n            <!-- ts-speaker end  -->\n\t\t\n\n\t\t\t\n\t\t\t\n\t\t\t\n\n\t\t\t\t\t\t<\/div>\n\t\t\t\t<\/div>\n\t\t\t\t<div class=\"elementor-element elementor-element-f80ea5b elementor-widget elementor-widget-exhibz-speaker\" data-id=\"f80ea5b\" data-element_type=\"widget\" data-settings=\"{&quot;ekit_we_effect_on&quot;:&quot;none&quot;}\" data-widget_type=\"exhibz-speaker.default\">\n\t\t\t\t<div class=\"elementor-widget-container\">\n\t\t\t\t\t\t\t\t            <div class=\"ts-speaker\" style=\"--speaker-color: #25CD44\">\n                <div class=\"speaker-img\">\n\t\t\t\t\t                        <img decoding=\"async\" src=\"https:\/\/u-auben.com\/colloques\/wp-content\/uploads\/2025\/10\/csm_Birahim-Gueye_1222486ffe.jpg\"\n                             alt=\"\">\n\t\t\t\t\t                    <a href=\"#popup_f80ea5b2766\"\n                       class=\"view-speaker ts-image-popup\" data-effect=\"mfp-zoom-in\">\n                        <i class=\"icon icon-plus\"><\/i>\n                    <\/a>\n                <\/div>\n                <div class=\"ts-speaker-info\">\n                    <h3 class=\"ts-title\">\n                        <a href=\"https:\/\/u-auben.com\/colloques\/speaker\/pr-birahim-gueye\/\"> Pr Birahim GUEYE <\/a>\n                    <\/h3>\n                    <p>\n\t\t\t\t\t\tUniversit\u00e9 Gaston Berger, S\u00e9n\u00e9gal                    <\/p>\n                <\/div>\n                <!--- speaker info end -->\n                <!-- popup start-->\n                <div id=\"popup_f80ea5b2766\"\n                     class=\"container ts-speaker-popup mfp-hide\">\n                    <div class=\"row\">\n                        <div class=\"col-lg-6\">\n                            <div class=\"ts-speaker-popup-img\">\n\t\t\t\t\t\t\t\t                                    <img decoding=\"async\" src=\"https:\/\/u-auben.com\/colloques\/wp-content\/uploads\/2025\/10\/csm_Birahim-Gueye_1222486ffe.jpg\"\n                                         alt=\"\">\n\t\t\t\t\t\t\t\t                            <\/div>\n                        <\/div>\n                        <!-- col end-->\n                        <div class=\"col-lg-6\">\n                            <div class=\"ts-speaker-popup-content\">\n                                <h3 class=\"ts-title\"><a\n                                            href=\"https:\/\/u-auben.com\/colloques\/speaker\/pr-birahim-gueye\/\"> Pr Birahim GUEYE <\/a>\n                                <\/h3>\n                                <span class=\"speakder-designation\"> Universit\u00e9 Gaston Berger, S\u00e9n\u00e9gal<\/span>\n\t\t\t\t\t\t\t\t                                    <img decoding=\"async\" src=\"\"\n                                         alt=\"\">\n\t\t\t\t\t\t\t\t                                <p>\n\t\t\t\t\t\t\t\t\t<a href=\"https:\/\/www.researchgate.net\/profile\/Birahim-Gueye\" target=\"_blank\" rel=\"noopener\">A propos de Pr Birahim GUEYE<\/a>                                <\/p>\n                                <div class=\"ts-speakers-social\">\n\t\t\t\t\t\t\t\t\t\t\t\t\t\t\t\t\t\t\t\t\t\t\t\t\t\t\t\t                                <\/div>\n                            <\/div>\n                            <!-- ts-speaker-popup-content end-->\n                        <\/div>\n                        <!-- col end-->\n                    <\/div>\n                    <!-- row end-->\n                <\/div>\n                <!-- popup end-->\n            <\/div>\n            <!-- ts-speaker end  -->\n\t\t\n\n\t\t\t\n\t\t\t\n\t\t\t\n\n\t\t\t\t\t\t<\/div>\n\t\t\t\t<\/div>\n\t\t\t\t\t<\/div>\n\t\t<\/div>\n\t\t\t\t<div class=\"elementor-column elementor-col-25 elementor-inner-column elementor-element elementor-element-2dd08ac\" data-id=\"2dd08ac\" data-element_type=\"column\">\n\t\t\t<div class=\"elementor-widget-wrap elementor-element-populated\">\n\t\t\t\t\t\t<div class=\"elementor-element elementor-element-0a6f8ed elementor-widget elementor-widget-exhibz-speaker\" data-id=\"0a6f8ed\" data-element_type=\"widget\" data-settings=\"{&quot;ekit_we_effect_on&quot;:&quot;none&quot;}\" data-widget_type=\"exhibz-speaker.default\">\n\t\t\t\t<div class=\"elementor-widget-container\">\n\t\t\t\t\t\t\t\t            <div class=\"ts-speaker\" style=\"--speaker-color: #25CD44\">\n                <div class=\"speaker-img\">\n\t\t\t\t\t                        <img decoding=\"async\" src=\"https:\/\/u-auben.com\/colloques\/wp-content\/uploads\/2025\/10\/Pr-Cherif-Sidy-KANE.jpg\"\n                             alt=\"\">\n\t\t\t\t\t                    <a href=\"#popup_0a6f8ed2679\"\n                       class=\"view-speaker ts-image-popup\" data-effect=\"mfp-zoom-in\">\n                        <i class=\"icon icon-plus\"><\/i>\n                    <\/a>\n                <\/div>\n                <div class=\"ts-speaker-info\">\n                    <h3 class=\"ts-title\">\n                        <a href=\"https:\/\/u-auben.com\/colloques\/speaker\/pr-cherif-sidy-kane\/\"> Pr Ch\u00e9rif Sidy KANE <\/a>\n                    <\/h3>\n                    <p>\n\t\t\t\t\t\tUniversit\u00e9 Cheick Anta Diop, S\u00e9n\u00e9gal                    <\/p>\n                <\/div>\n                <!--- speaker info end -->\n                <!-- popup start-->\n                <div id=\"popup_0a6f8ed2679\"\n                     class=\"container ts-speaker-popup mfp-hide\">\n                    <div class=\"row\">\n                        <div class=\"col-lg-6\">\n                            <div class=\"ts-speaker-popup-img\">\n\t\t\t\t\t\t\t\t                                    <img decoding=\"async\" src=\"https:\/\/u-auben.com\/colloques\/wp-content\/uploads\/2025\/10\/Pr-Cherif-Sidy-KANE.jpg\"\n                                         alt=\"\">\n\t\t\t\t\t\t\t\t                            <\/div>\n                        <\/div>\n                        <!-- col end-->\n                        <div class=\"col-lg-6\">\n                            <div class=\"ts-speaker-popup-content\">\n                                <h3 class=\"ts-title\"><a\n                                            href=\"https:\/\/u-auben.com\/colloques\/speaker\/pr-cherif-sidy-kane\/\"> Pr Ch\u00e9rif Sidy KANE <\/a>\n                                <\/h3>\n                                <span class=\"speakder-designation\"> Universit\u00e9 Cheick Anta Diop, S\u00e9n\u00e9gal<\/span>\n\t\t\t\t\t\t\t\t                                    <img decoding=\"async\" src=\"\"\n                                         alt=\"\">\n\t\t\t\t\t\t\t\t                                <p>\n\t\t\t\t\t\t\t\t\t<a href=\"https:\/\/annuairechercheurs.ucad.sn\/cherifsidy.kane\" target=\"_blank\" rel=\"noopener\">A propos de Pr Ch\u00e9rif Sidy KANE<\/a>                                <\/p>\n                                <div class=\"ts-speakers-social\">\n\t\t\t\t\t\t\t\t\t\t\t\t\t\t\t\t\t\t\t\t\t\t\t\t\t\t\t\t                                <\/div>\n                            <\/div>\n                            <!-- ts-speaker-popup-content end-->\n                        <\/div>\n                        <!-- col end-->\n                    <\/div>\n                    <!-- row end-->\n                <\/div>\n                <!-- popup end-->\n            <\/div>\n            <!-- ts-speaker end  -->\n\t\t\n\n\t\t\t\n\t\t\t\n\t\t\t\n\n\t\t\t\t\t\t<\/div>\n\t\t\t\t<\/div>\n\t\t\t\t<div class=\"elementor-element elementor-element-551fb95 elementor-widget elementor-widget-exhibz-speaker\" data-id=\"551fb95\" data-element_type=\"widget\" data-settings=\"{&quot;ekit_we_effect_on&quot;:&quot;none&quot;}\" data-widget_type=\"exhibz-speaker.default\">\n\t\t\t\t<div class=\"elementor-widget-container\">\n\t\t\t\t\t\t\t\t            <div class=\"ts-speaker\" style=\"--speaker-color: #25CD44\">\n                <div class=\"speaker-img\">\n\t\t\t\t\t                        <img decoding=\"async\" src=\"https:\/\/u-auben.com\/colloques\/wp-content\/uploads\/2025\/10\/Claude-Codja.jpg\"\n                             alt=\"\">\n\t\t\t\t\t                    <a href=\"#popup_551fb952709\"\n                       class=\"view-speaker ts-image-popup\" data-effect=\"mfp-zoom-in\">\n                        <i class=\"icon icon-plus\"><\/i>\n                    <\/a>\n                <\/div>\n                <div class=\"ts-speaker-info\">\n                    <h3 class=\"ts-title\">\n                        <a href=\"https:\/\/u-auben.com\/colloques\/speaker\/pr-codjia-claude\/\"> Pr Codjia Claude <\/a>\n                    <\/h3>\n                    <p>\n\t\t\t\t\t\tUniversit\u00e9 de Qu\u00e9bec \u00e0 Montreal, Canada                    <\/p>\n                <\/div>\n                <!--- speaker info end -->\n                <!-- popup start-->\n                <div id=\"popup_551fb952709\"\n                     class=\"container ts-speaker-popup mfp-hide\">\n                    <div class=\"row\">\n                        <div class=\"col-lg-6\">\n                            <div class=\"ts-speaker-popup-img\">\n\t\t\t\t\t\t\t\t                                    <img decoding=\"async\" src=\"https:\/\/u-auben.com\/colloques\/wp-content\/uploads\/2025\/10\/Claude-Codja.jpg\"\n                                         alt=\"\">\n\t\t\t\t\t\t\t\t                            <\/div>\n                        <\/div>\n                        <!-- col end-->\n                        <div class=\"col-lg-6\">\n                            <div class=\"ts-speaker-popup-content\">\n                                <h3 class=\"ts-title\"><a\n                                            href=\"https:\/\/u-auben.com\/colloques\/speaker\/pr-codjia-claude\/\"> Pr Codjia Claude <\/a>\n                                <\/h3>\n                                <span class=\"speakder-designation\"> Universit\u00e9 de Qu\u00e9bec \u00e0 Montreal, Canada<\/span>\n\t\t\t\t\t\t\t\t                                    <img decoding=\"async\" src=\"\"\n                                         alt=\"\">\n\t\t\t\t\t\t\t\t                                <p>\n\t\t\t\t\t\t\t\t\t<a href=\"https:\/\/professeurs.uqam.ca\/professeur\/codjia.claude\" target=\"_blank\" rel=\"noopener\">A propos de Pr Codjia Claude<\/a>                                <\/p>\n                                <div class=\"ts-speakers-social\">\n\t\t\t\t\t\t\t\t\t\t\t\t\t\t\t\t\t\t\t\t\t\t\t\t\t\t\t\t                                <\/div>\n                            <\/div>\n                            <!-- ts-speaker-popup-content end-->\n                        <\/div>\n                        <!-- col end-->\n                    <\/div>\n                    <!-- row end-->\n                <\/div>\n                <!-- popup end-->\n            <\/div>\n            <!-- ts-speaker end  -->\n\t\t\n\n\t\t\t\n\t\t\t\n\t\t\t\n\n\t\t\t\t\t\t<\/div>\n\t\t\t\t<\/div>\n\t\t\t\t<div class=\"elementor-element elementor-element-fc2be41 elementor-widget elementor-widget-exhibz-speaker\" data-id=\"fc2be41\" data-element_type=\"widget\" data-settings=\"{&quot;ekit_we_effect_on&quot;:&quot;none&quot;}\" data-widget_type=\"exhibz-speaker.default\">\n\t\t\t\t<div class=\"elementor-widget-container\">\n\t\t\t\t\t\t\t\t            <div class=\"ts-speaker\" style=\"--speaker-color: #25CD44\">\n                <div class=\"speaker-img\">\n\t\t\t\t\t                        <img decoding=\"async\" src=\"https:\/\/u-auben.com\/colloques\/wp-content\/uploads\/2025\/10\/ouedraogo-alidou.jpg\"\n                             alt=\"\">\n\t\t\t\t\t                    <a href=\"#popup_fc2be412729\"\n                       class=\"view-speaker ts-image-popup\" data-effect=\"mfp-zoom-in\">\n                        <i class=\"icon icon-plus\"><\/i>\n                    <\/a>\n                <\/div>\n                <div class=\"ts-speaker-info\">\n                    <h3 class=\"ts-title\">\n                        <a href=\"https:\/\/u-auben.com\/colloques\/speaker\/pr-alidou-ouedraogo\/\"> Pr Alidou Ouedraogo <\/a>\n                    <\/h3>\n                    <p>\n\t\t\t\t\t\tUniversit\u00e9 de Moncton, Canada                    <\/p>\n                <\/div>\n                <!--- speaker info end -->\n                <!-- popup start-->\n                <div id=\"popup_fc2be412729\"\n                     class=\"container ts-speaker-popup mfp-hide\">\n                    <div class=\"row\">\n                        <div class=\"col-lg-6\">\n                            <div class=\"ts-speaker-popup-img\">\n\t\t\t\t\t\t\t\t                                    <img decoding=\"async\" src=\"https:\/\/u-auben.com\/colloques\/wp-content\/uploads\/2025\/10\/ouedraogo-alidou.jpg\"\n                                         alt=\"\">\n\t\t\t\t\t\t\t\t                            <\/div>\n                        <\/div>\n                        <!-- col end-->\n                        <div class=\"col-lg-6\">\n                            <div class=\"ts-speaker-popup-content\">\n                                <h3 class=\"ts-title\"><a\n                                            href=\"https:\/\/u-auben.com\/colloques\/speaker\/pr-alidou-ouedraogo\/\"> Pr Alidou Ouedraogo <\/a>\n                                <\/h3>\n                                <span class=\"speakder-designation\"> Universit\u00e9 de Moncton, Canada<\/span>\n\t\t\t\t\t\t\t\t                                    <img decoding=\"async\" src=\"\"\n                                         alt=\"\">\n\t\t\t\t\t\t\t\t                                <p>\n\t\t\t\t\t\t\t\t\t<a href=\"https:\/\/www.researchgate.net\/profile\/Alidou-Ouedraogo\" target=\"_blank\" rel=\"noopener\">A propos de Pr Alidou Ouedraogo<\/a>                                <\/p>\n                                <div class=\"ts-speakers-social\">\n\t\t\t\t\t\t\t\t\t\t\t\t\t\t\t\t\t\t\t\t\t\t\t\t\t\t\t\t                                <\/div>\n                            <\/div>\n                            <!-- ts-speaker-popup-content end-->\n                        <\/div>\n                        <!-- col end-->\n                    <\/div>\n                    <!-- row end-->\n                <\/div>\n                <!-- popup end-->\n            <\/div>\n            <!-- ts-speaker end  -->\n\t\t\n\n\t\t\t\n\t\t\t\n\t\t\t\n\n\t\t\t\t\t\t<\/div>\n\t\t\t\t<\/div>\n\t\t\t\t\t<\/div>\n\t\t<\/div>\n\t\t\t\t<div class=\"elementor-column elementor-col-25 elementor-inner-column elementor-element elementor-element-090bd51\" data-id=\"090bd51\" data-element_type=\"column\">\n\t\t\t<div class=\"elementor-widget-wrap elementor-element-populated\">\n\t\t\t\t\t\t<div class=\"elementor-element elementor-element-39b8e6e elementor-widget elementor-widget-exhibz-speaker\" data-id=\"39b8e6e\" data-element_type=\"widget\" data-settings=\"{&quot;ekit_we_effect_on&quot;:&quot;none&quot;}\" data-widget_type=\"exhibz-speaker.default\">\n\t\t\t\t<div class=\"elementor-widget-container\">\n\t\t\t\t\t\t\t\t            <div class=\"ts-speaker\" style=\"--speaker-color: #25CD44\">\n                <div class=\"speaker-img\">\n\t\t\t\t\t                        <img decoding=\"async\" src=\"https:\/\/u-auben.com\/colloques\/wp-content\/uploads\/2025\/10\/Djerry-Charli-Tandja-Mbianda.png\"\n                             alt=\"\">\n\t\t\t\t\t                    <a href=\"#popup_39b8e6e2684\"\n                       class=\"view-speaker ts-image-popup\" data-effect=\"mfp-zoom-in\">\n                        <i class=\"icon icon-plus\"><\/i>\n                    <\/a>\n                <\/div>\n                <div class=\"ts-speaker-info\">\n                    <h3 class=\"ts-title\">\n                        <a href=\"https:\/\/u-auben.com\/colloques\/speaker\/pr-djerry-charli-tandja-mbianda\/\"> Pr Djerry Charli Tandja Mbianda <\/a>\n                    <\/h3>\n                    <p>\n\t\t\t\t\t\tUniversit\u00e9 du Qu\u00e9bec \u00e0 Outaouais, Canada                    <\/p>\n                <\/div>\n                <!--- speaker info end -->\n                <!-- popup start-->\n                <div id=\"popup_39b8e6e2684\"\n                     class=\"container ts-speaker-popup mfp-hide\">\n                    <div class=\"row\">\n                        <div class=\"col-lg-6\">\n                            <div class=\"ts-speaker-popup-img\">\n\t\t\t\t\t\t\t\t                                    <img decoding=\"async\" src=\"https:\/\/u-auben.com\/colloques\/wp-content\/uploads\/2025\/10\/Djerry-Charli-Tandja-Mbianda.png\"\n                                         alt=\"\">\n\t\t\t\t\t\t\t\t                            <\/div>\n                        <\/div>\n                        <!-- col end-->\n                        <div class=\"col-lg-6\">\n                            <div class=\"ts-speaker-popup-content\">\n                                <h3 class=\"ts-title\"><a\n                                            href=\"https:\/\/u-auben.com\/colloques\/speaker\/pr-djerry-charli-tandja-mbianda\/\"> Pr Djerry Charli Tandja Mbianda <\/a>\n                                <\/h3>\n                                <span class=\"speakder-designation\"> Universit\u00e9 du Qu\u00e9bec \u00e0 Outaouais, Canada<\/span>\n\t\t\t\t\t\t\t\t                                    <img decoding=\"async\" src=\"\"\n                                         alt=\"\">\n\t\t\t\t\t\t\t\t                                <p>\n\t\t\t\t\t\t\t\t\t<a href=\"https:\/\/uqo.ca\/profil\/tanddj01\" target=\"_blank\" rel=\"noopener\">Portrait de Pr Djerry Charli Tandja Mbianda<\/a>                                <\/p>\n                                <div class=\"ts-speakers-social\">\n\t\t\t\t\t\t\t\t\t\t\t\t\t\t\t\t\t\t\t\t\t\t\t\t\t\t\t\t                                <\/div>\n                            <\/div>\n                            <!-- ts-speaker-popup-content end-->\n                        <\/div>\n                        <!-- col end-->\n                    <\/div>\n                    <!-- row end-->\n                <\/div>\n                <!-- popup end-->\n            <\/div>\n            <!-- ts-speaker end  -->\n\t\t\n\n\t\t\t\n\t\t\t\n\t\t\t\n\n\t\t\t\t\t\t<\/div>\n\t\t\t\t<\/div>\n\t\t\t\t<div class=\"elementor-element elementor-element-640e480 elementor-widget elementor-widget-exhibz-speaker\" data-id=\"640e480\" data-element_type=\"widget\" data-settings=\"{&quot;ekit_we_effect_on&quot;:&quot;none&quot;}\" data-widget_type=\"exhibz-speaker.default\">\n\t\t\t\t<div class=\"elementor-widget-container\">\n\t\t\t\t\t\t\t\t            <div class=\"ts-speaker\" style=\"--speaker-color: #25CD44\">\n                <div class=\"speaker-img\">\n\t\t\t\t\t                        <img decoding=\"async\" src=\"https:\/\/u-auben.com\/colloques\/wp-content\/uploads\/2025\/10\/Pr-Brayima-Dakyo.jpg\"\n                             alt=\"\">\n\t\t\t\t\t                    <a href=\"#popup_640e4802714\"\n                       class=\"view-speaker ts-image-popup\" data-effect=\"mfp-zoom-in\">\n                        <i class=\"icon icon-plus\"><\/i>\n                    <\/a>\n                <\/div>\n                <div class=\"ts-speaker-info\">\n                    <h3 class=\"ts-title\">\n                        <a href=\"https:\/\/u-auben.com\/colloques\/speaker\/pr-brayima-dakyo\/\"> Pr Brayima Dakyo <\/a>\n                    <\/h3>\n                    <p>\n\t\t\t\t\t\tUniversit\u00e9 du Havre, Burkina Faso                    <\/p>\n                <\/div>\n                <!--- speaker info end -->\n                <!-- popup start-->\n                <div id=\"popup_640e4802714\"\n                     class=\"container ts-speaker-popup mfp-hide\">\n                    <div class=\"row\">\n                        <div class=\"col-lg-6\">\n                            <div class=\"ts-speaker-popup-img\">\n\t\t\t\t\t\t\t\t                                    <img decoding=\"async\" src=\"https:\/\/u-auben.com\/colloques\/wp-content\/uploads\/2025\/10\/Pr-Brayima-Dakyo.jpg\"\n                                         alt=\"\">\n\t\t\t\t\t\t\t\t                            <\/div>\n                        <\/div>\n                        <!-- col end-->\n                        <div class=\"col-lg-6\">\n                            <div class=\"ts-speaker-popup-content\">\n                                <h3 class=\"ts-title\"><a\n                                            href=\"https:\/\/u-auben.com\/colloques\/speaker\/pr-brayima-dakyo\/\"> Pr Brayima Dakyo <\/a>\n                                <\/h3>\n                                <span class=\"speakder-designation\"> Universit\u00e9 du Havre, Burkina Faso<\/span>\n\t\t\t\t\t\t\t\t                                    <img decoding=\"async\" src=\"\"\n                                         alt=\"\">\n\t\t\t\t\t\t\t\t                                <p>\n\t\t\t\t\t\t\t\t\t<a href=\"https:\/\/scholar.google.com\/citations?user=jKK23RgAAAAJ&amp;hl=fr\" target=\"_blank\" rel=\"noopener\">A propos de Pr Brayima Dakyo<\/a>                                <\/p>\n                                <div class=\"ts-speakers-social\">\n\t\t\t\t\t\t\t\t\t\t\t\t\t\t\t\t\t\t\t\t\t\t\t\t\t\t\t\t                                <\/div>\n                            <\/div>\n                            <!-- ts-speaker-popup-content end-->\n                        <\/div>\n                        <!-- col end-->\n                    <\/div>\n                    <!-- row end-->\n                <\/div>\n                <!-- popup end-->\n            <\/div>\n            <!-- ts-speaker end  -->\n\t\t\n\n\t\t\t\n\t\t\t\n\t\t\t\n\n\t\t\t\t\t\t<\/div>\n\t\t\t\t<\/div>\n\t\t\t\t<div class=\"elementor-element elementor-element-dd48a69 elementor-widget elementor-widget-exhibz-speaker\" data-id=\"dd48a69\" data-element_type=\"widget\" data-settings=\"{&quot;ekit_we_effect_on&quot;:&quot;none&quot;}\" data-widget_type=\"exhibz-speaker.default\">\n\t\t\t\t<div class=\"elementor-widget-container\">\n\t\t\t\t\t\t\t\t            <div class=\"ts-speaker\" style=\"--speaker-color: #25CD44\">\n                <div class=\"speaker-img\">\n\t\t\t\t\t                        <img decoding=\"async\" src=\"https:\/\/u-auben.com\/colloques\/wp-content\/uploads\/2025\/10\/Pr-Zakari-Yaou-KAKA.jpg\"\n                             alt=\"\">\n\t\t\t\t\t                    <a href=\"#popup_dd48a692735\"\n                       class=\"view-speaker ts-image-popup\" data-effect=\"mfp-zoom-in\">\n                        <i class=\"icon icon-plus\"><\/i>\n                    <\/a>\n                <\/div>\n                <div class=\"ts-speaker-info\">\n                    <h3 class=\"ts-title\">\n                        <a href=\"https:\/\/u-auben.com\/colloques\/speaker\/pr-zakari-yaou-kaka\/\"> Pr Zakari Yaou KAKA <\/a>\n                    <\/h3>\n                    <p>\n\t\t\t\t\t\tUniversit\u00e9 des Sciences Sociales et de Gestion de Bamako, Mali                    <\/p>\n                <\/div>\n                <!--- speaker info end -->\n                <!-- popup start-->\n                <div id=\"popup_dd48a692735\"\n                     class=\"container ts-speaker-popup mfp-hide\">\n                    <div class=\"row\">\n                        <div class=\"col-lg-6\">\n                            <div class=\"ts-speaker-popup-img\">\n\t\t\t\t\t\t\t\t                                    <img decoding=\"async\" src=\"https:\/\/u-auben.com\/colloques\/wp-content\/uploads\/2025\/10\/Pr-Zakari-Yaou-KAKA.jpg\"\n                                         alt=\"\">\n\t\t\t\t\t\t\t\t                            <\/div>\n                        <\/div>\n                        <!-- col end-->\n                        <div class=\"col-lg-6\">\n                            <div class=\"ts-speaker-popup-content\">\n                                <h3 class=\"ts-title\"><a\n                                            href=\"https:\/\/u-auben.com\/colloques\/speaker\/pr-zakari-yaou-kaka\/\"> Pr Zakari Yaou KAKA <\/a>\n                                <\/h3>\n                                <span class=\"speakder-designation\"> Universit\u00e9 des Sciences Sociales et de Gestion de Bamako, Mali<\/span>\n\t\t\t\t\t\t\t\t                                    <img decoding=\"async\" src=\"\"\n                                         alt=\"\">\n\t\t\t\t\t\t\t\t                                <p>\n\t\t\t\t\t\t\t\t\t<a href=\"https:\/\/alumni.lecames.org\/profil\/kaka.zakari-yaou\" target=\"_blank\" rel=\"noopener\">A propos de Pr Zakari Yaou KAKA<\/a>                                <\/p>\n                                <div class=\"ts-speakers-social\">\n\t\t\t\t\t\t\t\t\t\t\t\t\t\t\t\t\t\t\t\t\t\t\t\t\t\t\t\t                                <\/div>\n                            <\/div>\n                            <!-- ts-speaker-popup-content end-->\n                        <\/div>\n                        <!-- col end-->\n                    <\/div>\n                    <!-- row end-->\n                <\/div>\n                <!-- popup end-->\n            <\/div>\n            <!-- ts-speaker end  -->\n\t\t\n\n\t\t\t\n\t\t\t\n\t\t\t\n\n\t\t\t\t\t\t<\/div>\n\t\t\t\t<\/div>\n\t\t\t\t\t<\/div>\n\t\t<\/div>\n\t\t\t\t\t<\/div>\n\t\t<\/section>\n\t\t\t\t\t<\/div>\n\t\t<\/div>\n\t\t\t\t\t<\/div>\n\t\t<\/section>\n\t\t\t\t<section data-particle_enable=\"false\" data-particle-mobile-disabled=\"false\" class=\"elementor-section elementor-top-section elementor-element elementor-element-cec9089 ts-funfacts elementor-section-boxed elementor-section-height-default elementor-section-height-default\" data-id=\"cec9089\" data-element_type=\"section\" data-settings=\"{&quot;background_background&quot;:&quot;classic&quot;,&quot;ekit_has_onepagescroll_dot&quot;:&quot;yes&quot;}\">\n\t\t\t\t\t\t\t<div class=\"elementor-background-overlay\"><\/div>\n\t\t\t\t\t\t\t<div class=\"elementor-container elementor-column-gap-default\">\n\t\t\t\t\t<div class=\"elementor-column elementor-col-25 elementor-top-column elementor-element elementor-element-d5d2846 text-left\" data-id=\"d5d2846\" data-element_type=\"column\">\n\t\t\t<div class=\"elementor-widget-wrap elementor-element-populated\">\n\t\t\t\t\t\t<div class=\"elementor-element elementor-element-2508aa7 text-left elementor-widget elementor-widget-counter\" data-id=\"2508aa7\" data-element_type=\"widget\" data-settings=\"{&quot;ekit_we_effect_on&quot;:&quot;none&quot;}\" data-widget_type=\"counter.default\">\n\t\t\t\t<div class=\"elementor-widget-container\">\n\t\t\t\t\t\t\t<div class=\"elementor-counter\">\n\t\t\t<div class=\"elementor-counter-title\">Professeurs titulaires venus d'horizons divers<\/div>\t\t\t<div class=\"elementor-counter-number-wrapper\">\n\t\t\t\t<span class=\"elementor-counter-number-prefix\"><\/span>\n\t\t\t\t<span class=\"elementor-counter-number\" data-duration=\"2000\" data-to-value=\"18\" data-from-value=\"\"><\/span>\n\t\t\t\t<span class=\"elementor-counter-number-suffix\">+<\/span>\n\t\t\t<\/div>\n\t\t<\/div>\n\t\t\t\t\t\t<\/div>\n\t\t\t\t<\/div>\n\t\t\t\t\t<\/div>\n\t\t<\/div>\n\t\t\t\t<div class=\"elementor-column elementor-col-25 elementor-top-column elementor-element elementor-element-0e0779f\" data-id=\"0e0779f\" data-element_type=\"column\">\n\t\t\t<div class=\"elementor-widget-wrap elementor-element-populated\">\n\t\t\t\t\t\t<div class=\"elementor-element elementor-element-56072cf text-left elementor-widget elementor-widget-counter\" data-id=\"56072cf\" data-element_type=\"widget\" data-settings=\"{&quot;ekit_we_effect_on&quot;:&quot;none&quot;}\" data-widget_type=\"counter.default\">\n\t\t\t\t<div class=\"elementor-widget-container\">\n\t\t\t\t\t\t\t<div class=\"elementor-counter\">\n\t\t\t<div class=\"elementor-counter-title\">Communications scientifiques<\/div>\t\t\t<div class=\"elementor-counter-number-wrapper\">\n\t\t\t\t<span class=\"elementor-counter-number-prefix\"><\/span>\n\t\t\t\t<span class=\"elementor-counter-number\" data-duration=\"2000\" data-to-value=\"37\" data-from-value=\"\"><\/span>\n\t\t\t\t<span class=\"elementor-counter-number-suffix\">+<\/span>\n\t\t\t<\/div>\n\t\t<\/div>\n\t\t\t\t\t\t<\/div>\n\t\t\t\t<\/div>\n\t\t\t\t\t<\/div>\n\t\t<\/div>\n\t\t\t\t<div class=\"elementor-column elementor-col-25 elementor-top-column elementor-element elementor-element-e4479d7\" data-id=\"e4479d7\" data-element_type=\"column\">\n\t\t\t<div class=\"elementor-widget-wrap elementor-element-populated\">\n\t\t\t\t\t\t<div class=\"elementor-element elementor-element-1df8335 elementor-widget elementor-widget-counter\" data-id=\"1df8335\" data-element_type=\"widget\" data-settings=\"{&quot;ekit_we_effect_on&quot;:&quot;none&quot;}\" data-widget_type=\"counter.default\">\n\t\t\t\t<div class=\"elementor-widget-container\">\n\t\t\t\t\t\t\t<div class=\"elementor-counter\">\n\t\t\t<div class=\"elementor-counter-title\">Panels anim\u00e9s par des experts<\/div>\t\t\t<div class=\"elementor-counter-number-wrapper\">\n\t\t\t\t<span class=\"elementor-counter-number-prefix\"><\/span>\n\t\t\t\t<span class=\"elementor-counter-number\" data-duration=\"2000\" data-to-value=\"10\" data-from-value=\"\"><\/span>\n\t\t\t\t<span class=\"elementor-counter-number-suffix\">+<\/span>\n\t\t\t<\/div>\n\t\t<\/div>\n\t\t\t\t\t\t<\/div>\n\t\t\t\t<\/div>\n\t\t\t\t\t<\/div>\n\t\t<\/div>\n\t\t\t\t<div class=\"elementor-column elementor-col-25 elementor-top-column elementor-element elementor-element-89d454e\" data-id=\"89d454e\" data-element_type=\"column\">\n\t\t\t<div class=\"elementor-widget-wrap elementor-element-populated\">\n\t\t\t\t\t\t<div class=\"elementor-element elementor-element-8af4983 elementor-widget elementor-widget-counter\" data-id=\"8af4983\" data-element_type=\"widget\" data-settings=\"{&quot;ekit_we_effect_on&quot;:&quot;none&quot;}\" data-widget_type=\"counter.default\">\n\t\t\t\t<div class=\"elementor-widget-container\">\n\t\t\t\t\t\t\t<div class=\"elementor-counter\">\n\t\t\t<div class=\"elementor-counter-title\">Participants \u00e0 l'\u00e9v\u00e9nement<\/div>\t\t\t<div class=\"elementor-counter-number-wrapper\">\n\t\t\t\t<span class=\"elementor-counter-number-prefix\"><\/span>\n\t\t\t\t<span class=\"elementor-counter-number\" data-duration=\"2000\" data-to-value=\"500\" data-from-value=\"\"><\/span>\n\t\t\t\t<span class=\"elementor-counter-number-suffix\">+<\/span>\n\t\t\t<\/div>\n\t\t<\/div>\n\t\t\t\t\t\t<\/div>\n\t\t\t\t<\/div>\n\t\t\t\t\t<\/div>\n\t\t<\/div>\n\t\t\t\t\t<\/div>\n\t\t<\/section>\n\t\t\t\t\t<script>\n\t\t\t\t(function($) {\n                    \"use strict\";\n\n                    var target = $('.elementor-element-cec9089');\n                    target.addClass('e-lazyloaded');\n\n                    \n                    var EaelParallaxElement = {\n\n\t\t\t\t\t\tinit: function() {\n\t\t\t\t\t\t\telementorFrontend.hooks.addAction('frontend\/element_ready\/global', EaelParallaxElement.initWidget);\n\t\t\t\t\t\t},\n                        responsiveParallax: function(){\n                            var android = 1,\n                                ios = 1;\n                            switch( true || 1 ){\n                                case android && ios:\n                                    return \/iPad|iPhone|iPod|Android\/;\n                                    break;\n                                case android && ! ios:\n                                    return \/Android\/;\n                                    break;\n                                case ! android && ios:\n                                    return \/iPad|iPhone|iPod\/;\n                                    break;\n                                case ( ! android && ! ios ):\n                                    return null;\n                            }\n                        },\n\t\t\t\t\t\tinitWidget: function( $scope ) {\n\n\t\t\t\t\t\t\ttarget.jarallax({\n\t\t\t\t\t\t\t\ttype: 'scale',\n\t\t\t\t\t\t\t\tspeed: 1.3,\n\t\t\t\t\t\t\t\tkeepImg: true,\n                                disableParallax: EaelParallaxElement.responsiveParallax(),\n\t\t\t\t\t\t\t});\n\t\t\t\t\t\t}\n\n\t\t\t\t\t};\n\n\t\t\t\t\t$( window ).on('elementor\/frontend\/init', EaelParallaxElement.init);\n\n                    \t\t\t\t}( jQuery ) );\n\t\t\t<\/script>\n\t\t\t\t<section data-particle_enable=\"false\" data-particle-mobile-disabled=\"false\" class=\"elementor-section elementor-top-section elementor-element elementor-element-c701876 elementor-section-boxed elementor-section-height-default elementor-section-height-default\" data-id=\"c701876\" data-element_type=\"section\" data-settings=\"{&quot;background_background&quot;:&quot;classic&quot;,&quot;ekit_has_onepagescroll_dot&quot;:&quot;yes&quot;}\">\n\t\t\t\t\t\t<div class=\"elementor-container elementor-column-gap-default\">\n\t\t\t\t\t<div class=\"elementor-column elementor-col-50 elementor-top-column elementor-element elementor-element-41e946f elementor-invisible\" data-id=\"41e946f\" data-element_type=\"column\" data-settings=\"{&quot;animation&quot;:&quot;fadeInLeft&quot;,&quot;animation_delay&quot;:350}\">\n\t\t\t<div class=\"elementor-widget-wrap elementor-element-populated\">\n\t\t\t\t\t\t<div class=\"elementor-element elementor-element-2b28455 elementor-widget elementor-widget-exhibz-title\" data-id=\"2b28455\" data-element_type=\"widget\" data-settings=\"{&quot;ekit_we_effect_on&quot;:&quot;none&quot;}\" data-widget_type=\"exhibz-title.default\">\n\t\t\t\t<div class=\"elementor-widget-container\">\n\t\t\t\t\t\n    <div class=\"title-section-area\">\n        <h2 class=\"section-title\">\n            <span class=\"sub-title\">POURQUOI NOUS REJOINDRE<\/span>\n\t\t\tPourquoi participer \u00e0 l'\u00e9v\u00e9nement ?        <\/h2>\n\t\t                    <span class=\"title-shape\">\n                  <svg xmlns='http:\/\/www.w3.org\/2000\/svg' xmlns:xlink='http:\/\/www.w3.org\/1999\/xlink' width='71px' height='11px'> <path fill-rule='evenodd' d='M59.669,10.710 L49.164,3.306 L39.428,10.681 L29.714,3.322 L20.006,10.682 L10.295,3.322 L1.185,10.228 L-0.010,8.578 L10.295,0.765 L20.006,8.125 L29.714,0.765 L39.428,8.125 L49.122,0.781 L59.680,8.223 L69.858,1.192 L70.982,2.895 L59.669,10.710 Z'\/><\/svg>\n            <\/span>\n                    <\/div><!-- Section title -->\n    \n    \n\n    \t\t\t\t<\/div>\n\t\t\t\t<\/div>\n\t\t\t\t<div class=\"elementor-element elementor-element-bcadc1a elementor-widget elementor-widget-text-editor\" data-id=\"bcadc1a\" data-element_type=\"widget\" data-settings=\"{&quot;ekit_we_effect_on&quot;:&quot;none&quot;}\" data-widget_type=\"text-editor.default\">\n\t\t\t\t<div class=\"elementor-widget-container\">\n\t\t\t\t\t\t\t\t\t<p><strong>Acc\u00e9der \u00e0 des perspectives uniques :<\/strong> L&#8217;Afrique est en train de devenir un p\u00f4le innovant dans l&#8217;adoption des technologies de l&#8217;IA, souvent adapt\u00e9es \u00e0 des d\u00e9fis locaux tels que l&#8217;agriculture, la sant\u00e9 ou l&#8217;\u00e9ducation. Ces conf\u00e9rences offrent un aper\u00e7u de solutions cr\u00e9atives et pertinentes.<\/p>\t\t\t\t\t\t\t\t<\/div>\n\t\t\t\t<\/div>\n\t\t\t\t<div class=\"elementor-element elementor-element-318e814 elementor-align-left elementor-mobile-align-center elementor-widget elementor-widget-button\" data-id=\"318e814\" data-element_type=\"widget\" data-settings=\"{&quot;ekit_we_effect_on&quot;:&quot;none&quot;}\" data-widget_type=\"button.default\">\n\t\t\t\t<div class=\"elementor-widget-container\">\n\t\t\t\t\t\t\t\t\t<div class=\"elementor-button-wrapper\">\n\t\t\t\t\t<a class=\"elementor-button elementor-button-link elementor-size-md\" href=\"https:\/\/u-auben.com\/colloques\/submit-form\/\">\n\t\t\t\t\t\t<span class=\"elementor-button-content-wrapper\">\n\t\t\t\t\t\t\t\t\t<span class=\"elementor-button-text\">Soumettez votre communication<\/span>\n\t\t\t\t\t<\/span>\n\t\t\t\t\t<\/a>\n\t\t\t\t<\/div>\n\t\t\t\t\t\t\t\t<\/div>\n\t\t\t\t<\/div>\n\t\t\t\t\t<\/div>\n\t\t<\/div>\n\t\t\t\t<div class=\"elementor-column elementor-col-50 elementor-top-column elementor-element elementor-element-9f69302 elementor-invisible\" data-id=\"9f69302\" data-element_type=\"column\" data-settings=\"{&quot;animation&quot;:&quot;fadeInRight&quot;,&quot;animation_delay&quot;:400}\">\n\t\t\t<div class=\"elementor-widget-wrap elementor-element-populated\">\n\t\t\t\t\t\t<section data-particle_enable=\"false\" data-particle-mobile-disabled=\"false\" class=\"elementor-section elementor-inner-section elementor-element elementor-element-2013f71 elementor-section-boxed elementor-section-height-default elementor-section-height-default\" data-id=\"2013f71\" data-element_type=\"section\" data-settings=\"{&quot;ekit_has_onepagescroll_dot&quot;:&quot;yes&quot;}\">\n\t\t\t\t\t\t<div class=\"elementor-container elementor-column-gap-default\">\n\t\t\t\t\t<div class=\"elementor-column elementor-col-50 elementor-inner-column elementor-element elementor-element-b25ce21\" data-id=\"b25ce21\" data-element_type=\"column\" data-settings=\"{&quot;background_background&quot;:&quot;classic&quot;}\">\n\t\t\t<div class=\"elementor-widget-wrap elementor-element-populated\">\n\t\t\t\t\t\t<div class=\"elementor-element elementor-element-fd85a8d elementor-widget elementor-widget-exhibz-feature\" data-id=\"fd85a8d\" data-element_type=\"widget\" data-settings=\"{&quot;ekit_we_effect_on&quot;:&quot;none&quot;}\" data-widget_type=\"exhibz-feature.default\">\n\t\t\t\t<div class=\"elementor-widget-container\">\n\t\t\t\t\t\n\t\t            <div class=\"single-intro-text mb-70\">\n\t\t\t\t<svg aria-hidden=\"true\" class=\"e-font-icon-svg e-fas-network-wired\" viewBox=\"0 0 640 512\" xmlns=\"http:\/\/www.w3.org\/2000\/svg\"><path d=\"M640 264v-16c0-8.84-7.16-16-16-16H344v-40h72c17.67 0 32-14.33 32-32V32c0-17.67-14.33-32-32-32H224c-17.67 0-32 14.33-32 32v128c0 17.67 14.33 32 32 32h72v40H16c-8.84 0-16 7.16-16 16v16c0 8.84 7.16 16 16 16h104v40H64c-17.67 0-32 14.33-32 32v128c0 17.67 14.33 32 32 32h160c17.67 0 32-14.33 32-32V352c0-17.67-14.33-32-32-32h-56v-40h304v40h-56c-17.67 0-32 14.33-32 32v128c0 17.67 14.33 32 32 32h160c17.67 0 32-14.33 32-32V352c0-17.67-14.33-32-32-32h-56v-40h104c8.84 0 16-7.16 16-16zM256 128V64h128v64H256zm-64 320H96v-64h96v64zm352 0h-96v-64h96v64z\"><\/path><\/svg>                <h3 class=\"ts-title\">R\u00e9seautage mondial<\/h3>\n                <p>\n\t\t\t\t\tVous pourrez rencontrer des experts, des chercheurs, des entrepreneurs et des d\u00e9cideurs de divers horizons, facilitant la collaboration et l'\u00e9change d'id\u00e9es.                <\/p>\n                <span class=\"count-number\">1<\/span>\n            <\/div><!-- single intro text end-->\n\t\t\n\t\t\n\t\t\n\t\t\n\t\t\n\n\t\t\t\t\t\t<\/div>\n\t\t\t\t<\/div>\n\t\t\t\t\t<\/div>\n\t\t<\/div>\n\t\t\t\t<div class=\"elementor-column elementor-col-50 elementor-inner-column elementor-element elementor-element-91fa378 elementor-hidden-tablet elementor-hidden-mobile\" data-id=\"91fa378\" data-element_type=\"column\">\n\t\t\t<div class=\"elementor-widget-wrap elementor-element-populated\">\n\t\t\t\t\t\t<div class=\"elementor-element elementor-element-92fd812 elementor-widget elementor-widget-exhibz-feature\" data-id=\"92fd812\" data-element_type=\"widget\" data-settings=\"{&quot;ekit_we_effect_on&quot;:&quot;none&quot;}\" data-widget_type=\"exhibz-feature.default\">\n\t\t\t\t<div class=\"elementor-widget-container\">\n\t\t\t\t\t\n\t\t            <div class=\"single-intro-text mb-70\">\n\t\t\t\t<i aria-hidden=\"true\" class=\"icon icon-fun\"><\/i>                <h3 class=\"ts-title\">D\u00e9montrer votre expertise<\/h3>\n                <p>\n\t\t\t\t\tSi vous \u00eates un professionnel ou un \u00e9tudiant, ces \u00e9v\u00e9nements offrent l'occasion de partager vos recherches ou projets, renfor\u00e7ant ainsi votre visibilit\u00e9.                <\/p>\n                <span class=\"count-number\">2<\/span>\n            <\/div><!-- single intro text end-->\n\t\t\n\t\t\n\t\t\n\t\t\n\t\t\n\n\t\t\t\t\t\t<\/div>\n\t\t\t\t<\/div>\n\t\t\t\t\t<\/div>\n\t\t<\/div>\n\t\t\t\t\t<\/div>\n\t\t<\/section>\n\t\t\t\t<div class=\"elementor-element elementor-element-9348095 elementor-widget elementor-widget-exhibz-feature\" data-id=\"9348095\" data-element_type=\"widget\" data-settings=\"{&quot;ekit_we_effect_on&quot;:&quot;none&quot;}\" data-widget_type=\"exhibz-feature.default\">\n\t\t\t\t<div class=\"elementor-widget-container\">\n\t\t\t\t\t\n\t\t            <div class=\"single-intro-text mb-70\">\n\t\t\t\t<svg aria-hidden=\"true\" class=\"e-font-icon-svg e-fas-home\" viewBox=\"0 0 576 512\" xmlns=\"http:\/\/www.w3.org\/2000\/svg\"><path d=\"M280.37 148.26L96 300.11V464a16 16 0 0 0 16 16l112.06-.29a16 16 0 0 0 15.92-16V368a16 16 0 0 1 16-16h64a16 16 0 0 1 16 16v95.64a16 16 0 0 0 16 16.05L464 480a16 16 0 0 0 16-16V300L295.67 148.26a12.19 12.19 0 0 0-15.3 0zM571.6 251.47L488 182.56V44.05a12 12 0 0 0-12-12h-56a12 12 0 0 0-12 12v72.61L318.47 43a48 48 0 0 0-61 0L4.34 251.47a12 12 0 0 0-1.6 16.9l25.5 31A12 12 0 0 0 45.15 301l235.22-193.74a12.19 12.19 0 0 1 15.3 0L530.9 301a12 12 0 0 0 16.9-1.6l25.5-31a12 12 0 0 0-1.7-16.93z\"><\/path><\/svg>                <h3 class=\"ts-title\">Opportunit\u00e9s<\/h3>\n                <p>\n\t\t\t\t\tCe colloque comprend des communications scientifiques, des d\u00e9bats autour de table rondes, et des animations de stands, ce qui approfondit les connaissances sur les nouvelles tendances et technologies dans l'IA.                <\/p>\n                <span class=\"count-number\">3<\/span>\n            <\/div><!-- single intro text end-->\n\t\t\n\t\t\n\t\t\n\t\t\n\t\t\n\n\t\t\t\t\t\t<\/div>\n\t\t\t\t<\/div>\n\t\t\t\t\t<\/div>\n\t\t<\/div>\n\t\t\t\t\t<\/div>\n\t\t<\/section>\n\t\t\t\t<section data-particle_enable=\"false\" data-particle-mobile-disabled=\"false\" class=\"elementor-section elementor-top-section elementor-element elementor-element-8521192 elementor-section-full_width elementor-section-height-min-height elementor-section-items-stretch elementor-section-height-default\" data-id=\"8521192\" data-element_type=\"section\" data-settings=\"{&quot;background_background&quot;:&quot;gradient&quot;,&quot;ekit_has_onepagescroll_dot&quot;:&quot;yes&quot;}\">\n\t\t\t\t\t\t<div class=\"elementor-container elementor-column-gap-default\">\n\t\t\t\t\t<div class=\"elementor-column elementor-col-50 elementor-top-column elementor-element elementor-element-0a06dd1\" data-id=\"0a06dd1\" data-element_type=\"column\" data-settings=\"{&quot;background_background&quot;:&quot;classic&quot;}\">\n\t\t\t<div class=\"elementor-widget-wrap elementor-element-populated\">\n\t\t\t\t\t\t\t<\/div>\n\t\t<\/div>\n\t\t\t\t<div class=\"elementor-column elementor-col-50 elementor-top-column elementor-element elementor-element-64a41e9\" data-id=\"64a41e9\" data-element_type=\"column\" data-settings=\"{&quot;background_background&quot;:&quot;classic&quot;}\">\n\t\t\t<div class=\"elementor-widget-wrap elementor-element-populated\">\n\t\t\t\t\t<div class=\"elementor-background-overlay\"><\/div>\n\t\t\t\t\t\t<div class=\"elementor-element elementor-element-844cab8 elementor-invisible elementor-widget elementor-widget-text-editor\" data-id=\"844cab8\" data-element_type=\"widget\" data-settings=\"{&quot;_animation&quot;:&quot;slideInRight&quot;,&quot;_animation_delay&quot;:350,&quot;ekit_we_effect_on&quot;:&quot;none&quot;}\" data-widget_type=\"text-editor.default\">\n\t\t\t\t<div class=\"elementor-widget-container\">\n\t\t\t\t\t\t\t\t\t<p>ACQU\u00c9RIR DE L&#8217;EXP\u00c9RIENCE<\/p>\t\t\t\t\t\t\t\t<\/div>\n\t\t\t\t<\/div>\n\t\t\t\t<div class=\"elementor-element elementor-element-29e6c39 elementor-invisible elementor-widget elementor-widget-heading\" data-id=\"29e6c39\" data-element_type=\"widget\" data-settings=\"{&quot;_animation&quot;:&quot;slideInRight&quot;,&quot;_animation_delay&quot;:350,&quot;ekit_we_effect_on&quot;:&quot;none&quot;}\" data-widget_type=\"heading.default\">\n\t\t\t\t<div class=\"elementor-widget-container\">\n\t\t\t\t\t<h3 class=\"elementor-heading-title elementor-size-default\">D\u00e9montrer votre expertise<\/h3>\t\t\t\t<\/div>\n\t\t\t\t<\/div>\n\t\t\t\t<div class=\"elementor-element elementor-element-0eaa414 elementor-invisible elementor-widget elementor-widget-text-editor\" data-id=\"0eaa414\" data-element_type=\"widget\" data-settings=\"{&quot;_animation&quot;:&quot;slideInRight&quot;,&quot;_animation_delay&quot;:350,&quot;ekit_we_effect_on&quot;:&quot;none&quot;}\" data-widget_type=\"text-editor.default\">\n\t\t\t\t<div class=\"elementor-widget-container\">\n\t\t\t\t\t\t\t\t\t<p>Si vous \u00eates un professionnel ou un \u00e9tudiant, ces \u00e9v\u00e9nements offrent l&#8217;occasion de partager vos recherches ou projets, renfor\u00e7ant ainsi votre visibilit\u00e9.<\/p>\t\t\t\t\t\t\t\t<\/div>\n\t\t\t\t<\/div>\n\t\t\t\t\t<\/div>\n\t\t<\/div>\n\t\t\t\t\t<\/div>\n\t\t<\/section>\n\t\t\t\t<section data-particle_enable=\"false\" data-particle-mobile-disabled=\"false\" class=\"elementor-section elementor-top-section elementor-element elementor-element-df410f9 elementor-section-boxed elementor-section-height-default elementor-section-height-default\" data-id=\"df410f9\" data-element_type=\"section\" data-settings=\"{&quot;background_background&quot;:&quot;classic&quot;,&quot;ekit_has_onepagescroll_dot&quot;:&quot;yes&quot;}\">\n\t\t\t\t\t\t\t<div class=\"elementor-background-overlay\"><\/div>\n\t\t\t\t\t\t\t<div class=\"elementor-container elementor-column-gap-default\">\n\t\t\t\t\t<div class=\"elementor-column elementor-col-100 elementor-top-column elementor-element elementor-element-41b08a8\" data-id=\"41b08a8\" data-element_type=\"column\">\n\t\t\t<div class=\"elementor-widget-wrap elementor-element-populated\">\n\t\t\t\t\t\t<div class=\"elementor-element elementor-element-2bbd676 elementor-invisible elementor-widget elementor-widget-exhibz-title\" data-id=\"2bbd676\" data-element_type=\"widget\" data-settings=\"{&quot;_animation&quot;:&quot;fadeInUp&quot;,&quot;ekit_we_effect_on&quot;:&quot;none&quot;}\" data-widget_type=\"exhibz-title.default\">\n\t\t\t\t<div class=\"elementor-widget-container\">\n\t\t\t\t\t\n    <div class=\"title-section-area\">\n        <h2 class=\"section-title\">\n            <span class=\"sub-title\">Frais de participation<\/span>\n\t\t\tChoisissez la formule qui vous convient        <\/h2>\n\t\t                    <span class=\"title-shape\">\n                  <svg xmlns='http:\/\/www.w3.org\/2000\/svg' xmlns:xlink='http:\/\/www.w3.org\/1999\/xlink' width='71px' height='11px'> <path fill-rule='evenodd' d='M59.669,10.710 L49.164,3.306 L39.428,10.681 L29.714,3.322 L20.006,10.682 L10.295,3.322 L1.185,10.228 L-0.010,8.578 L10.295,0.765 L20.006,8.125 L29.714,0.765 L39.428,8.125 L49.122,0.781 L59.680,8.223 L69.858,1.192 L70.982,2.895 L59.669,10.710 Z'\/><\/svg>\n            <\/span>\n                    <\/div><!-- Section title -->\n    \n    \n\n    \t\t\t\t<\/div>\n\t\t\t\t<\/div>\n\t\t\t\t<section data-particle_enable=\"false\" data-particle-mobile-disabled=\"false\" class=\"elementor-section elementor-inner-section elementor-element elementor-element-aa9921e elementor-section-boxed elementor-section-height-default elementor-section-height-default\" data-id=\"aa9921e\" data-element_type=\"section\" data-settings=\"{&quot;ekit_has_onepagescroll_dot&quot;:&quot;yes&quot;}\">\n\t\t\t\t\t\t<div class=\"elementor-container elementor-column-gap-default\">\n\t\t\t\t\t<div class=\"elementor-column elementor-col-50 elementor-inner-column elementor-element elementor-element-c56fdfd\" data-id=\"c56fdfd\" data-element_type=\"column\">\n\t\t\t<div class=\"elementor-widget-wrap elementor-element-populated\">\n\t\t\t\t\t\t<div class=\"elementor-element elementor-element-191a799 elementor-invisible elementor-widget elementor-widget-exhibz-pricing\" data-id=\"191a799\" data-element_type=\"widget\" data-settings=\"{&quot;_animation&quot;:&quot;fadeInUp&quot;,&quot;_animation_delay&quot;:350,&quot;ekit_we_effect_on&quot;:&quot;none&quot;}\" data-widget_type=\"exhibz-pricing.default\">\n\t\t\t\t<div class=\"elementor-widget-container\">\n\t\t\t\t\t                    <div class=\"pricing-item active  \">\n                <img loading=\"lazy\" decoding=\"async\" width=\"320\" height=\"13\" class=\"pricing-dot\" src=\"https:\/\/u-auben.com\/colloques\/wp-content\/themes\/exhibz\/assets\/images\/pricing\/dot.png\" alt=\"Participants avec une communication\">\n                <div class=\"ts-pricing-box\">\n                    <div class=\"ts-pricing-header\">\n                        <h2 class=\"ts-pricing-name\"> Participants avec une communication <\/h2>\n                        <h3 class=\"ts-pricing-price\">\n                            <span class=\"currency\">CFA<\/span>25000                        <\/h3>\n                    <\/div>\n                    <div class=\"ts-pricing-progress\">\n                        <p class=\"amount-progres-text\"><\/p>\n                        <div class=\"ts-progress\">\n                            <div class=\"ts-progress-inner\" style=\"width: 0%\"><\/div>\n                        <\/div>\n                        <p class=\"ts-pricing-value\"><\/p>\n                    <\/div>\n                    <div class=\"promotional-code\">\n                        <p class=\"promo-code-text\"> Les frais d\u2019inscription couvrent : la documentation, les pauses caf\u00e9, trois d\u00e9jeuners.<\/p>\n                        <a target=\"_self\" rel=\"nofollow\" href=\"\" class=\"btn pricing-btn\"><\/a>\n                        <p class=\"vate-text\"><\/p>\n                    <\/div>\n                <\/div>\n                <!-- ts pricing box-->\n                <img loading=\"lazy\" decoding=\"async\" width=\"320\" height=\"13\" class=\"pricing-dot1 \" src=\"https:\/\/u-auben.com\/colloques\/wp-content\/themes\/exhibz\/assets\/images\/pricing\/dot.png\" alt=\"Participants avec une communication\">\n            <\/div>\n        \n\t\t\t\t<\/div>\n\t\t\t\t<\/div>\n\t\t\t\t\t<\/div>\n\t\t<\/div>\n\t\t\t\t<div class=\"elementor-column elementor-col-50 elementor-inner-column elementor-element elementor-element-f09c6fc\" data-id=\"f09c6fc\" data-element_type=\"column\">\n\t\t\t<div class=\"elementor-widget-wrap elementor-element-populated\">\n\t\t\t\t\t\t<div class=\"elementor-element elementor-element-4e07d48 elementor-invisible elementor-widget elementor-widget-exhibz-pricing\" data-id=\"4e07d48\" data-element_type=\"widget\" data-settings=\"{&quot;_animation&quot;:&quot;fadeInUp&quot;,&quot;_animation_delay&quot;:350,&quot;ekit_we_effect_on&quot;:&quot;none&quot;}\" data-widget_type=\"exhibz-pricing.default\">\n\t\t\t\t<div class=\"elementor-widget-container\">\n\t\t\t\t\t                    <div class=\"pricing-item active  \">\n                <img loading=\"lazy\" decoding=\"async\" width=\"320\" height=\"13\" class=\"pricing-dot\" src=\"https:\/\/u-auben.com\/colloques\/wp-content\/themes\/exhibz\/assets\/images\/pricing\/dot.png\" alt=\"Participants sans communication\">\n                <div class=\"ts-pricing-box\">\n                    <div class=\"ts-pricing-header\">\n                        <h2 class=\"ts-pricing-name\"> Participants sans communication <\/h2>\n                        <h3 class=\"ts-pricing-price\">\n                            <span class=\"currency\">XOF<\/span>10000                        <\/h3>\n                    <\/div>\n                    <div class=\"ts-pricing-progress\">\n                        <p class=\"amount-progres-text\"><\/p>\n                        <div class=\"ts-progress\">\n                            <div class=\"ts-progress-inner\" style=\"width: 0%\"><\/div>\n                        <\/div>\n                        <p class=\"ts-pricing-value\"><\/p>\n                    <\/div>\n                    <div class=\"promotional-code\">\n                        <p class=\"promo-code-text\"> Les frais d\u2019inscription couvrent : la documentation, les pauses caf\u00e9, trois d\u00e9jeuners.<\/p>\n                        <a target=\"_self\" rel=\"nofollow\" href=\"\" class=\"btn pricing-btn\"><\/a>\n                        <p class=\"vate-text\"><\/p>\n                    <\/div>\n                <\/div>\n                <!-- ts pricing box-->\n                <img loading=\"lazy\" decoding=\"async\" width=\"320\" height=\"13\" class=\"pricing-dot1 \" src=\"https:\/\/u-auben.com\/colloques\/wp-content\/themes\/exhibz\/assets\/images\/pricing\/dot.png\" alt=\"Participants sans communication\">\n            <\/div>\n        \n\t\t\t\t<\/div>\n\t\t\t\t<\/div>\n\t\t\t\t\t<\/div>\n\t\t<\/div>\n\t\t\t\t\t<\/div>\n\t\t<\/section>\n\t\t\t\t\t<\/div>\n\t\t<\/div>\n\t\t\t\t\t<\/div>\n\t\t<\/section>\n\t\t<div data-particle_enable=\"false\" data-particle-mobile-disabled=\"false\" class=\"elementor-element elementor-element-36605c8 e-flex e-con-boxed e-con e-parent\" data-id=\"36605c8\" data-element_type=\"container\" data-settings=\"{&quot;ekit_has_onepagescroll_dot&quot;:&quot;yes&quot;}\">\n\t\t\t\t\t<div class=\"e-con-inner\">\n\t\t\t\t<div class=\"elementor-element elementor-element-49307bf elementor-widget elementor-widget-elementskit-motion-text\" data-id=\"49307bf\" data-element_type=\"widget\" data-settings=\"{&quot;ekit_we_effect_on&quot;:&quot;none&quot;}\" data-widget_type=\"elementskit-motion-text.default\">\n\t\t\t\t<div class=\"elementor-widget-container\">\n\t\t\t\t\t<div class=\"ekit-wid-con\" >\t\t<div class=\"elementskit_motion_text_wraper\">\n\t\t\t\t\t\t<div class=\"ekit_motion_text_inner_wraper \" >\n\t\t\t<h1 class=\"ekit_motion_text_title ekit_animation ekit_no_spilit \" data-ekit-animation-delay-s=\"10\" data-animate-class=\"ekit-Magnify\"><span class=\"ekit_motion_text\" data-ekit-animation-delay=\"\">Nos Sponsors<\/span>\t\t\t\t<\/h1>\t\t\t\t\t\t\t\t\t<\/div>\n\t\t<\/div>\n\n\t\t<\/div>\t\t\t\t<\/div>\n\t\t\t\t<\/div>\n\t\t\t\t\t<\/div>\n\t\t\t\t<\/div>\n\t\t<div data-particle_enable=\"false\" data-particle-mobile-disabled=\"false\" class=\"elementor-element elementor-element-fe27b8b e-flex e-con-boxed e-con e-parent\" data-id=\"fe27b8b\" data-element_type=\"container\" data-settings=\"{&quot;ekit_has_onepagescroll_dot&quot;:&quot;yes&quot;}\">\n\t\t\t\t\t<div class=\"e-con-inner\">\n\t\t\t\t<div class=\"elementor-element elementor-element-bb71b31 elementor-arrows-position-inside elementor-pagination-position-outside elementor-widget elementor-widget-image-carousel\" data-id=\"bb71b31\" data-element_type=\"widget\" data-settings=\"{&quot;slides_to_show&quot;:&quot;3&quot;,&quot;navigation&quot;:&quot;both&quot;,&quot;autoplay&quot;:&quot;yes&quot;,&quot;pause_on_hover&quot;:&quot;yes&quot;,&quot;pause_on_interaction&quot;:&quot;yes&quot;,&quot;autoplay_speed&quot;:5000,&quot;infinite&quot;:&quot;yes&quot;,&quot;speed&quot;:500,&quot;ekit_we_effect_on&quot;:&quot;none&quot;}\" data-widget_type=\"image-carousel.default\">\n\t\t\t\t<div class=\"elementor-widget-container\">\n\t\t\t\t\t\t\t<div class=\"elementor-image-carousel-wrapper swiper\" role=\"region\" aria-roledescription=\"carousel\" aria-label=\"Image Carousel\" dir=\"ltr\">\n\t\t\t<div class=\"elementor-image-carousel swiper-wrapper\" aria-live=\"off\">\n\t\t\t\t\t\t\t\t<div class=\"swiper-slide\" role=\"group\" aria-roledescription=\"slide\" aria-label=\"1 of 4\"><figure class=\"swiper-slide-inner\"><img decoding=\"async\" class=\"swiper-slide-image\" src=\"https:\/\/u-auben.com\/colloques\/wp-content\/uploads\/2025\/10\/nestle.png\" alt=\"nestle\" \/><\/figure><\/div><div class=\"swiper-slide\" role=\"group\" aria-roledescription=\"slide\" aria-label=\"2 of 4\"><figure class=\"swiper-slide-inner\"><img decoding=\"async\" class=\"swiper-slide-image\" src=\"https:\/\/u-auben.com\/colloques\/wp-content\/uploads\/2025\/10\/ildo-oil.png\" alt=\"ildo oil\" \/><\/figure><\/div><div class=\"swiper-slide\" role=\"group\" aria-roledescription=\"slide\" aria-label=\"3 of 4\"><figure class=\"swiper-slide-inner\"><img decoding=\"async\" class=\"swiper-slide-image\" src=\"https:\/\/u-auben.com\/colloques\/wp-content\/uploads\/2025\/10\/coris.jpg\" alt=\"coris\" \/><\/figure><\/div><div class=\"swiper-slide\" role=\"group\" aria-roledescription=\"slide\" aria-label=\"4 of 4\"><figure class=\"swiper-slide-inner\"><img decoding=\"async\" class=\"swiper-slide-image\" src=\"https:\/\/u-auben.com\/colloques\/wp-content\/uploads\/2025\/10\/arcep.png\" alt=\"arcep\" \/><\/figure><\/div>\t\t\t<\/div>\n\t\t\t\t\t\t\t\t\t\t\t\t<div class=\"elementor-swiper-button elementor-swiper-button-prev\" role=\"button\" tabindex=\"0\">\n\t\t\t\t\t\t<svg aria-hidden=\"true\" class=\"e-font-icon-svg e-eicon-chevron-left\" viewBox=\"0 0 1000 1000\" xmlns=\"http:\/\/www.w3.org\/2000\/svg\"><path d=\"M646 125C629 125 613 133 604 142L308 442C296 454 292 471 292 487 292 504 296 521 308 533L604 854C617 867 629 875 646 875 663 875 679 871 692 858 704 846 713 829 713 812 713 796 708 779 692 767L438 487 692 225C700 217 708 204 708 187 708 171 704 154 692 142 675 129 663 125 646 125Z\"><\/path><\/svg>\t\t\t\t\t<\/div>\n\t\t\t\t\t<div class=\"elementor-swiper-button elementor-swiper-button-next\" role=\"button\" tabindex=\"0\">\n\t\t\t\t\t\t<svg aria-hidden=\"true\" class=\"e-font-icon-svg e-eicon-chevron-right\" viewBox=\"0 0 1000 1000\" xmlns=\"http:\/\/www.w3.org\/2000\/svg\"><path d=\"M696 533C708 521 713 504 713 487 713 471 708 454 696 446L400 146C388 133 375 125 354 125 338 125 325 129 313 142 300 154 292 171 292 187 292 204 296 221 308 233L563 492 304 771C292 783 288 800 288 817 288 833 296 850 308 863 321 871 338 875 354 875 371 875 388 867 400 854L696 533Z\"><\/path><\/svg>\t\t\t\t\t<\/div>\n\t\t\t\t\n\t\t\t\t\t\t\t\t\t<div class=\"swiper-pagination\"><\/div>\n\t\t\t\t\t\t\t\t\t<\/div>\n\t\t\t\t\t\t<\/div>\n\t\t\t\t<\/div>\n\t\t\t\t\t<\/div>\n\t\t\t\t<\/div>\n\t\t\t\t<section data-particle_enable=\"false\" data-particle-mobile-disabled=\"false\" class=\"elementor-section elementor-top-section elementor-element elementor-element-fa5745a elementor-section-boxed elementor-section-height-default elementor-section-height-default\" data-id=\"fa5745a\" data-element_type=\"section\" data-settings=\"{&quot;background_background&quot;:&quot;classic&quot;,&quot;ekit_has_onepagescroll_dot&quot;:&quot;yes&quot;}\">\n\t\t\t\t\t\t\t<div class=\"elementor-background-overlay\"><\/div>\n\t\t\t\t\t\t\t<div class=\"elementor-container elementor-column-gap-default\">\n\t\t\t\t\t<div class=\"elementor-column elementor-col-100 elementor-top-column elementor-element elementor-element-3d1ba41\" data-id=\"3d1ba41\" data-element_type=\"column\">\n\t\t\t<div class=\"elementor-widget-wrap elementor-element-populated\">\n\t\t\t\t\t\t<div class=\"elementor-element elementor-element-cf67784 elementor-invisible elementor-widget elementor-widget-exhibz-title\" data-id=\"cf67784\" data-element_type=\"widget\" data-settings=\"{&quot;_animation&quot;:&quot;fadeInUp&quot;,&quot;_animation_delay&quot;:350,&quot;ekit_we_effect_on&quot;:&quot;none&quot;}\" data-widget_type=\"exhibz-title.default\">\n\t\t\t\t<div class=\"elementor-widget-container\">\n\t\t\t\t\t\n    <div class=\"title-section-area\">\n        <h2 class=\"section-title\">\n            <span class=\"sub-title\">MISE \u00c0 JOUR INFO<\/span>\n\t\t\tDerni\u00e8res nouvelles        <\/h2>\n\t\t                    <span class=\"title-shape\">\n                  <svg xmlns='http:\/\/www.w3.org\/2000\/svg' xmlns:xlink='http:\/\/www.w3.org\/1999\/xlink' width='71px' height='11px'> <path fill-rule='evenodd' d='M59.669,10.710 L49.164,3.306 L39.428,10.681 L29.714,3.322 L20.006,10.682 L10.295,3.322 L1.185,10.228 L-0.010,8.578 L10.295,0.765 L20.006,8.125 L29.714,0.765 L39.428,8.125 L49.122,0.781 L59.680,8.223 L69.858,1.192 L70.982,2.895 L59.669,10.710 Z'\/><\/svg>\n            <\/span>\n                    <\/div><!-- Section title -->\n    \n    \n\n    \t\t\t\t<\/div>\n\t\t\t\t<\/div>\n\t\t\t\t<div class=\"elementor-element elementor-element-45a4d13 elementor-widget elementor-widget-eael-post-carousel\" data-id=\"45a4d13\" data-element_type=\"widget\" data-settings=\"{&quot;items&quot;:{&quot;unit&quot;:&quot;px&quot;,&quot;size&quot;:3,&quot;sizes&quot;:[]},&quot;items_tablet&quot;:{&quot;unit&quot;:&quot;px&quot;,&quot;size&quot;:2,&quot;sizes&quot;:[]},&quot;items_mobile&quot;:{&quot;unit&quot;:&quot;px&quot;,&quot;size&quot;:1,&quot;sizes&quot;:[]},&quot;ekit_we_effect_on&quot;:&quot;none&quot;}\" data-widget_type=\"eael-post-carousel.default\">\n\t\t\t\t<div class=\"elementor-widget-container\">\n\t\t\t\t\t        <div class=\"swiper-container-wrap eael-post-grid-container eael-post-carousel-wrap eael-post-carousel-style-one swiper-container-wrap-dots-outside\" id=\"eael-post-grid-45a4d13\">\n\t\t\t            <div class=\"swiper swiper-8 eael-post-carousel eael-post-grid swiper-container-45a4d13 eael-post-appender-45a4d13\" data-pagination=\".swiper-pagination-45a4d13\" data-arrow-next=\".swiper-button-next-45a4d13\" data-arrow-prev=\".swiper-button-prev-45a4d13\" data-items-mobile=\"1\" data-items-tablet=\"2\" data-items=\"3\" data-margin=\"10\" data-effect=\"slide\" data-speed=\"400\" data-autoplay=\"2000\" data-pause-on-hover=\"true\" data-loop=\"1\" data-arrows=\"1\" data-dots=\"1\">\n                <div class=\"swiper-wrapper\">\n\t\t\t\t\t<div class=\"swiper-slide\"><article class=\"eael-grid-post eael-post-grid-column\">\n    <div class=\"eael-grid-post-holder\">\n        <div class=\"eael-grid-post-holder-inner\"><div class=\"eael-entry-media eael-entry-medianone\"><div class=\"eael-entry-overlay fade-in\"><a href=\"https:\/\/u-auben.com\/colloques\/2025\/10\/29\/session-pleniere-1-conference\/\"><\/a><\/div><div class=\"eael-entry-thumbnail \">\n                    <img decoding=\"async\" src=\"https:\/\/u-auben.com\/colloques\/wp-content\/uploads\/2025\/10\/Pr-Moulay-AKHLOUFI.jpg\" alt=\"\">\n                    <a href=\"https:\/\/u-auben.com\/colloques\/2025\/10\/29\/session-pleniere-1-conference\/\"><\/a>\n                <\/div><\/div><div class=\"eael-entry-wrapper\"><header class=\"eael-entry-header\"><a class=\"eael-grid-post-link\" href=\"https:\/\/u-auben.com\/colloques\/2025\/10\/29\/session-pleniere-1-conference\/\" title=\"Session pl\u00e9ni\u00e8re 1 : Conf\u00e9rence\"><h2 class=\"eael-entry-title\">Session pl\u00e9ni\u00e8re 1 : Conf\u00e9rence<\/a><\/h2><\/header><\/div><div class=\"eael-entry-content\">\n\t\t\t\t<div class=\"eael-grid-post-excerpt\"><p>Th\u00e8me :\u00ab\u00a0IA et l\u2019avenir de l\u2019enseignement sup\u00e9rieur et de la...<a href=\"https:\/\/u-auben.com\/colloques\/2025\/10\/29\/session-pleniere-1-conference\/\" class=\"eael-post-elements-readmore-btn\"><\/a><\/p><\/div>\n\t\t\t<\/div><div class=\"eael-entry-footer\"><div class=\"eael-entry-meta\"><div class=\"eael-posted-on\"><time datetime=\"29\/10\/2025\">29\/10\/2025<\/time><\/div><\/div><\/div><\/div><\/div><\/article><\/div><div class=\"swiper-slide\"><article class=\"eael-grid-post eael-post-grid-column\">\n    <div class=\"eael-grid-post-holder\">\n        <div class=\"eael-grid-post-holder-inner\"><div class=\"eael-entry-media eael-entry-medianone\"><div class=\"eael-entry-overlay fade-in\"><a href=\"https:\/\/u-auben.com\/colloques\/2025\/10\/29\/conference-inaugurale\/\"><\/a><\/div><div class=\"eael-entry-thumbnail \">\n                    <img decoding=\"async\" src=\"https:\/\/u-auben.com\/colloques\/wp-content\/uploads\/2025\/10\/Pr-Adama-DIAW3-300x226.jpg\" alt=\"\">\n                    <a href=\"https:\/\/u-auben.com\/colloques\/2025\/10\/29\/conference-inaugurale\/\"><\/a>\n                <\/div><\/div><div class=\"eael-entry-wrapper\"><header class=\"eael-entry-header\"><a class=\"eael-grid-post-link\" href=\"https:\/\/u-auben.com\/colloques\/2025\/10\/29\/conference-inaugurale\/\" title=\"Conf\u00e9rence inaugurale\"><h2 class=\"eael-entry-title\">Conf\u00e9rence inaugurale<\/a><\/h2><\/header><\/div><div class=\"eael-entry-content\">\n\t\t\t\t<div class=\"eael-grid-post-excerpt\"><p>Conf\u00e9rence inaugurale :&nbsp;\u00ab Intelligence Artificielle (IA) et D\u00e9veloppement en Afrique...<a href=\"https:\/\/u-auben.com\/colloques\/2025\/10\/29\/conference-inaugurale\/\" class=\"eael-post-elements-readmore-btn\"><\/a><\/p><\/div>\n\t\t\t<\/div><div class=\"eael-entry-footer\"><div class=\"eael-entry-meta\"><div class=\"eael-posted-on\"><time datetime=\"29\/10\/2025\">29\/10\/2025<\/time><\/div><\/div><\/div><\/div><\/div><\/article><\/div><div class=\"swiper-slide\"><article class=\"eael-grid-post eael-post-grid-column\">\n    <div class=\"eael-grid-post-holder\">\n        <div class=\"eael-grid-post-holder-inner\"><div class=\"eael-entry-media eael-entry-medianone\"><div class=\"eael-entry-overlay fade-in\"><a href=\"https:\/\/u-auben.com\/colloques\/2025\/10\/29\/ceremonie-douverture-du-colloque-iv\/\"><\/a><\/div><div class=\"eael-entry-thumbnail \">\n                    <img decoding=\"async\" src=\"https:\/\/u-auben.com\/colloques\/wp-content\/uploads\/2025\/10\/ouverture-collo4-6-1-226x300.jpg\" alt=\"\">\n                    <a href=\"https:\/\/u-auben.com\/colloques\/2025\/10\/29\/ceremonie-douverture-du-colloque-iv\/\"><\/a>\n                <\/div><\/div><div class=\"eael-entry-wrapper\"><header class=\"eael-entry-header\"><a class=\"eael-grid-post-link\" href=\"https:\/\/u-auben.com\/colloques\/2025\/10\/29\/ceremonie-douverture-du-colloque-iv\/\" title=\"C\u00e9remonie d&#8217;ouverture du colloque IV\"><h2 class=\"eael-entry-title\">C\u00e9remonie d&#8217;ouverture du colloque IV<\/a><\/h2><\/header><\/div><div class=\"eael-entry-content\">\n\t\t\t\t<div class=\"eael-grid-post-excerpt\"><p>La c\u00e9r\u00e9monie d&#8217;ouverture du 4\u00e8me colloque scientifique de l&#8217;Universit\u00e9 Aube...<a href=\"https:\/\/u-auben.com\/colloques\/2025\/10\/29\/ceremonie-douverture-du-colloque-iv\/\" class=\"eael-post-elements-readmore-btn\"><\/a><\/p><\/div>\n\t\t\t<\/div><div class=\"eael-entry-footer\"><div class=\"eael-entry-meta\"><div class=\"eael-posted-on\"><time datetime=\"29\/10\/2025\">29\/10\/2025<\/time><\/div><\/div><\/div><\/div><\/div><\/article><\/div><div class=\"swiper-slide\"><article class=\"eael-grid-post eael-post-grid-column\">\n    <div class=\"eael-grid-post-holder\">\n        <div class=\"eael-grid-post-holder-inner\"><div class=\"eael-entry-media eael-entry-medianone\"><div class=\"eael-entry-overlay fade-in\"><a href=\"https:\/\/u-auben.com\/colloques\/2025\/04\/05\/affiche-colloque4\/\"><\/a><\/div><div class=\"eael-entry-thumbnail \">\n                    <img decoding=\"async\" src=\"https:\/\/u-auben.com\/colloques\/wp-content\/uploads\/2025\/04\/cropped-africAI-300x300.webp\" alt=\"\">\n                    <a href=\"https:\/\/u-auben.com\/colloques\/2025\/04\/05\/affiche-colloque4\/\"><\/a>\n                <\/div><\/div><div class=\"eael-entry-wrapper\"><header class=\"eael-entry-header\"><a class=\"eael-grid-post-link\" href=\"https:\/\/u-auben.com\/colloques\/2025\/04\/05\/affiche-colloque4\/\" title=\"Choix de l&#8217;affiche du Colloque IV de U-AUBEN\"><h2 class=\"eael-entry-title\">Choix de l&#8217;affiche du Colloque IV de U-AUBEN<\/a><\/h2><\/header><\/div><div class=\"eael-entry-content\">\n\t\t\t\t<div class=\"eael-grid-post-excerpt\"><p>Voici l&#8217;affiche du 4\u00e8 colloque international de l&#8217;Universit\u00e9 Aube Nouvelle...<a href=\"https:\/\/u-auben.com\/colloques\/2025\/04\/05\/affiche-colloque4\/\" class=\"eael-post-elements-readmore-btn\"><\/a><\/p><\/div>\n\t\t\t<\/div><div class=\"eael-entry-footer\"><div class=\"eael-entry-meta\"><div class=\"eael-posted-on\"><time datetime=\"05\/04\/2025\">05\/04\/2025<\/time><\/div><\/div><\/div><\/div><\/div><\/article><\/div>                <\/div>\n            <\/div>\n            <div class=\"clearfix\"><\/div>\n\t\t\t            <!-- Add Pagination -->\n            <div class=\"swiper-pagination swiper-pagination-45a4d13\"><\/div>\n\t\t\t\t\t            <!-- Add Arrows -->\n            <div class=\"swiper-button-next swiper-button-next-45a4d13\">\n                <i class=\"fa fa-angle-right\"><\/i>\n            <\/div>\n            <div class=\"swiper-button-prev swiper-button-prev-45a4d13\">\n                <i class=\"fa fa-angle-left\"><\/i>\n            <\/div>\n\t\t\t        <\/div>\n\t\t\t\t\t\t<\/div>\n\t\t\t\t<\/div>\n\t\t\t\t\t<\/div>\n\t\t<\/div>\n\t\t\t\t\t<\/div>\n\t\t<\/section>\n\t\t\t\t<section data-particle_enable=\"false\" data-particle-mobile-disabled=\"false\" class=\"elementor-section elementor-top-section elementor-element elementor-element-6453d7fd elementor-hidden-tablet elementor-hidden-mobile elementor-section-boxed elementor-section-height-default elementor-section-height-default\" data-id=\"6453d7fd\" data-element_type=\"section\" data-settings=\"{&quot;background_background&quot;:&quot;classic&quot;,&quot;ekit_has_onepagescroll_dot&quot;:&quot;yes&quot;}\">\n\t\t\t\t\t\t\t<div class=\"elementor-background-overlay\"><\/div>\n\t\t\t\t\t\t\t<div class=\"elementor-container elementor-column-gap-default\">\n\t\t\t\t\t<div class=\"elementor-column elementor-col-100 elementor-top-column elementor-element elementor-element-1dd9c8dd ts-tab-map elementor-hidden-tablet elementor-hidden-mobile\" data-id=\"1dd9c8dd\" data-element_type=\"column\">\n\t\t\t<div class=\"elementor-widget-wrap elementor-element-populated\">\n\t\t\t\t\t\t<div class=\"elementor-element elementor-element-5caed5a4 elementor-widget elementor-widget-google_maps\" data-id=\"5caed5a4\" data-element_type=\"widget\" data-settings=\"{&quot;ekit_we_effect_on&quot;:&quot;none&quot;}\" data-widget_type=\"google_maps.default\">\n\t\t\t\t<div class=\"elementor-widget-container\">\n\t\t\t\t\t\t\t<div class=\"elementor-custom-embed\">\n\t\t\t<iframe loading=\"lazy\"\n\t\t\t\t\tsrc=\"https:\/\/maps.google.com\/maps?q=universit%C3%A9%20Aube%20Nouvelle&#038;t=m&#038;z=14&#038;output=embed&#038;iwloc=near\"\n\t\t\t\t\ttitle=\"universit\u00e9 Aube Nouvelle\"\n\t\t\t\t\taria-label=\"universit\u00e9 Aube Nouvelle\"\n\t\t\t><\/iframe>\n\t\t<\/div>\n\t\t\t\t\t\t<\/div>\n\t\t\t\t<\/div>\n\t\t\t\t\t<\/div>\n\t\t<\/div>\n\t\t\t\t\t<\/div>\n\t\t<\/section>\n\t\t\t\t<\/div>\n\t\t","protected":false},"excerpt":{"rendered":"<p>Formulaire d&#039;inscription 00 Days 00 Hours 00 Minutes 00 Seconds Soumettez votre communication Programme du colloque Information sur les horaires des \u00e9v\u00e8nements 29 Oct Mercredi 30 Oct Jeudi 31 Oct Vendredi Jour 1: 8h-9h : Accueil installation des Participants Accueil installation des Participants &#8211; Amphi R0 Jour 1: 9h-9h30 : C\u00e9r\u00e9monie d\u2019ouverture du colloque C\u00e9r\u00e9monie [&hellip;]<\/p>\n","protected":false},"author":1,"featured_media":0,"parent":0,"menu_order":0,"comment_status":"closed","ping_status":"closed","template":"template\/homepage-template.php","meta":{"pagelayer_contact_templates":[],"_pagelayer_content":"","footnotes":""},"class_list":["post-2280","page","type-page","status-publish","hentry"],"_links":{"self":[{"href":"https:\/\/u-auben.com\/colloques\/wp-json\/wp\/v2\/pages\/2280","targetHints":{"allow":["GET"]}}],"collection":[{"href":"https:\/\/u-auben.com\/colloques\/wp-json\/wp\/v2\/pages"}],"about":[{"href":"https:\/\/u-auben.com\/colloques\/wp-json\/wp\/v2\/types\/page"}],"author":[{"embeddable":true,"href":"https:\/\/u-auben.com\/colloques\/wp-json\/wp\/v2\/users\/1"}],"replies":[{"embeddable":true,"href":"https:\/\/u-auben.com\/colloques\/wp-json\/wp\/v2\/comments?post=2280"}],"version-history":[{"count":137,"href":"https:\/\/u-auben.com\/colloques\/wp-json\/wp\/v2\/pages\/2280\/revisions"}],"predecessor-version":[{"id":2924,"href":"https:\/\/u-auben.com\/colloques\/wp-json\/wp\/v2\/pages\/2280\/revisions\/2924"}],"wp:attachment":[{"href":"https:\/\/u-auben.com\/colloques\/wp-json\/wp\/v2\/media?parent=2280"}],"curies":[{"name":"wp","href":"https:\/\/api.w.org\/{rel}","templated":true}]}}