{"id":2413,"date":"2025-04-05T08:24:17","date_gmt":"2025-04-05T08:24:17","guid":{"rendered":"https:\/\/u-auben.com\/colloques\/?page_id=2413"},"modified":"2025-09-25T15:01:00","modified_gmt":"2025-09-25T15:01:00","slug":"tdr-col4","status":"publish","type":"page","link":"https:\/\/u-auben.com\/colloques\/tdr-col4\/","title":{"rendered":"Appel \u00e0 communication colloque IV"},"content":{"rendered":"\t\t<div data-elementor-type=\"wp-page\" data-elementor-id=\"2413\" class=\"elementor elementor-2413\" data-elementor-post-type=\"page\">\n\t\t\t\t<div data-particle_enable=\"false\" data-particle-mobile-disabled=\"false\" class=\"elementor-element elementor-element-35d3955 e-flex e-con-boxed e-con e-parent\" data-id=\"35d3955\" data-element_type=\"container\" data-settings=\"{&quot;ekit_has_onepagescroll_dot&quot;:&quot;yes&quot;}\">\n\t\t\t\t\t<div class=\"e-con-inner\">\n\t\t\t\t<div class=\"elementor-element elementor-element-0c1af78 eael-dual-header-content-align-center elementor-widget elementor-widget-eael-dual-color-header\" data-id=\"0c1af78\" data-element_type=\"widget\" data-settings=\"{&quot;ekit_we_effect_on&quot;:&quot;none&quot;}\" data-widget_type=\"eael-dual-color-header.default\">\n\t\t\t\t<div class=\"elementor-widget-container\">\n\t\t\t\t\t\t\t\t<div class=\"eael-dual-header\">\n\t\t\t\t<h2 class=\"title eael-dch-title\"><span class=\"eael-dch-title-text eael-dch-title-lead lead solid-color\">APPEL A <\/span> <span class=\"eael-dch-title-text\">COMMUNICATION<\/span><\/h2><div class=\"eael-dch-separator-wrap\"><span class=\"separator-one\"><\/span>\n\t\t\t<span class=\"separator-two\"><\/span><\/div>\t\t\t\t\t<span class=\"subtext\"><p>4\u00e8 Colloque International de l&#8217;Universit\u00e9 Aube Nouvelle<\/p><\/span>\n\t\t\t\t\t\t\t\t\t<span class=\"eael-dch-svg-icon\"><\/span>\t\t\t\t\t\t\t<\/div>\n\n\t\t\t\t\t\t<\/div>\n\t\t\t\t<\/div>\n\t\t\t\t\t<\/div>\n\t\t\t\t<\/div>\n\t\t<div data-particle_enable=\"false\" data-particle-mobile-disabled=\"false\" class=\"elementor-element elementor-element-9b8f947 e-con-full e-flex e-con e-parent\" data-id=\"9b8f947\" data-element_type=\"container\" data-settings=\"{&quot;ekit_has_onepagescroll_dot&quot;:&quot;yes&quot;}\">\n\t\t\t\t<div class=\"elementor-element elementor-element-8cef266 elementor-widget elementor-widget-elementskit-heading\" data-id=\"8cef266\" data-element_type=\"widget\" data-settings=\"{&quot;ekit_we_effect_on&quot;:&quot;none&quot;}\" data-widget_type=\"elementskit-heading.default\">\n\t\t\t\t<div class=\"elementor-widget-container\">\n\t\t\t\t\t<div class=\"ekit-wid-con\" ><div class=\"ekit-heading elementskit-section-title-wraper text_center   ekit_heading_tablet-   ekit_heading_mobile-\">\t\t\t\t<span class='ekit-heading__shadow-text'>\n\t\t\t\t\tColloque 4\t\t\t\t<\/span>\n\t\t\t<h2 class=\"ekit-heading--title elementskit-section-title \">Intelligence artificielle et d\u00e9veloppement en Afrique : enjeux, opportunit\u00e9s et menaces<\/h2><div class=\"ekit_heading_separetor_wraper ekit_heading_elementskit-border-divider ekit-dotted\"><div class=\"elementskit-border-divider ekit-dotted\"><\/div><\/div>\t\t\t\t<div class='ekit-heading__description'>\n\t\t\t\t\t<h3>Du 29 au 31 octobre 2025<\/h3>\n\t\t\t\t<\/div>\n\t\t\t<\/div><\/div>\t\t\t\t<\/div>\n\t\t\t\t<\/div>\n\t\t\t\t<\/div>\n\t\t<div data-particle_enable=\"false\" data-particle-mobile-disabled=\"false\" class=\"elementor-element elementor-element-27b3e2b e-con-full e-flex e-con e-parent\" data-id=\"27b3e2b\" data-element_type=\"container\" data-settings=\"{&quot;ekit_has_onepagescroll_dot&quot;:&quot;yes&quot;}\">\n\t\t\t\t<div class=\"elementor-element elementor-element-5687408 elementor-widget__width-initial elementor-widget elementor-widget-elementskit-simple-tab\" data-id=\"5687408\" data-element_type=\"widget\" data-settings=\"{&quot;ekit_we_effect_on&quot;:&quot;none&quot;}\" data-widget_type=\"elementskit-simple-tab.default\">\n\t\t\t\t<div class=\"elementor-widget-container\">\n\t\t\t\t\t<div class=\"ekit-wid-con\" >        <div class=\"elementkit-tab-wraper vertical  elementskit-fitcontent-tab \">\n            <ul class=\"nav nav-tabs elementkit-tab-nav  tab-nav-fluid\">\n                                    <li class=\"elementkit-nav-item elementor-repeater-item-e7fb3c4\">\n                        <a class=\"elementkit-nav-link  active show left-pos\" id=\"content-e7fb3c469f0cab00428f-tab\" data-ekit-handler-id=\"contexte-et-objectifs\" data-ekit-toggle=\"tab\" data-target=\"#content-e7fb3c469f0cab00428f\" href=\"#Content-e7fb3c469f0cab00428f\"\n                            data-ekit-toggle-trigger=\"click\"\n                            aria-describedby=\"Content-e7fb3c469f0cab00428f\">\n                            <span class=\" elementskit-tab-icon\"><\/span>                            <span class=\"elementskit-tab-title\"> Contexte et objectifs<\/span>\n                        <\/a>\n                    <\/li>\n                                        <li class=\"elementkit-nav-item elementor-repeater-item-9077dfd\">\n                        <a class=\"elementkit-nav-link  left-pos\" id=\"content-9077dfd69f0cab00428f-tab\" data-ekit-handler-id=\"axes-th-matiques\" data-ekit-toggle=\"tab\" data-target=\"#content-9077dfd69f0cab00428f\" href=\"#Content-9077dfd69f0cab00428f\"\n                            data-ekit-toggle-trigger=\"click\"\n                            aria-describedby=\"Content-9077dfd69f0cab00428f\">\n                            <span class=\" elementskit-tab-icon\"><\/span>                            <span class=\"elementskit-tab-title\"> Axes th\u00e9matiques<\/span>\n                        <\/a>\n                    <\/li>\n                                        <li class=\"elementkit-nav-item elementor-repeater-item-00f52ae\">\n                        <a class=\"elementkit-nav-link  left-pos\" id=\"content-00f52ae69f0cab00428f-tab\" data-ekit-handler-id=\"r-f-rences\" data-ekit-toggle=\"tab\" data-target=\"#content-00f52ae69f0cab00428f\" href=\"#Content-00f52ae69f0cab00428f\"\n                            data-ekit-toggle-trigger=\"click\"\n                            aria-describedby=\"Content-00f52ae69f0cab00428f\">\n                            <span class=\" elementskit-tab-icon\"><\/span>                            <span class=\"elementskit-tab-title\"> R\u00e9f\u00e9rences<\/span>\n                        <\/a>\n                    <\/li>\n                                        <li class=\"elementkit-nav-item elementor-repeater-item-ad34ed5\">\n                        <a class=\"elementkit-nav-link  left-pos\" id=\"content-ad34ed569f0cab00428f-tab\" data-ekit-handler-id=\"calendrier-pr-visionnel\" data-ekit-toggle=\"tab\" data-target=\"#content-ad34ed569f0cab00428f\" href=\"#Content-ad34ed569f0cab00428f\"\n                            data-ekit-toggle-trigger=\"click\"\n                            aria-describedby=\"Content-ad34ed569f0cab00428f\">\n                            <span class=\" elementskit-tab-icon\"><\/span>                            <span class=\"elementskit-tab-title\"> Calendrier pr\u00e9visionnel<\/span>\n                        <\/a>\n                    <\/li>\n                                        <li class=\"elementkit-nav-item elementor-repeater-item-d864ee3\">\n                        <a class=\"elementkit-nav-link  left-pos\" id=\"content-d864ee369f0cab00428f-tab\" data-ekit-handler-id=\"conditions-de-soumission\" data-ekit-toggle=\"tab\" data-target=\"#content-d864ee369f0cab00428f\" href=\"#Content-d864ee369f0cab00428f\"\n                            data-ekit-toggle-trigger=\"click\"\n                            aria-describedby=\"Content-d864ee369f0cab00428f\">\n                            <span class=\" elementskit-tab-icon\"><\/span>                            <span class=\"elementskit-tab-title\"> Conditions de soumission<\/span>\n                        <\/a>\n                    <\/li>\n                                        <li class=\"elementkit-nav-item elementor-repeater-item-8a13f88\">\n                        <a class=\"elementkit-nav-link  left-pos\" id=\"content-8a13f8869f0cab00428f-tab\" data-ekit-handler-id=\"modalit-s-d-inscription\" data-ekit-toggle=\"tab\" data-target=\"#content-8a13f8869f0cab00428f\" href=\"#Content-8a13f8869f0cab00428f\"\n                            data-ekit-toggle-trigger=\"click\"\n                            aria-describedby=\"Content-8a13f8869f0cab00428f\">\n                            <span class=\" elementskit-tab-icon\"><\/span>                            <span class=\"elementskit-tab-title\"> Modalit\u00e9s d\u2019inscription<\/span>\n                        <\/a>\n                    <\/li>\n                                        <li class=\"elementkit-nav-item elementor-repeater-item-a18807e\">\n                        <a class=\"elementkit-nav-link  left-pos\" id=\"content-a18807e69f0cab00428f-tab\" data-ekit-handler-id=\"comit-d-organisation\" data-ekit-toggle=\"tab\" data-target=\"#content-a18807e69f0cab00428f\" href=\"#Content-a18807e69f0cab00428f\"\n                            data-ekit-toggle-trigger=\"click\"\n                            aria-describedby=\"Content-a18807e69f0cab00428f\">\n                            <span class=\" elementskit-tab-icon\"><\/span>                            <span class=\"elementskit-tab-title\"> Comit\u00e9 d\u2019organisation<\/span>\n                        <\/a>\n                    <\/li>\n                                <\/ul>\n\n            <div class=\"tab-content elementkit-tab-content\">\n                                    <div class=\"tab-pane elementkit-tab-pane elementor-repeater-item-e7fb3c4  active show\" id=\"content-e7fb3c469f0cab00428f\" role=\"tabpanel\"\n                         aria-labelledby=\"content-e7fb3c469f0cab00428f-tab\">\n                        <div class=\"animated fadeIn\">\n                            <p style=\"text-align: justify;\">L\u2019intelligence artificielle domine et fascine le monde entier. Certains y voient une opportunit\u00e9 de d\u00e9veloppement et de croissance alors que d\u2019autres y voient des menaces pour l\u2019humanit\u00e9.\u00a0 En fait, qu\u2019est-ce que l\u2019intelligence artificielle\u00a0? Par intelligence artificielle, il faut entendre des machines ou des algorithmes qui apprennent de leur propre exp\u00e9rience et sont capables de r\u00e9aliser des t\u00e2ches autrefois effectu\u00e9es par des hommes (Bhaumik, 2018; Broussard, 2018; Perrault et al., 2019). C\u2019est avant tout une discipline scientifique (qui combine l\u2019informatique, les math\u00e9matiques, l\u2019ing\u00e9nierie et la statistique) et un domaine de recherche auquel se consacre une communaut\u00e9 universitaire depuis plus de 50 ans (Asimov, 2001). Cette science conna\u00eet un int\u00e9r\u00eat de plus en plus grandissant gr\u00e2ce au <em>big data<\/em> et \u00e0 la puissance de calcul des ordinateurs modernes (Benavent, 2016; Tambe , 2014). Elle s\u2019appuie essentiellement sur l\u2019apprentissage automatique (machine learning), en extrayant des connaissances op\u00e9rationnelles \u00e0 partir de donn\u00e9es et l\u2019apprentissage profond (deep learning), qui utilise des r\u00e9seaux neuronaux multicouches pour r\u00e9soudre des probl\u00e8mes complexes, comme la reconnaissance d&#8217;image ou la traduction automatique (Demir, 2022). Ainsi, la fronti\u00e8re entre le r\u00e9el et le virtuel tend \u00e0 s\u2019effacer ou devient de plus en plus floue. Selon les experts, le monde conna\u00eet une nouvelle forme de domination pouss\u00e9e par l\u2019intelligence artificielle\u00a0: celle du capitalisme algorithmique, qui transforme profond\u00e9ment nos vies (Battaler &amp; Harris, 2016; Sousa, 2022). Ils en veulent pour preuves, l\u2019int\u00e9r\u00eat et les investissements massifs des g\u00e9ants technologiques dans l\u2019intelligence artificielle, son utilisation dans les domaines militaire, minier, financier, GRH, du changement climatique, de la sant\u00e9, de l\u2019agriculture, du droit, dans l\u2019optimisation des processus de gestion (Arena et al., 2018; Davenport et al., 2020; Kretschmer, 2020; Rock, 2019; Lacroux, et Martin-Lacroux, 2021; Trottier M et al.,2024). La valorisation des donn\u00e9es massives et le d\u00e9veloppement rapide de l\u2019intelligence artificielle entrainent des changements majeurs dans la soci\u00e9t\u00e9 et l\u2019\u00e9conomie mondiale (Enholm et al., 2022). En effet, elle est suppos\u00e9e contribuer \u00e0 stimuler la productivit\u00e9 et la croissance mondiale et \u00e0 augmenter les revenus dans le monde entier (Cazzaniga et al., 2024). Cependant, elle peut \u00eatre source de probl\u00e8mes comme le rappelle fort justement le Cese (2024) en ces termes : \u00ab l\u2019immat\u00e9riel a des cons\u00e9quences mat\u00e9rielles en apportant aussi bien des solutions que des probl\u00e8mes \u00bb. Des intellectuels tel que Sadin (2023) va plus loin en s\u2019inqui\u00e9tant de la rationalit\u00e9 triomphante du \u00ab technolib\u00e9ralisme \u00bb, dont l\u2019intelligence artificielle, et promet \u00ab un devenir l\u00e9gume de l\u2019humanit\u00e9 \u00bb.\u00a0<\/p><p style=\"text-align: justify;\">Par ailleurs, l\u2019IA tend \u00e0 creuser les in\u00e9galit\u00e9s entre pays riches et pauvres pour certains experts. Dans ce sens, un r\u00e9cent rapport des services du FMI (Cazzaniga et al., 2024) analysent les potentielles r\u00e9percussions de l\u2019IA sur le march\u00e9 du travail mondial. Leurs conclusions sont assez fortes car pr\u00e8s de 40 % des emplois dans le monde sont expos\u00e9s \u00e0 l\u2019IA particuli\u00e8rement les emplois hautement qualifi\u00e9s. Cons\u00e9quemment, l\u2019IA sera \u00e0 l\u2019origine de risques plus importants pour les pays avanc\u00e9s que dans les pays en d\u00e9veloppement.\u00a0<\/p><p style=\"text-align: justify;\">Ainsi pour le FMI, dans les pays riches, l\u2019IA pourrait avoir des incidences sur environ 60 % des emplois contre 40% des emplois dans les pays \u00e9mergents et 26% des emplois dans les pays en d\u00e9veloppement.\u00a0 Les conclusions de ce rapport sugg\u00e8rent que l\u2019IA donnera lieu \u00e0 moins de bouleversements imm\u00e9diats dans les pays \u00e9mergents et les pays en d\u00e9veloppement qui ne disposent ni de l\u2019infrastructure ni de la main-d\u2019\u0153uvre qualifi\u00e9e pour profiter des avantages de l\u2019IA. Ce d\u00e9s\u00e9quilibre contribuera \u00e0 accentuer la fracture num\u00e9rique et aggraver les in\u00e9galit\u00e9s entre les pays au fil du temps. Ces d\u00e9fis soulignent la n\u00e9cessit\u00e9 de mettre en place des cadres de gouvernance adapt\u00e9s, des strat\u00e9gies d\u2019accompagnement au changement, et des outils de contr\u00f4le pour garantir une int\u00e9gration responsable et efficace de l\u2019IA. Ils rappellent \u00e9galement l\u2019importance d\u2019une recherche multidisciplinaire, int\u00e9grant non seulement la technologie, mais aussi entre autres le droit, les sciences sociales et politiques, et la gestion. Face \u00e0 ces opportunit\u00e9s, d\u00e9fis et menaces, ce colloque international se propose d\u2019explorer les multiples dimensions de l\u2019IA appliqu\u00e9es \u00e0 la gestion des organisations notamment dans le contexte africain. Dans ce sens, ce colloque vise les objectifs suivants :<\/p><ul style=\"text-align: justify;\"><li>Faire le point sur les outils d\u2019IA les plus adapt\u00e9s aux organisations en Afrique<\/li><li>Proposer des solutions pratiques pour optimiser les processus organisationnels et d\u00e9cisionnels<\/li><li>Promouvoir une adoption responsable et \u00e9thique de l\u2019IA\u00a0;<\/li><li>Explorer les implications soci\u00e9tales et r\u00e9glementaires de l\u2019IA en Afrique\u00a0;<\/li><li>Contribuer aux solutions locales innovantes et \u00e0 la cr\u00e9ation d\u2019entreprises\u00a0;<\/li><li>Comparer les pratiques permettant de limiter la fracture num\u00e9rique et les in\u00e9galit\u00e9s \u00e9conomiques et sociales.<\/li><\/ul><p style=\"text-align: justify;\">Pour atteindre ces objectifs, ce colloque scientifique, l\u2019un des premiers sur le sujet en Afrique de l\u2019Ouest, se concentrera sur les axes th\u00e9matiques ci-dessous.<\/p>                        <\/div>\n                    <\/div>\n                                    <div class=\"tab-pane elementkit-tab-pane elementor-repeater-item-9077dfd \" id=\"content-9077dfd69f0cab00428f\" role=\"tabpanel\"\n                         aria-labelledby=\"content-9077dfd69f0cab00428f-tab\">\n                        <div class=\"animated fadeIn\">\n                            <h5 style=\"text-align: left;\">Axe th\u00e9matique 1 : Intelligence artificielle, gouvernance et prise de d\u00e9cision politique et strat\u00e9gique<\/h5><ul style=\"text-align: left;\"><li>Optimisation des processus d\u00e9cisionnels<\/li><li>Mod\u00e9lisation et pr\u00e9diction des changements strat\u00e9giques<\/li><li>Automatisation de la d\u00e9cision strat\u00e9gique<\/li><li>Smart gouvernance et e-gouvernance<\/li><\/ul><h5 style=\"text-align: left;\">\u00a0<\/h5><h5 style=\"text-align: left;\">Axe th\u00e9matique 2 : Intelligence artificielle, entrepreneuriat et cr\u00e9ation d\u2019entreprises<\/h5><ul style=\"text-align: left;\"><li>Cr\u00e9ation de nouveaux produits et services<\/li><li>Mod\u00e8les d\u2019affaires innovants<\/li><li>Optimisation des processus internes des nouvelles entreprises<\/li><\/ul><h5 style=\"text-align: left;\">\u00a0<\/h5><h5 style=\"text-align: left;\">Axe th\u00e9matique 3 : Intelligence artificielle, GRH et relations de travail<\/h5><ul style=\"text-align: left;\"><li>Processus de recrutement et gestion des talents<\/li><li>Formation et d\u00e9veloppement des comp\u00e9tences<\/li><li>Gestion de la performance<\/li><li>Nouveaux mod\u00e8les de travail, bien-\u00eatre des employ\u00e9s et organisation du travail<\/li><li>Risques et pr\u00e9cautions sur le contr\u00f4le des travailleurs<\/li><\/ul><h5 style=\"text-align: left;\">\u00a0<\/h5><h5 style=\"text-align: left;\">Axe th\u00e9matique 4 : Intelligence artificielle, big data et syst\u00e8mes d\u2019information<\/h5><ul style=\"text-align: left;\"><li>Exploitation des big data<\/li><li>Optimisation des syst\u00e8mes d\u2019information<\/li><li>Investissements n\u00e9cessaires<\/li><\/ul><h5 style=\"text-align: left;\">\u00a0<\/h5><h5 style=\"text-align: left;\">Axe th\u00e9matique 5 : Intelligence artificielle et g\u00e9opolitique mondiale<\/h5><ul style=\"text-align: left;\"><li>Souverainet\u00e9 et comp\u00e9titivit\u00e9 technologique<\/li><li>S\u00e9curit\u00e9 internationale, cybers\u00e9curit\u00e9 et espionnage<\/li><li>S\u00e9curit\u00e9 internationale et manipulation des donn\u00e9es<\/li><li>S\u00e9curit\u00e9 internationale et fracture technologique<\/li><li>Acc\u00e8s in\u00e9gal \u00e0 la technologie<\/li><\/ul><h5 style=\"text-align: left;\">\u00a0<\/h5><h5 style=\"text-align: left;\">Axe th\u00e9matique 6 : Intelligence artificielle et d\u00e9veloppement durable<\/h5><ul style=\"text-align: left;\"><li>Transition \u00e9nerg\u00e9tique<\/li><li>Gestion des ressources naturelles<\/li><li>Mobilit\u00e9 intelligente<\/li><li>Gestion des d\u00e9chets<\/li><li>Smart agriculture<\/li><\/ul><h5 style=\"text-align: left;\">\u00a0<\/h5><h5 style=\"text-align: left;\">Axe th\u00e9matique 7 : Intelligence artificielle, philosophie, \u00e9thique et responsabilit\u00e9<\/h5><ul style=\"text-align: left;\"><li>Biais algorithmique et discrimination<\/li><li>Avenir de l\u2019humanit\u00e9, impacts environnementaux<\/li><li>Propri\u00e9t\u00e9, gouvernance et protection de la confidentialit\u00e9 des donn\u00e9es<\/li><li>Collecte et traitement des donn\u00e9es personnelles<\/li><li>Autonomie des d\u00e9cisions et responsabilit\u00e9<\/li><\/ul><h5 style=\"text-align: left;\">\u00a0<\/h5><h5 style=\"text-align: left;\">Axe th\u00e9matique 8 : Intelligence artificielle, enseignement et recherche<\/h5><ul style=\"text-align: left;\"><li>Automatisation de la r\u00e9daction et de l\u2019analyse de donn\u00e9es<\/li><li>Optimisation des processus de recherche<\/li><li>V\u00e9rification des r\u00e9sultats scientifiques et \u00e9valuation des publications acad\u00e9miques<\/li><li>P\u00e9dagogie et contr\u00f4le des connaissances<\/li><\/ul><h5 style=\"text-align: left;\">\u00a0<\/h5><h5 style=\"text-align: left;\">Axe th\u00e9matique 9 : Intelligence artificielle, droit et r\u00e9gulation internationale<\/h5><ul style=\"text-align: left;\"><li>Responsabilit\u00e9 en cas de dommages caus\u00e9s<\/li><li>Transparence des algorithmes<\/li><li>Gouvernance de l\u2019IA<\/li><li>Respect de la vie priv\u00e9e et des droits de l\u2019homme<\/li><li>Droit d\u2019auteur<\/li><\/ul><h5 style=\"text-align: left;\">\u00a0<\/h5><h5 style=\"text-align: left;\">Axe th\u00e9matique 10 : Intelligence artificielle et finance<\/h5><ul style=\"text-align: left;\"><li>D\u00e9tection des fraudes<\/li><li>Conseils en investissements<\/li><li>Biais dans les d\u00e9cisions financi\u00e8res<\/li><li>Cryptomonnaie<\/li><\/ul><h5 style=\"text-align: left;\">\u00a0<\/h5><h5 style=\"text-align: left;\"><strong>Axe th\u00e9matique 11 : Intelligence artificielle et sant\u00e9 <\/strong><\/h5><ul style=\"text-align: justify;\"><li style=\"text-align: left;\">Diagnostic assist\u00e9 par l\u2019IA et m\u00e9decine personnalis\u00e9e<\/li><li style=\"text-align: left;\">Suivi pr\u00e9dictif des maladies chroniques gr\u00e2ce aux donn\u00e9es de sant\u00e9<\/li><li style=\"text-align: left;\">Gestion des syst\u00e8mes de sant\u00e9 et optimisation des parcours de soin<\/li><li style=\"text-align: left;\">Ethique et utilisation de l\u2019IA en sant\u00e9<\/li><\/ul><h6><em><strong>Le comit\u00e9 scientifique privil\u00e9giera les communications (en fran\u00e7ais et en anglais) \u00e0 contenu empirique et portant sur les diff\u00e9rents contextes africains.<\/strong><\/em><\/h6>                        <\/div>\n                    <\/div>\n                                    <div class=\"tab-pane elementkit-tab-pane elementor-repeater-item-00f52ae \" id=\"content-00f52ae69f0cab00428f\" role=\"tabpanel\"\n                         aria-labelledby=\"content-00f52ae69f0cab00428f-tab\">\n                        <div class=\"animated fadeIn\">\n                            <p style=\"text-align: justify;\">Arena L., Oriol N. et Veryzhenko I. (2018). \u201cToo fast, too furious? Trading algorithmique<\/p><p style=\"text-align: justify;\">et instabilit\u00e9 des march\u00e9s financiers\u201d, Syst\u00e8mes d\u2019Information &amp; Management, vol. 23, p. 81- 106.<\/p><p style=\"text-align: justify;\">Asimov I. (2001). Les Robots, \u00c9ditions J\u2019ai lu, Paris.<\/p><p style=\"text-align: justify;\">Battaler C. &amp; Harris J. (2016), \u201cTurning Artificial Intelligence into Business Value. To-day\u201d, Accenture.<\/p><p style=\"text-align: justify;\">Benavent C. (2016). \u00ab Big Data, algorithmes et marketing : rendre des comptes \u00bb, Statistique et Soci\u00e9t\u00e9, vol. 4, no 3, p. 25-35.<\/p><p style=\"text-align: justify;\">Bhaumik A. (2018). From AI to Robotics: Mobile, Social and Sentient Robots, CRC Press, Boca Raton, Florida, USA.<\/p><p style=\"text-align: justify;\">Broussard M. (2018), Artificial Unintelligence: How Computers Misunderstand the World, MIT Press.<\/p><p style=\"text-align: justify;\">Cazzaniga and others. 2024. \u201cGen-AI: Artificial Intelligence and the Future of Work.\u201d IMF Staff Discussion Note SDN2024\/001, International Monetary Fund, Washington, DC.<\/p><p style=\"text-align: justify;\">CESE (2024) Impacts de l&#8217;IA: risques et opportunit\u00e9s pour l&#8217;environnement, sept.<\/p><p style=\"text-align: justify;\">Demir, F. (2022). Artificial Intelligence. In: Innovation in the Public Sector. Public Administration and Information Technology, vol 39. Springer, Cham. https:\/\/doi.org\/10.1007\/978-3-031-11331-4_4<\/p><p style=\"text-align: justify;\">Davenport, T., Guha, A., Grewal, D. et al. (2020) How artificial intelligence will change the future of marketing. Journal of the Academy of Marketing Science, Vol. 48, pp. 24\u201342. https:\/\/doi.org\/10.1007\/s11747-019-00696-0<\/p><p style=\"text-align: justify;\">Enholm, I.M., Papagiannidis, E., Mikalef, P. et al. (2022) Artificial Intelligence and Business Value: a Literature Review. <em>Information Systems Frontiers<\/em>, Vol. 24, pp. 1709\u201317<\/p><p style=\"text-align: justify;\">Kretschmer T. &amp; Khashabi P. (2020), \u201cDigital Transformation and Organization Design. An Integrated\u00a0\u00a0\u00a0\u00a0\u00a0\u00a0\u00a0\u00a0\u00a0\u00a0\u00a0\u00a0\u00a0\u00a0\u00a0 Approach\u201d,\u00a0\u00a0\u00a0\u00a0\u00a0\u00a0\u00a0\u00a0\u00a0\u00a0\u00a0\u00a0\u00a0\u00a0\u00a0\u00a0 California\u00a0\u00a0\u00a0\u00a0\u00a0\u00a0\u00a0\u00a0\u00a0\u00a0\u00a0\u00a0\u00a0\u00a0\u00a0\u00a0 Management\u00a0\u00a0\u00a0\u00a0\u00a0\u00a0\u00a0\u00a0\u00a0\u00a0\u00a0\u00a0\u00a0\u00a0\u00a0\u00a0 Review, <a href=\"http:\/\/dx.doi.org\/10.2139\/ssrn.343733434\">http:\/\/dx.doi.org\/10.2139\/ssrn.343733434.<\/a> <a href=\"https:\/\/doi.org\/10.1007\/s10796-021-10186-w\"><strong>https:\/\/doi.org\/10.1007\/s10796-021-10186-w<\/strong><\/a><\/p><p style=\"text-align: justify;\">Lacroux, A. et Martin-Lacroux C. (2021). L\u2019Intelligence artificielle au service de la lutte contre les discriminations dans le recrutement: nouvelles promesses et nouveaux risques. Management Avenir, 2(122), 121-142.<\/p><p style=\"text-align: justify;\">Perrault R., Shoham Y., Brynjolfsson E. et al. (2019), \u201cArtificial Intelligence Index 2019 Annual Report,\u201d Human-Centered Artificial Intelligence Institute, Stanford, California: Stanford University, December.<\/p><p style=\"text-align: justify;\">Rock D. (2019), \u201cEngineering Value: The Returns to Technological Talent and Investments in Artificial Intelligence,\u201d unpublished working paper, MIT Sloan School of Management, Cambridge, Massachusetts, May.<\/p><p style=\"text-align: justify;\">Sadin E. (2023) La vie spectrale: penser l&#8217;\u00e8re du m\u00e9tavers et de l&#8217;IA g\u00e9n\u00e9rative, Grasset.<\/p><p style=\"text-align: justify;\">Sousa, M.J., de Barros, G.O., Tavares, N. (2022). Artificial Intelligence Trends: Insights for Digital Economy Policymakers. In: Guarda, T., Anwar, S., Leon, M., Mota Pinto, F.J. (eds) Information and Knowledge in Internet of Things. EAI\/Springer Innovations in Communication and Computing. Springer, Cham. <a href=\"https:\/\/doi.org\/10.1007\/978-3-030-75123-4_8\"><strong>https:\/\/doi.org\/10.1007\/978-3-030-75123-4_8<\/strong><\/a><\/p><p style=\"text-align: justify;\">Tambe P. (2014), \u201cBig Data Investment, Skills, and Firm Value,\u201d <em>Management Science<\/em>, Vol. 60(6), pp. 1452-1469.<\/p><p style=\"text-align: justify;\">Trottier M et al (2024) \u00c9tendue et enjeux de l&#8217;IA dans les emplois professionnels AdMachina,8,1, p178-199<\/p>                        <\/div>\n                    <\/div>\n                                    <div class=\"tab-pane elementkit-tab-pane elementor-repeater-item-ad34ed5 \" id=\"content-ad34ed569f0cab00428f\" role=\"tabpanel\"\n                         aria-labelledby=\"content-ad34ed569f0cab00428f-tab\">\n                        <div class=\"animated fadeIn\">\n                            <p><strong>Date limite de soumission le 8 septembre 2025<\/strong><\/p><p><strong>Date de communication de la d\u00e9cision finale aux auteurs : 29 septembre 2025<\/strong><\/p><p>Le comit\u00e9 scientifique communiquera la d\u00e9cision finale aux auteurs.<\/p><p>Les contributions les plus significatives retenues par le comit\u00e9 scientifique feront l\u2019objet d\u2019un accompagnement en vue d\u2019une publication dans un ouvrage collectif.<\/p>                        <\/div>\n                    <\/div>\n                                    <div class=\"tab-pane elementkit-tab-pane elementor-repeater-item-d864ee3 \" id=\"content-d864ee369f0cab00428f\" role=\"tabpanel\"\n                         aria-labelledby=\"content-d864ee369f0cab00428f-tab\">\n                        <div class=\"animated fadeIn\">\n                            <p><strong>Les propositions de communications sont \u00e0 envoyer \u00e0 l\u2019adresse suivante : <\/strong><a href=\"mailto:colloque4@u-auben.com\"><strong>colloque4@u-auben.com<\/strong><\/a> <strong>avec copie \u00e0 <\/strong>: <a href=\"mailto:idrissa.ouedraogo@u-auben.com\"><strong>idrissa.ouedraogo@u-auben.com<\/strong><\/a> <strong>et <\/strong><a href=\"mailto:aime.metchebon@u-auben.com\"><strong>aime.metchebon@u-auben.com<\/strong><\/a><\/p><p><strong>\u00a0<\/strong><\/p><p><strong>\u00a0<\/strong><strong>Proc\u00e9dure de soumission :<\/strong><\/p><p><strong>\u00a0<\/strong><\/p><p>Les auteurs sont invit\u00e9s \u00e0 soumettre une proposition sous format Word en Fran\u00e7ais ou en Anglais.<\/p><ul><li>Un r\u00e9sum\u00e9 \u00e9tendu (1500 mots maximum)<\/li><li>Un article complet : Ne d\u00e9passant pas 15<\/li><\/ul><p><strong>Toutes les propositions doivent \u00eatre r\u00e9dig\u00e9es selon le format suivant :<\/strong><\/p><ul><li>Format A4<\/li><li>Marges (sup\u00e9rieure, inf\u00e9rieure, gauche, droite) de 2,5cm<\/li><li>Police : Times New Roman (12 points), interligne 1,5 et justifi\u00e9.<\/li><\/ul><p><strong>\u00a0<\/strong><\/p><p>Elles doivent \u00e9galement comprendre une page de pr\u00e9sentation. Celle-ci n\u2019est pas compt\u00e9e dans le nombre de pages maximal. Elle comporte :<\/p><ul><li>Le titre de l\u2019article (Times New Roman 16 gras).<\/li><li>Le(s) nom(s) de(s) auteur(s) (Times New Roman 12 gras).<\/li><li>Les affiliations et adresses (Times New Roman 12).<\/li><li>L\u2019adresse \u00e9lectronique (Times New Roman 12).<\/li><li>Un r\u00e9sum\u00e9 \u00e0 interligne simple d&#8217;environ 250 mots, contenant un maximum de cinq mots cl\u00e9s (Times New Roman 12).<\/li><li>Les tableaux et figures doivent \u00eatre int\u00e9gr\u00e9s dans le texte avec un<\/li><li>Les notes n\u00e9cessaires seront mises en bas de<\/li><li>\u00c0 la suite de l&#8217;article, on fera successivement appara\u00eetre :<ul><li>Les r\u00e9f\u00e9rences bibliographiques, par ordre alphab\u00e9tique des auteurs<\/li><li>Les annexes.<\/li><\/ul><\/li><\/ul>                        <\/div>\n                    <\/div>\n                                    <div class=\"tab-pane elementkit-tab-pane elementor-repeater-item-8a13f88 \" id=\"content-8a13f8869f0cab00428f\" role=\"tabpanel\"\n                         aria-labelledby=\"content-8a13f8869f0cab00428f-tab\">\n                        <div class=\"animated fadeIn\">\n                            <p><strong>Mode pr\u00e9sentiel<\/strong><\/p><p>Les frais d\u2019inscription couvrent : la documentation, les pauses caf\u00e9, trois d\u00e9jeuners.<\/p><ul><li>Enseignants chercheurs et professionnels : XX CFA\u00a0 (YY Euro)<\/li><li>Doctorants : XX1 CFA\u00a0 (YY1 Euro)<\/li><\/ul><p><strong>Mode virtuel<\/strong><\/p><p>Les frais d\u2019inscription couvrent : la documentation, les pauses caf\u00e9, trois d\u00e9jeuners.<\/p><ul><li>Enseignants chercheurs et professionnels : XX2 CFA\u00a0 (YY2 Euro)<\/li><li>Doctorants : XX3 CFA (YY2 Euro)<\/li><\/ul><p><strong>Les dates du colloque :<\/strong><\/p><ul><li>29-31 octobre 2025<\/li><\/ul><p style=\"text-align: justify;\">Pour toutes les communications retenues, l\u2019inscription au colloque et le paiement des frais d&#8217;inscription sont indispensables pour que les communications figurent dans le programme du colloque. En cas de participation en mode distanciel, seules les communications inscrites au programme du colloque seront autoris\u00e9es \u00e0 pr\u00e9senter.<\/p><p style=\"text-align: justify;\">Le programme d\u00e9taill\u00e9 vous sera envoy\u00e9 ult\u00e9rieurement.<\/p>                        <\/div>\n                    <\/div>\n                                    <div class=\"tab-pane elementkit-tab-pane elementor-repeater-item-a18807e \" id=\"content-a18807e69f0cab00428f\" role=\"tabpanel\"\n                         aria-labelledby=\"content-a18807e69f0cab00428f-tab\">\n                        <div class=\"animated fadeIn\">\n                            <p><strong>Comit\u00e9 d&#8217;Organisation<\/strong><\/p><table><tbody><tr><td width=\"290\"><p>Idrissa Ouedraogo<\/p><\/td><td width=\"319\"><p>Universit\u00e9 Aube Nouvelle<\/p><\/td><\/tr><tr><td width=\"290\"><p>St\u00e9phane Aim\u00e9 Metchebon Takougang<\/p><\/td><td width=\"319\"><p>Universit\u00e9 Aube Nouvelle<\/p><\/td><\/tr><tr><td width=\"290\"><p>\u00c9variste Dakour\u00e9<\/p><\/td><td width=\"319\"><p>Universit\u00e9 Aube Nouvelle<\/p><\/td><\/tr><tr><td width=\"290\"><p>Yves Livian<\/p><\/td><td width=\"319\"><p>Universit\u00e9 de Lyon 3<\/p><\/td><\/tr><tr><td width=\"290\"><p>Yvon Pesqueux<\/p><\/td><td width=\"319\"><p>CNAM-Paris<\/p><\/td><\/tr><tr><td width=\"290\"><p>Marc Bidan<\/p><\/td><td width=\"319\"><p>Universit\u00e9 de Nantes<\/p><\/td><\/tr><tr><td width=\"290\"><p>Jean-Michel Plane<\/p><\/td><td width=\"319\"><p>Universit\u00e9 de Montpellier 3<\/p><\/td><\/tr><tr><td width=\"290\"><p>Alidou Ouedraogo<\/p><\/td><td width=\"319\"><p>Universit\u00e9 de Moncton<\/p><\/td><\/tr><\/tbody><\/table><p><strong>Pr\u00e9sident du comit\u00e9 scientifique<\/strong><\/p><table><tbody><tr><td width=\"290\"><p>Oumarou Si\u00e9<\/p><\/td><td width=\"319\"><p>Universit\u00e9 Aube Nouvelle<\/p><\/td><\/tr><\/tbody><\/table><p><strong>Co-pr\u00e9sidents du comit\u00e9 scientifique<\/strong><\/p><table><tbody><tr><td width=\"290\"><p>Yves Livian<\/p><\/td><td width=\"319\"><p>Universit\u00e9 de Lyon 3<\/p><\/td><\/tr><tr><td width=\"290\"><p>Yvon Pesqueux<\/p><\/td><td width=\"319\"><p>CNAM Paris<\/p><\/td><\/tr><tr><td width=\"290\"><p>Marc Bidan<\/p><\/td><td width=\"319\"><p>Universit\u00e9 de Nantes<\/p><\/td><\/tr><\/tbody><\/table><p><strong>Comit\u00e9 scientifique<\/strong><\/p><table><tbody><tr><td width=\"290\"><p>Yves Livian<\/p><\/td><td width=\"319\"><p>Universit\u00e9 de Lyon 3<\/p><\/td><\/tr><tr><td width=\"290\"><p>Yvon Pesqueux<\/p><\/td><td width=\"319\"><p>CNAM-Paris<\/p><\/td><\/tr><tr><td width=\"290\"><p>Marc Bidan<\/p><\/td><td width=\"319\"><p>Universit\u00e9 de Nantes<\/p><\/td><\/tr><tr><td width=\"290\"><p>Jean-Michel Plane<\/p><\/td><td width=\"319\"><p>Universit\u00e9 de Montpellier 3<\/p><\/td><\/tr><tr><td width=\"290\"><p>Alidou Ouedraogo<\/p><\/td><td width=\"319\"><p>Universit\u00e9 de Moncton<\/p><\/td><\/tr><tr><td width=\"290\"><p>Birahim Gueye<\/p><\/td><td width=\"319\"><p>Universit\u00e9 Gaston Berger<\/p><\/td><\/tr><tr><td width=\"290\"><p>Fatou Diop\/Sall<\/p><\/td><td width=\"319\"><p>Universit\u00e9 Cheick Anta-Diop<\/p><\/td><\/tr><tr><td width=\"290\"><p>Idrissa Ouedraogo<\/p><\/td><td width=\"319\"><p>Universit\u00e9 Aube Nouvelle<\/p><\/td><\/tr><tr><td width=\"290\"><p>Emmanuel Hounkou<\/p><\/td><td width=\"319\"><p>Universit\u00e9 d\u2019Abomey-Calavi<\/p><\/td><\/tr><tr><td width=\"290\"><p>Gilles Marcoux<\/p><\/td><td width=\"319\"><p>Universit\u00e9 de Moncton<\/p><\/td><\/tr><tr><td width=\"290\"><p>Moskolai Doumagay Donatienne<\/p><\/td><td width=\"319\"><p>Universit\u00e9 de Ngaoundere<\/p><\/td><\/tr><tr><td width=\"290\"><p>Mbenda Sabine Patricia Moungou<\/p><\/td><td width=\"319\"><p>Universit\u00e9 de Yaound\u00e9 2<\/p><\/td><\/tr><tr><td width=\"290\"><p>Bachir Mazouz<\/p><\/td><td width=\"319\"><p>ENAP Montr\u00e9al<\/p><\/td><\/tr><tr><td width=\"290\"><p>Jacob Atangana-Abe<\/p><\/td><td width=\"319\"><p>Universit\u00e9 de Saint-Boniface<\/p><\/td><\/tr><tr><td width=\"290\"><p>Yan Cimon<\/p><\/td><td width=\"319\"><p>Universit\u00e9 Laval<\/p><\/td><\/tr><tr><td width=\"290\"><p>H\u00e9l\u00e8ne Delerue<\/p><\/td><td width=\"319\"><p>Universit\u00e9 du Qu\u00e9bec \u00e0 Montr\u00e9al<\/p><\/td><\/tr><tr><td width=\"290\"><p>Dominique Kabr\u00e9<\/p><\/td><td width=\"319\"><p>Universit\u00e9 Thomas Sankara<\/p><\/td><\/tr><tr><td width=\"290\"><p>Madi Koanda<\/p><\/td><td width=\"319\"><p>Universit\u00e9 Thomas Sankara<\/p><\/td><\/tr><tr><td width=\"290\"><p>Yaya Traor\u00e9<\/p><\/td><td width=\"319\"><p>Universit\u00e9 Joseph Ki Zerbo<\/p><\/td><\/tr><tr><td width=\"290\"><p>Bisyand\u00e9 Tegawend\u00e9<\/p><\/td><td width=\"319\"><p>Universit\u00e9 Joseph Ki Zerbo<\/p><\/td><\/tr><tr><td width=\"290\"><p>Oumarou Si\u00e9<\/p><\/td><td width=\"319\"><p>Universit\u00e9 Aube Nouvelle<\/p><\/td><\/tr><tr><td width=\"290\"><p>Alain Mille<\/p><\/td><td width=\"319\"><p>Universit\u00e9 Lyon<\/p><\/td><\/tr><tr><td width=\"290\"><p>St\u00e9phane Aim\u00e9 Metchebon Takougang<\/p><\/td><td width=\"319\"><p>Universit\u00e9 Aube Nouvelle<\/p><\/td><\/tr><tr><td width=\"290\"><p>Samuel Yonkeu<\/p><\/td><td width=\"319\"><p>Universit\u00e9 Aube Nouvelle<\/p><\/td><\/tr><tr><td width=\"290\"><p>Claude Codja<\/p><\/td><td width=\"319\"><p>Universit\u00e9 du Qu\u00e9bec \u00e0 Montr\u00e9al<\/p><\/td><\/tr><tr><td width=\"290\"><p>Sergio Jancsak<\/p><\/td><td width=\"319\"><p>Universit\u00e9 Western Ontario<\/p><\/td><\/tr><tr><td width=\"290\"><p>Emmanuel Raufflet<\/p><\/td><td width=\"319\"><p>HEC Montr\u00e9al<\/p><\/td><\/tr><tr><td width=\"290\"><p>Chantal Mailhot<\/p><\/td><td width=\"319\"><p>HEC Montr\u00e9al<\/p><\/td><\/tr><tr><td width=\"290\"><p>Kadia Georges Aka<\/p><\/td><td width=\"319\"><p>Universit\u00e9 de Moncton<\/p><\/td><\/tr><tr><td width=\"290\"><p>C\u00e9line Legrand<\/p><\/td><td width=\"319\"><p>Audencia Nantes<\/p><\/td><\/tr><tr><td width=\"290\"><p>Ika Lavagnon<\/p><\/td><td width=\"319\"><p>Universit\u00e9 d\u2019Ottawa<\/p><\/td><\/tr><tr><td width=\"290\"><p>\u00c9ric Michael Laviolette<\/p><\/td><td width=\"319\"><p>Toulouse Business School (TBS)<\/p><\/td><\/tr><\/tbody><\/table>                        <\/div>\n                    <\/div>\n                                \n            <\/div>\n                                <script type=\"application\/ld+json\">{\"@context\":\"https:\/\/schema.org\",\"@type\":\"FAQPage\",\"mainEntity\":[{\"@type\":\"Question\",\"name\":\"Contexte et objectifs\",\"acceptedAnswer\":{\"@type\":\"Answer\",\"text\":\"<p>L\u2019intelligence artificielle domine et fascine le monde entier. Certains y voient une opportunit\u00e9 de d\u00e9veloppement et de croissance alors que d\u2019autres y voient des menaces pour l\u2019humanit\u00e9.\u00a0 En fait, qu\u2019est-ce que l\u2019intelligence artificielle\u00a0? Par intelligence artificielle, il faut entendre des machines ou des algorithmes qui apprennent de leur propre exp\u00e9rience et sont capables de r\u00e9aliser des t\u00e2ches autrefois effectu\u00e9es par des hommes (Bhaumik, 2018; Broussard, 2018; Perrault et al., 2019). C\u2019est avant tout une discipline scientifique (qui combine l\u2019informatique, les math\u00e9matiques, l\u2019ing\u00e9nierie et la statistique) et un domaine de recherche auquel se consacre une communaut\u00e9 universitaire depuis plus de 50 ans (Asimov, 2001). Cette science conna\u00eet un int\u00e9r\u00eat de plus en plus grandissant gr\u00e2ce au <em>big data<\/em> et \u00e0 la puissance de calcul des ordinateurs modernes (Benavent, 2016; Tambe , 2014). Elle s\u2019appuie essentiellement sur l\u2019apprentissage automatique (machine learning), en extrayant des connaissances op\u00e9rationnelles \u00e0 partir de donn\u00e9es et l\u2019apprentissage profond (deep learning), qui utilise des r\u00e9seaux neuronaux multicouches pour r\u00e9soudre des probl\u00e8mes complexes, comme la reconnaissance d'image ou la traduction automatique (Demir, 2022). Ainsi, la fronti\u00e8re entre le r\u00e9el et le virtuel tend \u00e0 s\u2019effacer ou devient de plus en plus floue. Selon les experts, le monde conna\u00eet une nouvelle forme de domination pouss\u00e9e par l\u2019intelligence artificielle\u00a0: celle du capitalisme algorithmique, qui transforme profond\u00e9ment nos vies (Battaler &amp; Harris, 2016; Sousa, 2022). Ils en veulent pour preuves, l\u2019int\u00e9r\u00eat et les investissements massifs des g\u00e9ants technologiques dans l\u2019intelligence artificielle, son utilisation dans les domaines militaire, minier, financier, GRH, du changement climatique, de la sant\u00e9, de l\u2019agriculture, du droit, dans l\u2019optimisation des processus de gestion (Arena et al., 2018; Davenport et al., 2020; Kretschmer, 2020; Rock, 2019; Lacroux, et Martin-Lacroux, 2021; Trottier M et al.,2024). La valorisation des donn\u00e9es massives et le d\u00e9veloppement rapide de l\u2019intelligence artificielle entrainent des changements majeurs dans la soci\u00e9t\u00e9 et l\u2019\u00e9conomie mondiale (Enholm et al., 2022). En effet, elle est suppos\u00e9e contribuer \u00e0 stimuler la productivit\u00e9 et la croissance mondiale et \u00e0 augmenter les revenus dans le monde entier (Cazzaniga et al., 2024). Cependant, elle peut \u00eatre source de probl\u00e8mes comme le rappelle fort justement le Cese (2024) en ces termes : \u00ab l\u2019immat\u00e9riel a des cons\u00e9quences mat\u00e9rielles en apportant aussi bien des solutions que des probl\u00e8mes \u00bb. Des intellectuels tel que Sadin (2023) va plus loin en s\u2019inqui\u00e9tant de la rationalit\u00e9 triomphante du \u00ab technolib\u00e9ralisme \u00bb, dont l\u2019intelligence artificielle, et promet \u00ab un devenir l\u00e9gume de l\u2019humanit\u00e9 \u00bb.\u00a0<\/p><p>Par ailleurs, l\u2019IA tend \u00e0 creuser les in\u00e9galit\u00e9s entre pays riches et pauvres pour certains experts. Dans ce sens, un r\u00e9cent rapport des services du FMI (Cazzaniga et al., 2024) analysent les potentielles r\u00e9percussions de l\u2019IA sur le march\u00e9 du travail mondial. Leurs conclusions sont assez fortes car pr\u00e8s de 40 % des emplois dans le monde sont expos\u00e9s \u00e0 l\u2019IA particuli\u00e8rement les emplois hautement qualifi\u00e9s. Cons\u00e9quemment, l\u2019IA sera \u00e0 l\u2019origine de risques plus importants pour les pays avanc\u00e9s que dans les pays en d\u00e9veloppement.\u00a0<\/p><p>Ainsi pour le FMI, dans les pays riches, l\u2019IA pourrait avoir des incidences sur environ 60 % des emplois contre 40% des emplois dans les pays \u00e9mergents et 26% des emplois dans les pays en d\u00e9veloppement.\u00a0 Les conclusions de ce rapport sugg\u00e8rent que l\u2019IA donnera lieu \u00e0 moins de bouleversements imm\u00e9diats dans les pays \u00e9mergents et les pays en d\u00e9veloppement qui ne disposent ni de l\u2019infrastructure ni de la main-d\u2019\u0153uvre qualifi\u00e9e pour profiter des avantages de l\u2019IA. Ce d\u00e9s\u00e9quilibre contribuera \u00e0 accentuer la fracture num\u00e9rique et aggraver les in\u00e9galit\u00e9s entre les pays au fil du temps. Ces d\u00e9fis soulignent la n\u00e9cessit\u00e9 de mettre en place des cadres de gouvernance adapt\u00e9s, des strat\u00e9gies d\u2019accompagnement au changement, et des outils de contr\u00f4le pour garantir une int\u00e9gration responsable et efficace de l\u2019IA. Ils rappellent \u00e9galement l\u2019importance d\u2019une recherche multidisciplinaire, int\u00e9grant non seulement la technologie, mais aussi entre autres le droit, les sciences sociales et politiques, et la gestion. Face \u00e0 ces opportunit\u00e9s, d\u00e9fis et menaces, ce colloque international se propose d\u2019explorer les multiples dimensions de l\u2019IA appliqu\u00e9es \u00e0 la gestion des organisations notamment dans le contexte africain. Dans ce sens, ce colloque vise les objectifs suivants :<\/p><ul><li>Faire le point sur les outils d\u2019IA les plus adapt\u00e9s aux organisations en Afrique<\/li><li>Proposer des solutions pratiques pour optimiser les processus organisationnels et d\u00e9cisionnels<\/li><li>Promouvoir une adoption responsable et \u00e9thique de l\u2019IA\u00a0;<\/li><li>Explorer les implications soci\u00e9tales et r\u00e9glementaires de l\u2019IA en Afrique\u00a0;<\/li><li>Contribuer aux solutions locales innovantes et \u00e0 la cr\u00e9ation d\u2019entreprises\u00a0;<\/li><li>Comparer les pratiques permettant de limiter la fracture num\u00e9rique et les in\u00e9galit\u00e9s \u00e9conomiques et sociales.<\/li><\/ul><p>Pour atteindre ces objectifs, ce colloque scientifique, l\u2019un des premiers sur le sujet en Afrique de l\u2019Ouest, se concentrera sur les axes th\u00e9matiques ci-dessous.<\/p>\"}},{\"@type\":\"Question\",\"name\":\"Axes th\u00e9matiques\",\"acceptedAnswer\":{\"@type\":\"Answer\",\"text\":\"<h5>Axe th\u00e9matique 1 : Intelligence artificielle, gouvernance et prise de d\u00e9cision politique et strat\u00e9gique<\/h5><ul><li>Optimisation des processus d\u00e9cisionnels<\/li><li>Mod\u00e9lisation et pr\u00e9diction des changements strat\u00e9giques<\/li><li>Automatisation de la d\u00e9cision strat\u00e9gique<\/li><li>Smart gouvernance et e-gouvernance<\/li><\/ul><h5>\u00a0<\/h5><h5>Axe th\u00e9matique 2 : Intelligence artificielle, entrepreneuriat et cr\u00e9ation d\u2019entreprises<\/h5><ul><li>Cr\u00e9ation de nouveaux produits et services<\/li><li>Mod\u00e8les d\u2019affaires innovants<\/li><li>Optimisation des processus internes des nouvelles entreprises<\/li><\/ul><h5>\u00a0<\/h5><h5>Axe th\u00e9matique 3 : Intelligence artificielle, GRH et relations de travail<\/h5><ul><li>Processus de recrutement et gestion des talents<\/li><li>Formation et d\u00e9veloppement des comp\u00e9tences<\/li><li>Gestion de la performance<\/li><li>Nouveaux mod\u00e8les de travail, bien-\u00eatre des employ\u00e9s et organisation du travail<\/li><li>Risques et pr\u00e9cautions sur le contr\u00f4le des travailleurs<\/li><\/ul><h5>\u00a0<\/h5><h5>Axe th\u00e9matique 4 : Intelligence artificielle, big data et syst\u00e8mes d\u2019information<\/h5><ul><li>Exploitation des big data<\/li><li>Optimisation des syst\u00e8mes d\u2019information<\/li><li>Investissements n\u00e9cessaires<\/li><\/ul><h5>\u00a0<\/h5><h5>Axe th\u00e9matique 5 : Intelligence artificielle et g\u00e9opolitique mondiale<\/h5><ul><li>Souverainet\u00e9 et comp\u00e9titivit\u00e9 technologique<\/li><li>S\u00e9curit\u00e9 internationale, cybers\u00e9curit\u00e9 et espionnage<\/li><li>S\u00e9curit\u00e9 internationale et manipulation des donn\u00e9es<\/li><li>S\u00e9curit\u00e9 internationale et fracture technologique<\/li><li>Acc\u00e8s in\u00e9gal \u00e0 la technologie<\/li><\/ul><h5>\u00a0<\/h5><h5>Axe th\u00e9matique 6 : Intelligence artificielle et d\u00e9veloppement durable<\/h5><ul><li>Transition \u00e9nerg\u00e9tique<\/li><li>Gestion des ressources naturelles<\/li><li>Mobilit\u00e9 intelligente<\/li><li>Gestion des d\u00e9chets<\/li><li>Smart agriculture<\/li><\/ul><h5>\u00a0<\/h5><h5>Axe th\u00e9matique 7 : Intelligence artificielle, philosophie, \u00e9thique et responsabilit\u00e9<\/h5><ul><li>Biais algorithmique et discrimination<\/li><li>Avenir de l\u2019humanit\u00e9, impacts environnementaux<\/li><li>Propri\u00e9t\u00e9, gouvernance et protection de la confidentialit\u00e9 des donn\u00e9es<\/li><li>Collecte et traitement des donn\u00e9es personnelles<\/li><li>Autonomie des d\u00e9cisions et responsabilit\u00e9<\/li><\/ul><h5>\u00a0<\/h5><h5>Axe th\u00e9matique 8 : Intelligence artificielle, enseignement et recherche<\/h5><ul><li>Automatisation de la r\u00e9daction et de l\u2019analyse de donn\u00e9es<\/li><li>Optimisation des processus de recherche<\/li><li>V\u00e9rification des r\u00e9sultats scientifiques et \u00e9valuation des publications acad\u00e9miques<\/li><li>P\u00e9dagogie et contr\u00f4le des connaissances<\/li><\/ul><h5>\u00a0<\/h5><h5>Axe th\u00e9matique 9 : Intelligence artificielle, droit et r\u00e9gulation internationale<\/h5><ul><li>Responsabilit\u00e9 en cas de dommages caus\u00e9s<\/li><li>Transparence des algorithmes<\/li><li>Gouvernance de l\u2019IA<\/li><li>Respect de la vie priv\u00e9e et des droits de l\u2019homme<\/li><li>Droit d\u2019auteur<\/li><\/ul><h5>\u00a0<\/h5><h5>Axe th\u00e9matique 10 : Intelligence artificielle et finance<\/h5><ul><li>D\u00e9tection des fraudes<\/li><li>Conseils en investissements<\/li><li>Biais dans les d\u00e9cisions financi\u00e8res<\/li><li>Cryptomonnaie<\/li><\/ul><h5>\u00a0<\/h5><h5><strong>Axe th\u00e9matique 11 : Intelligence artificielle et sant\u00e9 <\/strong><\/h5><ul><li>Diagnostic assist\u00e9 par l\u2019IA et m\u00e9decine personnalis\u00e9e<\/li><li>Suivi pr\u00e9dictif des maladies chroniques gr\u00e2ce aux donn\u00e9es de sant\u00e9<\/li><li>Gestion des syst\u00e8mes de sant\u00e9 et optimisation des parcours de soin<\/li><li>Ethique et utilisation de l\u2019IA en sant\u00e9<\/li><\/ul><h6><em><strong>Le comit\u00e9 scientifique privil\u00e9giera les communications (en fran\u00e7ais et en anglais) \u00e0 contenu empirique et portant sur les diff\u00e9rents contextes africains.<\/strong><\/em><\/h6>\"}},{\"@type\":\"Question\",\"name\":\"R\u00e9f\u00e9rences\",\"acceptedAnswer\":{\"@type\":\"Answer\",\"text\":\"<p>Arena L., Oriol N. et Veryzhenko I. (2018). \u201cToo fast, too furious? Trading algorithmique<\/p><p>et instabilit\u00e9 des march\u00e9s financiers\u201d, Syst\u00e8mes d\u2019Information &amp; Management, vol. 23, p. 81- 106.<\/p><p>Asimov I. (2001). Les Robots, \u00c9ditions J\u2019ai lu, Paris.<\/p><p>Battaler C. &amp; Harris J. (2016), \u201cTurning Artificial Intelligence into Business Value. To-day\u201d, Accenture.<\/p><p>Benavent C. (2016). \u00ab Big Data, algorithmes et marketing : rendre des comptes \u00bb, Statistique et Soci\u00e9t\u00e9, vol. 4, no 3, p. 25-35.<\/p><p>Bhaumik A. (2018). From AI to Robotics: Mobile, Social and Sentient Robots, CRC Press, Boca Raton, Florida, USA.<\/p><p>Broussard M. (2018), Artificial Unintelligence: How Computers Misunderstand the World, MIT Press.<\/p><p>Cazzaniga and others. 2024. \u201cGen-AI: Artificial Intelligence and the Future of Work.\u201d IMF Staff Discussion Note SDN2024\/001, International Monetary Fund, Washington, DC.<\/p><p>CESE (2024) Impacts de l'IA: risques et opportunit\u00e9s pour l'environnement, sept.<\/p><p>Demir, F. (2022). Artificial Intelligence. In: Innovation in the Public Sector. Public Administration and Information Technology, vol 39. Springer, Cham. https:\/\/doi.org\/10.1007\/978-3-031-11331-4_4<\/p><p>Davenport, T., Guha, A., Grewal, D. et al. (2020) How artificial intelligence will change the future of marketing. Journal of the Academy of Marketing Science, Vol. 48, pp. 24\u201342. https:\/\/doi.org\/10.1007\/s11747-019-00696-0<\/p><p>Enholm, I.M., Papagiannidis, E., Mikalef, P. et al. (2022) Artificial Intelligence and Business Value: a Literature Review. <em>Information Systems Frontiers<\/em>, Vol. 24, pp. 1709\u201317<\/p><p>Kretschmer T. &amp; Khashabi P. (2020), \u201cDigital Transformation and Organization Design. An Integrated\u00a0\u00a0\u00a0\u00a0\u00a0\u00a0\u00a0\u00a0\u00a0\u00a0\u00a0\u00a0\u00a0\u00a0\u00a0 Approach\u201d,\u00a0\u00a0\u00a0\u00a0\u00a0\u00a0\u00a0\u00a0\u00a0\u00a0\u00a0\u00a0\u00a0\u00a0\u00a0\u00a0 California\u00a0\u00a0\u00a0\u00a0\u00a0\u00a0\u00a0\u00a0\u00a0\u00a0\u00a0\u00a0\u00a0\u00a0\u00a0\u00a0 Management\u00a0\u00a0\u00a0\u00a0\u00a0\u00a0\u00a0\u00a0\u00a0\u00a0\u00a0\u00a0\u00a0\u00a0\u00a0\u00a0 Review, <a href=\\\"http:\/\/dx.doi.org\/10.2139\/ssrn.343733434\\\">http:\/\/dx.doi.org\/10.2139\/ssrn.343733434.<\/a> <a href=\\\"https:\/\/doi.org\/10.1007\/s10796-021-10186-w\\\"><strong>https:\/\/doi.org\/10.1007\/s10796-021-10186-w<\/strong><\/a><\/p><p>Lacroux, A. et Martin-Lacroux C. (2021). L\u2019Intelligence artificielle au service de la lutte contre les discriminations dans le recrutement: nouvelles promesses et nouveaux risques. Management Avenir, 2(122), 121-142.<\/p><p>Perrault R., Shoham Y., Brynjolfsson E. et al. (2019), \u201cArtificial Intelligence Index 2019 Annual Report,\u201d Human-Centered Artificial Intelligence Institute, Stanford, California: Stanford University, December.<\/p><p>Rock D. (2019), \u201cEngineering Value: The Returns to Technological Talent and Investments in Artificial Intelligence,\u201d unpublished working paper, MIT Sloan School of Management, Cambridge, Massachusetts, May.<\/p><p>Sadin E. (2023) La vie spectrale: penser l'\u00e8re du m\u00e9tavers et de l'IA g\u00e9n\u00e9rative, Grasset.<\/p><p>Sousa, M.J., de Barros, G.O., Tavares, N. (2022). Artificial Intelligence Trends: Insights for Digital Economy Policymakers. In: Guarda, T., Anwar, S., Leon, M., Mota Pinto, F.J. (eds) Information and Knowledge in Internet of Things. EAI\/Springer Innovations in Communication and Computing. Springer, Cham. <a href=\\\"https:\/\/doi.org\/10.1007\/978-3-030-75123-4_8\\\"><strong>https:\/\/doi.org\/10.1007\/978-3-030-75123-4_8<\/strong><\/a><\/p><p>Tambe P. (2014), \u201cBig Data Investment, Skills, and Firm Value,\u201d <em>Management Science<\/em>, Vol. 60(6), pp. 1452-1469.<\/p><p>Trottier M et al (2024) \u00c9tendue et enjeux de l'IA dans les emplois professionnels AdMachina,8,1, p178-199<\/p>\"}},{\"@type\":\"Question\",\"name\":\"Calendrier pr\u00e9visionnel\",\"acceptedAnswer\":{\"@type\":\"Answer\",\"text\":\"<p><strong>Date limite de soumission le 8 septembre 2025<\/strong><\/p><p><strong>Date de communication de la d\u00e9cision finale aux auteurs : 29 septembre 2025<\/strong><\/p><p>Le comit\u00e9 scientifique communiquera la d\u00e9cision finale aux auteurs.<\/p><p>Les contributions les plus significatives retenues par le comit\u00e9 scientifique feront l\u2019objet d\u2019un accompagnement en vue d\u2019une publication dans un ouvrage collectif.<\/p>\"}},{\"@type\":\"Question\",\"name\":\"Conditions de soumission\",\"acceptedAnswer\":{\"@type\":\"Answer\",\"text\":\"<p><strong>Les propositions de communications sont \u00e0 envoyer \u00e0 l\u2019adresse suivante : <\/strong><a href=\\\"mailto:colloque4@u-auben.com\\\"><strong>colloque4@u-auben.com<\/strong><\/a> <strong>avec copie \u00e0 <\/strong>: <a href=\\\"mailto:idrissa.ouedraogo@u-auben.com\\\"><strong>idrissa.ouedraogo@u-auben.com<\/strong><\/a> <strong>et <\/strong><a href=\\\"mailto:aime.metchebon@u-auben.com\\\"><strong>aime.metchebon@u-auben.com<\/strong><\/a><\/p><p><strong>\u00a0<\/strong><\/p><p><strong>\u00a0<\/strong><strong>Proc\u00e9dure de soumission :<\/strong><\/p><p><strong>\u00a0<\/strong><\/p><p>Les auteurs sont invit\u00e9s \u00e0 soumettre une proposition sous format Word en Fran\u00e7ais ou en Anglais.<\/p><ul><li>Un r\u00e9sum\u00e9 \u00e9tendu (1500 mots maximum)<\/li><li>Un article complet : Ne d\u00e9passant pas 15<\/li><\/ul><p><strong>Toutes les propositions doivent \u00eatre r\u00e9dig\u00e9es selon le format suivant :<\/strong><\/p><ul><li>Format A4<\/li><li>Marges (sup\u00e9rieure, inf\u00e9rieure, gauche, droite) de 2,5cm<\/li><li>Police : Times New Roman (12 points), interligne 1,5 et justifi\u00e9.<\/li><\/ul><p><strong>\u00a0<\/strong><\/p><p>Elles doivent \u00e9galement comprendre une page de pr\u00e9sentation. Celle-ci n\u2019est pas compt\u00e9e dans le nombre de pages maximal. Elle comporte :<\/p><ul><li>Le titre de l\u2019article (Times New Roman 16 gras).<\/li><li>Le(s) nom(s) de(s) auteur(s) (Times New Roman 12 gras).<\/li><li>Les affiliations et adresses (Times New Roman 12).<\/li><li>L\u2019adresse \u00e9lectronique (Times New Roman 12).<\/li><li>Un r\u00e9sum\u00e9 \u00e0 interligne simple d'environ 250 mots, contenant un maximum de cinq mots cl\u00e9s (Times New Roman 12).<\/li><li>Les tableaux et figures doivent \u00eatre int\u00e9gr\u00e9s dans le texte avec un<\/li><li>Les notes n\u00e9cessaires seront mises en bas de<\/li><li>\u00c0 la suite de l'article, on fera successivement appara\u00eetre :<ul><li>Les r\u00e9f\u00e9rences bibliographiques, par ordre alphab\u00e9tique des auteurs<\/li><li>Les annexes.<\/li><\/ul><\/li><\/ul>\"}},{\"@type\":\"Question\",\"name\":\"Modalit\u00e9s d\u2019inscription\",\"acceptedAnswer\":{\"@type\":\"Answer\",\"text\":\"<p><strong>Mode pr\u00e9sentiel<\/strong><\/p><p>Les frais d\u2019inscription couvrent : la documentation, les pauses caf\u00e9, trois d\u00e9jeuners.<\/p><ul><li>Enseignants chercheurs et professionnels : XX CFA\u00a0 (YY Euro)<\/li><li>Doctorants : XX1 CFA\u00a0 (YY1 Euro)<\/li><\/ul><p><strong>Mode virtuel<\/strong><\/p><p>Les frais d\u2019inscription couvrent : la documentation, les pauses caf\u00e9, trois d\u00e9jeuners.<\/p><ul><li>Enseignants chercheurs et professionnels : XX2 CFA\u00a0 (YY2 Euro)<\/li><li>Doctorants : XX3 CFA (YY2 Euro)<\/li><\/ul><p><strong>Les dates du colloque :<\/strong><\/p><ul><li>29-31 octobre 2025<\/li><\/ul><p>Pour toutes les communications retenues, l\u2019inscription au colloque et le paiement des frais d'inscription sont indispensables pour que les communications figurent dans le programme du colloque. En cas de participation en mode distanciel, seules les communications inscrites au programme du colloque seront autoris\u00e9es \u00e0 pr\u00e9senter.<\/p><p>Le programme d\u00e9taill\u00e9 vous sera envoy\u00e9 ult\u00e9rieurement.<\/p>\"}},{\"@type\":\"Question\",\"name\":\"Comit\u00e9 d\u2019organisation\",\"acceptedAnswer\":{\"@type\":\"Answer\",\"text\":\"<p><strong>Comit\u00e9 d'Organisation<\/strong><\/p><table><tbody><tr><td><p>Idrissa Ouedraogo<\/p><\/td><td><p>Universit\u00e9 Aube Nouvelle<\/p><\/td><\/tr><tr><td><p>St\u00e9phane Aim\u00e9 Metchebon Takougang<\/p><\/td><td><p>Universit\u00e9 Aube Nouvelle<\/p><\/td><\/tr><tr><td><p>\u00c9variste Dakour\u00e9<\/p><\/td><td><p>Universit\u00e9 Aube Nouvelle<\/p><\/td><\/tr><tr><td><p>Yves Livian<\/p><\/td><td><p>Universit\u00e9 de Lyon 3<\/p><\/td><\/tr><tr><td><p>Yvon Pesqueux<\/p><\/td><td><p>CNAM-Paris<\/p><\/td><\/tr><tr><td><p>Marc Bidan<\/p><\/td><td><p>Universit\u00e9 de Nantes<\/p><\/td><\/tr><tr><td><p>Jean-Michel Plane<\/p><\/td><td><p>Universit\u00e9 de Montpellier 3<\/p><\/td><\/tr><tr><td><p>Alidou Ouedraogo<\/p><\/td><td><p>Universit\u00e9 de Moncton<\/p><\/td><\/tr><\/tbody><\/table><p><strong>Pr\u00e9sident du comit\u00e9 scientifique<\/strong><\/p><table><tbody><tr><td><p>Oumarou Si\u00e9<\/p><\/td><td><p>Universit\u00e9 Aube Nouvelle<\/p><\/td><\/tr><\/tbody><\/table><p><strong>Co-pr\u00e9sidents du comit\u00e9 scientifique<\/strong><\/p><table><tbody><tr><td><p>Yves Livian<\/p><\/td><td><p>Universit\u00e9 de Lyon 3<\/p><\/td><\/tr><tr><td><p>Yvon Pesqueux<\/p><\/td><td><p>CNAM Paris<\/p><\/td><\/tr><tr><td><p>Marc Bidan<\/p><\/td><td><p>Universit\u00e9 de Nantes<\/p><\/td><\/tr><\/tbody><\/table><p><strong>Comit\u00e9 scientifique<\/strong><\/p><table><tbody><tr><td><p>Yves Livian<\/p><\/td><td><p>Universit\u00e9 de Lyon 3<\/p><\/td><\/tr><tr><td><p>Yvon Pesqueux<\/p><\/td><td><p>CNAM-Paris<\/p><\/td><\/tr><tr><td><p>Marc Bidan<\/p><\/td><td><p>Universit\u00e9 de Nantes<\/p><\/td><\/tr><tr><td><p>Jean-Michel Plane<\/p><\/td><td><p>Universit\u00e9 de Montpellier 3<\/p><\/td><\/tr><tr><td><p>Alidou Ouedraogo<\/p><\/td><td><p>Universit\u00e9 de Moncton<\/p><\/td><\/tr><tr><td><p>Birahim Gueye<\/p><\/td><td><p>Universit\u00e9 Gaston Berger<\/p><\/td><\/tr><tr><td><p>Fatou Diop\/Sall<\/p><\/td><td><p>Universit\u00e9 Cheick Anta-Diop<\/p><\/td><\/tr><tr><td><p>Idrissa Ouedraogo<\/p><\/td><td><p>Universit\u00e9 Aube Nouvelle<\/p><\/td><\/tr><tr><td><p>Emmanuel Hounkou<\/p><\/td><td><p>Universit\u00e9 d\u2019Abomey-Calavi<\/p><\/td><\/tr><tr><td><p>Gilles Marcoux<\/p><\/td><td><p>Universit\u00e9 de Moncton<\/p><\/td><\/tr><tr><td><p>Moskolai Doumagay Donatienne<\/p><\/td><td><p>Universit\u00e9 de Ngaoundere<\/p><\/td><\/tr><tr><td><p>Mbenda Sabine Patricia Moungou<\/p><\/td><td><p>Universit\u00e9 de Yaound\u00e9 2<\/p><\/td><\/tr><tr><td><p>Bachir Mazouz<\/p><\/td><td><p>ENAP Montr\u00e9al<\/p><\/td><\/tr><tr><td><p>Jacob Atangana-Abe<\/p><\/td><td><p>Universit\u00e9 de Saint-Boniface<\/p><\/td><\/tr><tr><td><p>Yan Cimon<\/p><\/td><td><p>Universit\u00e9 Laval<\/p><\/td><\/tr><tr><td><p>H\u00e9l\u00e8ne Delerue<\/p><\/td><td><p>Universit\u00e9 du Qu\u00e9bec \u00e0 Montr\u00e9al<\/p><\/td><\/tr><tr><td><p>Dominique Kabr\u00e9<\/p><\/td><td><p>Universit\u00e9 Thomas Sankara<\/p><\/td><\/tr><tr><td><p>Madi Koanda<\/p><\/td><td><p>Universit\u00e9 Thomas Sankara<\/p><\/td><\/tr><tr><td><p>Yaya Traor\u00e9<\/p><\/td><td><p>Universit\u00e9 Joseph Ki Zerbo<\/p><\/td><\/tr><tr><td><p>Bisyand\u00e9 Tegawend\u00e9<\/p><\/td><td><p>Universit\u00e9 Joseph Ki Zerbo<\/p><\/td><\/tr><tr><td><p>Oumarou Si\u00e9<\/p><\/td><td><p>Universit\u00e9 Aube Nouvelle<\/p><\/td><\/tr><tr><td><p>Alain Mille<\/p><\/td><td><p>Universit\u00e9 Lyon<\/p><\/td><\/tr><tr><td><p>St\u00e9phane Aim\u00e9 Metchebon Takougang<\/p><\/td><td><p>Universit\u00e9 Aube Nouvelle<\/p><\/td><\/tr><tr><td><p>Samuel Yonkeu<\/p><\/td><td><p>Universit\u00e9 Aube Nouvelle<\/p><\/td><\/tr><tr><td><p>Claude Codja<\/p><\/td><td><p>Universit\u00e9 du Qu\u00e9bec \u00e0 Montr\u00e9al<\/p><\/td><\/tr><tr><td><p>Sergio Jancsak<\/p><\/td><td><p>Universit\u00e9 Western Ontario<\/p><\/td><\/tr><tr><td><p>Emmanuel Raufflet<\/p><\/td><td><p>HEC Montr\u00e9al<\/p><\/td><\/tr><tr><td><p>Chantal Mailhot<\/p><\/td><td><p>HEC Montr\u00e9al<\/p><\/td><\/tr><tr><td><p>Kadia Georges Aka<\/p><\/td><td><p>Universit\u00e9 de Moncton<\/p><\/td><\/tr><tr><td><p>C\u00e9line Legrand<\/p><\/td><td><p>Audencia Nantes<\/p><\/td><\/tr><tr><td><p>Ika Lavagnon<\/p><\/td><td><p>Universit\u00e9 d\u2019Ottawa<\/p><\/td><\/tr><tr><td><p>\u00c9ric Michael Laviolette<\/p><\/td><td><p>Toulouse Business School (TBS)<\/p><\/td><\/tr><\/tbody><\/table>\"}}]}<\/script>\n                            <\/div>\n    <\/div>\t\t\t\t<\/div>\n\t\t\t\t<\/div>\n\t\t\t\t<\/div>\n\t\t\t\t<\/div>\n\t\t","protected":false},"excerpt":{"rendered":"<p>APPEL A COMMUNICATION 4\u00e8 Colloque International de l&#8217;Universit\u00e9 Aube Nouvelle Colloque 4 Intelligence artificielle et d\u00e9veloppement en Afrique : enjeux, opportunit\u00e9s et menaces Du 29 au 31 octobre 2025 Contexte et objectifs Axes th\u00e9matiques R\u00e9f\u00e9rences Calendrier pr\u00e9visionnel Conditions de soumission Modalit\u00e9s d\u2019inscription Comit\u00e9 d\u2019organisation L\u2019intelligence artificielle domine et fascine le monde entier. Certains y voient [&hellip;]<\/p>\n","protected":false},"author":1,"featured_media":0,"parent":0,"menu_order":0,"comment_status":"closed","ping_status":"closed","template":"","meta":{"pagelayer_contact_templates":[],"_pagelayer_content":"","footnotes":""},"class_list":["post-2413","page","type-page","status-publish","hentry"],"_links":{"self":[{"href":"https:\/\/u-auben.com\/colloques\/wp-json\/wp\/v2\/pages\/2413","targetHints":{"allow":["GET"]}}],"collection":[{"href":"https:\/\/u-auben.com\/colloques\/wp-json\/wp\/v2\/pages"}],"about":[{"href":"https:\/\/u-auben.com\/colloques\/wp-json\/wp\/v2\/types\/page"}],"author":[{"embeddable":true,"href":"https:\/\/u-auben.com\/colloques\/wp-json\/wp\/v2\/users\/1"}],"replies":[{"embeddable":true,"href":"https:\/\/u-auben.com\/colloques\/wp-json\/wp\/v2\/comments?post=2413"}],"version-history":[{"count":59,"href":"https:\/\/u-auben.com\/colloques\/wp-json\/wp\/v2\/pages\/2413\/revisions"}],"predecessor-version":[{"id":2587,"href":"https:\/\/u-auben.com\/colloques\/wp-json\/wp\/v2\/pages\/2413\/revisions\/2587"}],"wp:attachment":[{"href":"https:\/\/u-auben.com\/colloques\/wp-json\/wp\/v2\/media?parent=2413"}],"curies":[{"name":"wp","href":"https:\/\/api.w.org\/{rel}","templated":true}]}}